{"id":72,"date":"2025-09-11T18:22:32","date_gmt":"2025-09-11T18:22:32","guid":{"rendered":"https:\/\/avilaspaces.com\/?page_id=72"},"modified":"2026-03-02T14:11:05","modified_gmt":"2026-03-02T14:11:05","slug":"events","status":"publish","type":"page","link":"https:\/\/avilaspaces.com\/en\/events\/","title":{"rendered":"Events and Networking"},"content":{"rendered":"\t\t<div data-elementor-type=\"wp-page\" data-elementor-id=\"72\" class=\"elementor elementor-72\" data-elementor-post-type=\"page\">\n\t\t\t\t<div class=\"elementor-element elementor-element-4cc9b72 e-flex e-con-boxed e-con e-parent\" data-id=\"4cc9b72\" data-element_type=\"container\" data-e-type=\"container\" data-settings=\"{&quot;background_background&quot;:&quot;classic&quot;}\">\n\t\t\t\t\t<div class=\"e-con-inner\">\n\t\t<div class=\"elementor-element elementor-element-9516851 e-con-full e-flex e-con e-child\" data-id=\"9516851\" data-element_type=\"container\" data-e-type=\"container\">\n\t\t\t\t<div class=\"elementor-element elementor-element-8c4a88a elementor-widget__width-initial elementor-widget-laptop__width-initial elementor-widget elementor-widget-heading\" data-id=\"8c4a88a\" data-element_type=\"widget\" data-e-type=\"widget\" data-widget_type=\"heading.default\">\n\t\t\t\t\t<h1 class=\"elementor-heading-title elementor-size-default\">Events<\/h1>\t\t\t\t<\/div>\n\t\t\t\t<div class=\"elementor-element elementor-element-808f932 elementor-widget__width-initial elementor-widget-laptop__width-initial elementor-widget elementor-widget-text-editor\" data-id=\"808f932\" data-element_type=\"widget\" data-e-type=\"widget\" data-widget_type=\"text-editor.default\">\n\t\t\t\t\t\t\t\t\t<p><span style=\"font-weight: 400;\">We organize regular community events\u2014from weekly happy hours and meditation sessions to community lunches and seasonal gatherings\u2014bringing members together across our Lisbon locations to connect, recharge, and network.<\/span><\/p>\t\t\t\t\t\t\t\t<\/div>\n\t\t\t\t<\/div>\n\t\t\t\t\t<\/div>\n\t\t\t\t<\/div>\n\t\t<div class=\"elementor-element elementor-element-4528dc4 e-flex e-con-boxed e-con e-parent\" data-id=\"4528dc4\" data-element_type=\"container\" data-e-type=\"container\">\n\t\t\t\t\t<div class=\"e-con-inner\">\n\t\t<div class=\"elementor-element elementor-element-fce9806 e-con-full e-flex e-con e-child\" data-id=\"fce9806\" data-element_type=\"container\" data-e-type=\"container\">\n\t\t\t\t<div class=\"elementor-element elementor-element-3f8a611 elementor-widget elementor-widget-heading\" data-id=\"3f8a611\" data-element_type=\"widget\" data-e-type=\"widget\" data-widget_type=\"heading.default\">\n\t\t\t\t\t<h2 class=\"elementor-heading-title elementor-size-default\">upcoming events<\/h2>\t\t\t\t<\/div>\n\t\t\t\t<div class=\"elementor-element elementor-element-3919d21 elementor-widget elementor-widget-shortcode\" data-id=\"3919d21\" data-element_type=\"widget\" data-e-type=\"widget\" data-widget_type=\"shortcode.default\">\n\t\t\t\t\t\t\t<div class=\"elementor-shortcode\"><div class=\"avila-events-all\"><div class=\"events-section\"><div class=\"avila-events-list events-section future-events\"><a href=\"https:\/\/avilaspaces.com\/en\/events\/monday-brunch-may\" class=\"avila-event-item\"><div class=\"event-date\">4.05<\/div><div class=\"event-content\"><div class=\"event-title\">Monday Brunch - May<\/div><div class=\"event-location\">Parque das Na\u00e7\u00f5es<\/div><\/div><\/a><a href=\"https:\/\/avilaspaces.com\/en\/events\/meditation-session-may\" class=\"avila-event-item\"><div class=\"event-date\">5.05<\/div><div class=\"event-content\"><div class=\"event-title\">Meditation Session - May<\/div><div class=\"event-location\">Atrium Saldanha<\/div><\/div><\/a><a href=\"https:\/\/avilaspaces.com\/en\/events\/meditation-session-may\" class=\"avila-event-item\"><div class=\"event-date\">6.05<\/div><div class=\"event-content\"><div class=\"event-title\">Meditation Session - May<\/div><div class=\"event-location\">Parque das Na\u00e7\u00f5es<\/div><\/div><\/a><a href=\"https:\/\/avilaspaces.com\/en\/events\/community-lunch\" class=\"avila-event-item\"><div class=\"event-date\">7.05<\/div><div class=\"event-content\"><div class=\"event-title\">Community Lunch<\/div><div class=\"event-location\">Atrium Saldanha<\/div><\/div><\/a><a href=\"https:\/\/avilaspaces.com\/en\/events\/monday-brunch-may\" class=\"avila-event-item\"><div class=\"event-date\">11.05<\/div><div class=\"event-content\"><div class=\"event-title\">Monday Brunch - May<\/div><div class=\"event-location\">Atrium Saldanha<\/div><\/div><\/a><a href=\"https:\/\/avilaspaces.com\/en\/events\/meditation-session-may\" class=\"avila-event-item\"><div class=\"event-date\">12.05<\/div><div class=\"event-content\"><div class=\"event-title\">Meditation Session - May<\/div><div class=\"event-location\">Atrium Saldanha<\/div><\/div><\/a><a href=\"https:\/\/avilaspaces.com\/en\/events\/meditation-session-may\" class=\"avila-event-item\"><div class=\"event-date\">13.05<\/div><div class=\"event-content\"><div class=\"event-title\">Meditation Session - May<\/div><div class=\"event-location\">Parque das Na\u00e7\u00f5es<\/div><\/div><\/a><a href=\"https:\/\/avilaspaces.com\/en\/events\/special-dinner-at-gin-lovers\" class=\"avila-event-item\"><div class=\"event-date\">14.05<\/div><div class=\"event-content\"><div class=\"event-title\">Special Dinner at Gin Lovers<\/div><div class=\"event-location\">Atrium Saldanha<\/div><\/div><\/a><a href=\"https:\/\/avilaspaces.com\/en\/events\/monday-brunch-may\" class=\"avila-event-item\"><div class=\"event-date\">18.05<\/div><div class=\"event-content\"><div class=\"event-title\">Monday Brunch - May<\/div><div class=\"event-location\">Avenida da Rep\u00fablica<\/div><\/div><\/a><a href=\"https:\/\/avilaspaces.com\/en\/events\/meditation-session-may\" class=\"avila-event-item\"><div class=\"event-date\">19.05<\/div><div class=\"event-content\"><div class=\"event-title\">Meditation Session - May<\/div><div class=\"event-location\">Atrium Saldanha<\/div><\/div><\/a><a href=\"https:\/\/avilaspaces.com\/en\/events\/meditation-session-may\" class=\"avila-event-item\"><div class=\"event-date\">20.05<\/div><div class=\"event-content\"><div class=\"event-title\">Meditation Session - May<\/div><div class=\"event-location\">Parque das Na\u00e7\u00f5es<\/div><\/div><\/a><a href=\"https:\/\/avilaspaces.com\/en\/events\/happy-hour-may\" class=\"avila-event-item\"><div class=\"event-date\">21.05<\/div><div class=\"event-content\"><div class=\"event-title\">Happy Hour - May<\/div><div class=\"event-location\">Parque das Na\u00e7\u00f5es<\/div><\/div><\/a><a href=\"https:\/\/avilaspaces.com\/en\/events\/workshop-hire-an-agent-for-your-business\" class=\"avila-event-item\"><div class=\"event-date\">21.05<\/div><div class=\"event-content\"><div class=\"event-title\">Workshop: Hire an agent  for your business<\/div><div class=\"event-location\">Atrium Saldanha<\/div><\/div><\/a><a href=\"https:\/\/avilaspaces.com\/en\/events\/monday-brunch-may\" class=\"avila-event-item\"><div class=\"event-date\">25.05<\/div><div class=\"event-content\"><div class=\"event-title\">Monday Brunch - May<\/div><div class=\"event-location\">Parque das Na\u00e7\u00f5es<\/div><\/div><\/a><a href=\"https:\/\/avilaspaces.com\/en\/events\/meditation-session-may\" class=\"avila-event-item\"><div class=\"event-date\">26.05<\/div><div class=\"event-content\"><div class=\"event-title\">Meditation Session - May<\/div><div class=\"event-location\">Atrium Saldanha<\/div><\/div><\/a><a href=\"https:\/\/avilaspaces.com\/en\/events\/meditation-session-may\" class=\"avila-event-item\"><div class=\"event-date\">27.05<\/div><div class=\"event-content\"><div class=\"event-title\">Meditation Session - May<\/div><div class=\"event-location\">Parque das Na\u00e7\u00f5es<\/div><\/div><\/a><a href=\"https:\/\/avilaspaces.com\/en\/events\/avila-remote-weekend-at-fundao\" class=\"avila-event-item\"><div class=\"event-date\">28.05<\/div><div class=\"event-content\"><div class=\"event-title\">Avila Remote Week(end) at Fund\u00e3o<\/div><div class=\"event-location\">Parque das Na\u00e7\u00f5es<\/div><\/div><\/a><a href=\"https:\/\/avilaspaces.com\/en\/events\/happy-hour-may\" class=\"avila-event-item\"><div class=\"event-date\">28.05<\/div><div class=\"event-content\"><div class=\"event-title\">Happy Hour - May<\/div><div class=\"event-location\">Atrium Saldanha<\/div><\/div><\/a><a href=\"https:\/\/avilaspaces.com\/en\/events\/monday-brunch-june\" class=\"avila-event-item\"><div class=\"event-date\">1.06<\/div><div class=\"event-content\"><div class=\"event-title\">Monday Brunch - June<\/div><div class=\"event-location\">Atrium Saldanha<\/div><\/div><\/a><a href=\"https:\/\/avilaspaces.com\/en\/events\/meditation-session-june\" class=\"avila-event-item\"><div class=\"event-date\">2.06<\/div><div class=\"event-content\"><div class=\"event-title\">Meditation Session - June<\/div><div class=\"event-location\">Atrium Saldanha<\/div><\/div><\/a><a href=\"https:\/\/avilaspaces.com\/en\/events\/meditation-session-june\" class=\"avila-event-item\"><div class=\"event-date\">3.06<\/div><div class=\"event-content\"><div class=\"event-title\">Meditation Session - June<\/div><div class=\"event-location\">Parque das Na\u00e7\u00f5es<\/div><\/div><\/a><a href=\"https:\/\/avilaspaces.com\/en\/events\/monday-brunch-june\" class=\"avila-event-item\"><div class=\"event-date\">8.06<\/div><div class=\"event-content\"><div class=\"event-title\">Monday Brunch - June<\/div><div class=\"event-location\">Avenida da Rep\u00fablica<\/div><\/div><\/a><a href=\"https:\/\/avilaspaces.com\/en\/events\/meditation-session-june\" class=\"avila-event-item\"><div class=\"event-date\">9.06<\/div><div class=\"event-content\"><div class=\"event-title\">Meditation Session - June<\/div><div class=\"event-location\">Atrium Saldanha<\/div><\/div><\/a><a href=\"https:\/\/avilaspaces.com\/en\/events\/meditation-session-june\" class=\"avila-event-item\"><div class=\"event-date\">10.06<\/div><div class=\"event-content\"><div class=\"event-title\">Meditation Session - June<\/div><div class=\"event-location\">Parque das Na\u00e7\u00f5es<\/div><\/div><\/a><a href=\"https:\/\/avilaspaces.com\/en\/events\/happy-hour-june\" class=\"avila-event-item\"><div class=\"event-date\">11.06<\/div><div class=\"event-content\"><div class=\"event-title\">Happy Hour - June<\/div><div class=\"event-location\">Parque das Na\u00e7\u00f5es<\/div><\/div><\/a><a href=\"https:\/\/avilaspaces.com\/en\/events\/monday-brunch-june\" class=\"avila-event-item\"><div class=\"event-date\">15.06<\/div><div class=\"event-content\"><div class=\"event-title\">Monday Brunch - June<\/div><div class=\"event-location\">Parque das Na\u00e7\u00f5es<\/div><\/div><\/a><a href=\"https:\/\/avilaspaces.com\/en\/events\/meditation-session-june\" class=\"avila-event-item\"><div class=\"event-date\">16.06<\/div><div class=\"event-content\"><div class=\"event-title\">Meditation Session - June<\/div><div class=\"event-location\">Atrium Saldanha<\/div><\/div><\/a><a href=\"https:\/\/avilaspaces.com\/en\/events\/meditation-session-june\" class=\"avila-event-item\"><div class=\"event-date\">17.06<\/div><div class=\"event-content\"><div class=\"event-title\">Meditation Session - June<\/div><div class=\"event-location\">Parque das Na\u00e7\u00f5es<\/div><\/div><\/a><a href=\"https:\/\/avilaspaces.com\/en\/events\/happy-hour-june\" class=\"avila-event-item\"><div class=\"event-date\">18.06<\/div><div class=\"event-content\"><div class=\"event-title\">Happy Hour - June<\/div><div class=\"event-location\">Atrium Saldanha<\/div><\/div><\/a><a href=\"https:\/\/avilaspaces.com\/en\/events\/monday-brunch-june\" class=\"avila-event-item\"><div class=\"event-date\">22.06<\/div><div class=\"event-content\"><div class=\"event-title\">Monday Brunch - June<\/div><div class=\"event-location\">Atrium Saldanha<\/div><\/div><\/a><a href=\"https:\/\/avilaspaces.com\/en\/events\/meditation-session-june\" class=\"avila-event-item\"><div class=\"event-date\">23.06<\/div><div class=\"event-content\"><div class=\"event-title\">Meditation Session - June<\/div><div class=\"event-location\">Atrium Saldanha<\/div><\/div><\/a><a href=\"https:\/\/avilaspaces.com\/en\/events\/meditation-session-june\" class=\"avila-event-item\"><div class=\"event-date\">24.06<\/div><div class=\"event-content\"><div class=\"event-title\">Meditation Session - June<\/div><div class=\"event-location\">Parque das Na\u00e7\u00f5es<\/div><\/div><\/a><a href=\"https:\/\/avilaspaces.com\/en\/events\/happy-hour-june\" class=\"avila-event-item\"><div class=\"event-date\">25.06<\/div><div class=\"event-content\"><div class=\"event-title\">Happy Hour - June<\/div><div class=\"event-location\">Parque das Na\u00e7\u00f5es<\/div><\/div><\/a><a href=\"https:\/\/avilaspaces.com\/en\/events\/monday-brunch-june\" class=\"avila-event-item\"><div class=\"event-date\">29.06<\/div><div class=\"event-content\"><div class=\"event-title\">Monday Brunch - June<\/div><div class=\"event-location\">Avenida da Rep\u00fablica<\/div><\/div><\/a><a href=\"https:\/\/avilaspaces.com\/en\/events\/meditation-session-june\" class=\"avila-event-item\"><div class=\"event-date\">30.06<\/div><div class=\"event-content\"><div class=\"event-title\">Meditation Session - June<\/div><div class=\"event-location\">Atrium Saldanha<\/div><\/div><\/a><a href=\"https:\/\/avilaspaces.com\/en\/events\/meditation-session-july\" class=\"avila-event-item\"><div class=\"event-date\">1.07<\/div><div class=\"event-content\"><div class=\"event-title\">Meditation Session - July<\/div><div class=\"event-location\">Parque das Na\u00e7\u00f5es<\/div><\/div><\/a><a href=\"https:\/\/avilaspaces.com\/en\/events\/happy-hour-july\" class=\"avila-event-item\"><div class=\"event-date\">2.07<\/div><div class=\"event-content\"><div class=\"event-title\">Happy Hour - July<\/div><div class=\"event-location\">Atrium Saldanha<\/div><\/div><\/a><a href=\"https:\/\/avilaspaces.com\/en\/events\/monday-brunch-july\" class=\"avila-event-item\"><div class=\"event-date\">6.07<\/div><div class=\"event-content\"><div class=\"event-title\">Monday Brunch - July<\/div><div class=\"event-location\">Parque das Na\u00e7\u00f5es<\/div><\/div><\/a><a href=\"https:\/\/avilaspaces.com\/en\/events\/meditation-session-july\" class=\"avila-event-item\"><div class=\"event-date\">8.07<\/div><div class=\"event-content\"><div class=\"event-title\">Meditation Session - July<\/div><div class=\"event-location\">Parque das Na\u00e7\u00f5es<\/div><\/div><\/a><a href=\"https:\/\/avilaspaces.com\/en\/events\/happy-hour-july\" class=\"avila-event-item\"><div class=\"event-date\">9.07<\/div><div class=\"event-content\"><div class=\"event-title\">Happy Hour - July<\/div><div class=\"event-location\">Parque das Na\u00e7\u00f5es<\/div><\/div><\/a><a href=\"https:\/\/avilaspaces.com\/en\/events\/monday-brunch-july\" class=\"avila-event-item\"><div class=\"event-date\">13.07<\/div><div class=\"event-content\"><div class=\"event-title\">Monday Brunch - July<\/div><div class=\"event-location\">Atrium Saldanha<\/div><\/div><\/a><a href=\"https:\/\/avilaspaces.com\/en\/events\/meditation-session-july\" class=\"avila-event-item\"><div class=\"event-date\">14.07<\/div><div class=\"event-content\"><div class=\"event-title\">Meditation Session - July<\/div><div class=\"event-location\">Atrium Saldanha<\/div><\/div><\/a><a href=\"https:\/\/avilaspaces.com\/en\/events\/meditation-session-july\" class=\"avila-event-item\"><div class=\"event-date\">15.07<\/div><div class=\"event-content\"><div class=\"event-title\">Meditation Session - July<\/div><div class=\"event-location\">Parque das Na\u00e7\u00f5es<\/div><\/div><\/a><a href=\"https:\/\/avilaspaces.com\/en\/events\/happy-hour-july\" class=\"avila-event-item\"><div class=\"event-date\">16.07<\/div><div class=\"event-content\"><div class=\"event-title\">Happy Hour - July<\/div><div class=\"event-location\">Atrium Saldanha<\/div><\/div><\/a><a href=\"https:\/\/avilaspaces.com\/en\/events\/monday-brunch-july\" class=\"avila-event-item\"><div class=\"event-date\">20.07<\/div><div class=\"event-content\"><div class=\"event-title\">Monday Brunch - July<\/div><div class=\"event-location\">Avenida da Rep\u00fablica<\/div><\/div><\/a><a href=\"https:\/\/avilaspaces.com\/en\/events\/meditation-session-july\" class=\"avila-event-item\"><div class=\"event-date\">21.07<\/div><div class=\"event-content\"><div class=\"event-title\">Meditation Session - July<\/div><div class=\"event-location\">Atrium Saldanha<\/div><\/div><\/a><a href=\"https:\/\/avilaspaces.com\/en\/events\/meditation-session-july\" class=\"avila-event-item\"><div class=\"event-date\">22.07<\/div><div class=\"event-content\"><div class=\"event-title\">Meditation Session - July<\/div><div class=\"event-location\">Parque das Na\u00e7\u00f5es<\/div><\/div><\/a><a href=\"https:\/\/avilaspaces.com\/en\/events\/happy-hour-july\" class=\"avila-event-item\"><div class=\"event-date\">23.07<\/div><div class=\"event-content\"><div class=\"event-title\">Happy Hour - July<\/div><div class=\"event-location\">Parque das Na\u00e7\u00f5es<\/div><\/div><\/a><a href=\"https:\/\/avilaspaces.com\/en\/events\/monday-brunch-july\" class=\"avila-event-item\"><div class=\"event-date\">27.07<\/div><div class=\"event-content\"><div class=\"event-title\">Monday Brunch - July<\/div><div class=\"event-location\">Parque das Na\u00e7\u00f5es<\/div><\/div><\/a><a href=\"https:\/\/avilaspaces.com\/en\/events\/meditation-session-july\" class=\"avila-event-item\"><div class=\"event-date\">28.07<\/div><div class=\"event-content\"><div class=\"event-title\">Meditation Session - July<\/div><div class=\"event-location\">Atrium Saldanha<\/div><\/div><\/a><a href=\"https:\/\/avilaspaces.com\/en\/events\/meditation-session-july\" class=\"avila-event-item\"><div class=\"event-date\">29.07<\/div><div class=\"event-content\"><div class=\"event-title\">Meditation Session - July<\/div><div class=\"event-location\">Parque das Na\u00e7\u00f5es<\/div><\/div><\/a><a href=\"https:\/\/avilaspaces.com\/en\/events\/happy-hour-july\" class=\"avila-event-item\"><div class=\"event-date\">30.07<\/div><div class=\"event-content\"><div class=\"event-title\">Happy Hour - July<\/div><div class=\"event-location\">Atrium Saldanha<\/div><\/div><\/a><\/div><\/div><div class=\"events-section\"><h2 class=\"section-title\">Past Events<\/h2><div class=\"avila-events-list  past-events\"><div class=\"avila-event-item past-event\"><div class=\"event-date\">12.02<\/div><div class=\"event-content\"><div class=\"event-title\">Happy Hour - February<\/div><div class=\"event-location\">Parque das Na\u00e7\u00f5es<\/div><\/div><\/div><div class=\"avila-event-item past-event\"><div class=\"event-date\">16.02<\/div><div class=\"event-content\"><div class=\"event-title\">Monday Brunch - February<\/div><div class=\"event-location\">Atrium Saldanha<\/div><\/div><\/div><div class=\"avila-event-item past-event\"><div class=\"event-date\">17.02<\/div><div class=\"event-content\"><div class=\"event-title\">Meditation Session - February<\/div><div class=\"event-location\">Atrium Saldanha<\/div><\/div><\/div><div class=\"avila-event-item past-event\"><div class=\"event-date\">18.02<\/div><div class=\"event-content\"><div class=\"event-title\">Meditation Session - February<\/div><div class=\"event-location\">Parque das Na\u00e7\u00f5es<\/div><\/div><\/div><div class=\"avila-event-item past-event\"><div class=\"event-date\">19.02<\/div><div class=\"event-content\"><div class=\"event-title\">Avila Folia - Carnaval do Avila<\/div><div class=\"event-location\">Atrium Saldanha<\/div><\/div><\/div><div class=\"avila-event-item past-event\"><div class=\"event-date\">23.02<\/div><div class=\"event-content\"><div class=\"event-title\">Monday Brunch - February<\/div><div class=\"event-location\">Avenida da Rep\u00fablica<\/div><\/div><\/div><div class=\"avila-event-item past-event\"><div class=\"event-date\">24.02<\/div><div class=\"event-content\"><div class=\"event-title\">Community Lunch - Thai Food<\/div><div class=\"event-location\">Parque das Na\u00e7\u00f5es<\/div><\/div><\/div><div class=\"avila-event-item past-event\"><div class=\"event-date\">24.02<\/div><div class=\"event-content\"><div class=\"event-title\">Meditation Session - February<\/div><div class=\"event-location\">Atrium Saldanha<\/div><\/div><\/div><div class=\"avila-event-item past-event\"><div class=\"event-date\">25.02<\/div><div class=\"event-content\"><div class=\"event-title\">Meditation Session - February<\/div><div class=\"event-location\">Parque das Na\u00e7\u00f5es<\/div><\/div><\/div><div class=\"avila-event-item past-event\"><div class=\"event-date\">26.02<\/div><div class=\"event-content\"><div class=\"event-title\">Happy Hour - February<\/div><div class=\"event-location\">Parque das Na\u00e7\u00f5es<\/div><\/div><\/div><div class=\"avila-event-item past-event\"><div class=\"event-date\">2.03<\/div><div class=\"event-content\"><div class=\"event-title\">IA na Pr\u00e1tica | Forma\u00e7\u00e3o Solid\u00e1ria com Jo\u00e3o Pico<\/div><div class=\"event-location\">Atrium Saldanha<\/div><\/div><\/div><div class=\"avila-event-item past-event\"><div class=\"event-date\">2.03<\/div><div class=\"event-content\"><div class=\"event-title\">Monday Brunch - March<\/div><div class=\"event-location\">Parque das Na\u00e7\u00f5es<\/div><\/div><\/div><div class=\"avila-event-item past-event\"><div class=\"event-date\">3.03<\/div><div class=\"event-content\"><div class=\"event-title\">Meditation Session - March<\/div><div class=\"event-location\">Atrium Saldanha<\/div><\/div><\/div><div class=\"avila-event-item past-event\"><div class=\"event-date\">4.03<\/div><div class=\"event-content\"><div class=\"event-title\">Meditation Session - March<\/div><div class=\"event-location\">Parque das Na\u00e7\u00f5es<\/div><\/div><\/div><div class=\"avila-event-item past-event\"><div class=\"event-date\">5.03<\/div><div class=\"event-content\"><div class=\"event-title\">Happy Hour - March<\/div><div class=\"event-location\">Atrium Saldanha<\/div><\/div><\/div><div class=\"avila-event-item past-event\"><div class=\"event-date\">9.03<\/div><div class=\"event-content\"><div class=\"event-title\">Monday Brunch - March<\/div><div class=\"event-location\">Atrium Saldanha<\/div><\/div><\/div><div class=\"avila-event-item past-event\"><div class=\"event-date\">10.03<\/div><div class=\"event-content\"><div class=\"event-title\">Meditation Session - March<\/div><div class=\"event-location\">Atrium Saldanha<\/div><\/div><\/div><div class=\"avila-event-item past-event\"><div class=\"event-date\">11.03<\/div><div class=\"event-content\"><div class=\"event-title\">Meditation Session - March<\/div><div class=\"event-location\">Parque das Na\u00e7\u00f5es<\/div><\/div><\/div><div class=\"avila-event-item past-event\"><div class=\"event-date\">12.03<\/div><div class=\"event-content\"><div class=\"event-title\">Happy Hour - March<\/div><div class=\"event-location\">Parque das Na\u00e7\u00f5es<\/div><\/div><\/div><div class=\"avila-event-item past-event\"><div class=\"event-date\">16.03<\/div><div class=\"event-content\"><div class=\"event-title\">Monday Brunch - March<\/div><div class=\"event-location\">Avenida da Rep\u00fablica<\/div><\/div><\/div><div class=\"avila-event-item past-event\"><div class=\"event-date\">17.03<\/div><div class=\"event-content\"><div class=\"event-title\">Meditation Session - March<\/div><div class=\"event-location\">Atrium Saldanha<\/div><\/div><\/div><div class=\"avila-event-item past-event\"><div class=\"event-date\">18.03<\/div><div class=\"event-content\"><div class=\"event-title\">Meditation Session - March<\/div><div class=\"event-location\">Parque das Na\u00e7\u00f5es<\/div><\/div><\/div><div class=\"avila-event-item past-event\"><div class=\"event-date\">19.03<\/div><div class=\"event-content\"><div class=\"event-title\">Happy Hour - March<\/div><div class=\"event-location\">Atrium Saldanha<\/div><\/div><\/div><div class=\"avila-event-item past-event\"><div class=\"event-date\">23.03<\/div><div class=\"event-content\"><div class=\"event-title\">Monday Brunch - March<\/div><div class=\"event-location\">Parque das Na\u00e7\u00f5es<\/div><\/div><\/div><div class=\"avila-event-item past-event\"><div class=\"event-date\">24.03<\/div><div class=\"event-content\"><div class=\"event-title\">Meditation Session - March<\/div><div class=\"event-location\">Atrium Saldanha<\/div><\/div><\/div><div class=\"avila-event-item past-event\"><div class=\"event-date\">25.03<\/div><div class=\"event-content\"><div class=\"event-title\">Meditation Session - March<\/div><div class=\"event-location\">Parque das Na\u00e7\u00f5es<\/div><\/div><\/div><div class=\"avila-event-item past-event\"><div class=\"event-date\">26.03<\/div><div class=\"event-content\"><div class=\"event-title\">Happy Hour - March<\/div><div class=\"event-location\">Parque das Na\u00e7\u00f5es<\/div><\/div><\/div><div class=\"avila-event-item past-event\"><div class=\"event-date\">30.03<\/div><div class=\"event-content\"><div class=\"event-title\">Monday Brunch - March<\/div><div class=\"event-location\">Atrium Saldanha<\/div><\/div><\/div><div class=\"avila-event-item past-event\"><div class=\"event-date\">31.03<\/div><div class=\"event-content\"><div class=\"event-title\">Meditation Session - March<\/div><div class=\"event-location\">Atrium Saldanha<\/div><\/div><\/div><div class=\"avila-event-item past-event\"><div class=\"event-date\">1.04<\/div><div class=\"event-content\"><div class=\"event-title\">Meditation Session - April<\/div><div class=\"event-location\">Parque das Na\u00e7\u00f5es<\/div><\/div><\/div><div class=\"avila-event-item past-event\"><div class=\"event-date\">2.04<\/div><div class=\"event-content\"><div class=\"event-title\">Happy Hour - April<\/div><div class=\"event-location\">Atrium Saldanha<\/div><\/div><\/div><div class=\"avila-event-item past-event\"><div class=\"event-date\">6.04<\/div><div class=\"event-content\"><div class=\"event-title\">Monday Brunch - April<\/div><div class=\"event-location\">Avenida da Rep\u00fablica<\/div><\/div><\/div><div class=\"avila-event-item past-event\"><div class=\"event-date\">7.04<\/div><div class=\"event-content\"><div class=\"event-title\">Meditation Session - April<\/div><div class=\"event-location\">Atrium Saldanha<\/div><\/div><\/div><div class=\"avila-event-item past-event\"><div class=\"event-date\">8.04<\/div><div class=\"event-content\"><div class=\"event-title\">Meditation Session - April<\/div><div class=\"event-location\">Parque das Na\u00e7\u00f5es<\/div><\/div><\/div><div class=\"avila-event-item past-event\"><div class=\"event-date\">9.04<\/div><div class=\"event-content\"><div class=\"event-title\">Happy Hour - April<\/div><div class=\"event-location\">Parque das Na\u00e7\u00f5es<\/div><\/div><\/div><div class=\"avila-event-item past-event\"><div class=\"event-date\">10.04<\/div><div class=\"event-content\"><div class=\"event-title\">Avila Sunset Golf at Jamor - V Edition<\/div><div class=\"event-location\">Atrium Saldanha<\/div><\/div><\/div><div class=\"avila-event-item past-event\"><div class=\"event-date\">13.04<\/div><div class=\"event-content\"><div class=\"event-title\">Monday Brunch - April<\/div><div class=\"event-location\">Parque das Na\u00e7\u00f5es<\/div><\/div><\/div><div class=\"avila-event-item past-event\"><div class=\"event-date\">14.04<\/div><div class=\"event-content\"><div class=\"event-title\">Meditation Session - April<\/div><div class=\"event-location\">Atrium Saldanha<\/div><\/div><\/div><div class=\"avila-event-item past-event\"><div class=\"event-date\">15.04<\/div><div class=\"event-content\"><div class=\"event-title\">Meditation Session - April<\/div><div class=\"event-location\">Parque das Na\u00e7\u00f5es<\/div><\/div><\/div><div class=\"avila-event-item past-event\"><div class=\"event-date\">16.04<\/div><div class=\"event-content\"><div class=\"event-title\">Happy Hour - April<\/div><div class=\"event-location\">Atrium Saldanha<\/div><\/div><\/div><div class=\"avila-event-item past-event\"><div class=\"event-date\">18.04<\/div><div class=\"event-content\"><div class=\"event-title\">Avila Grand Prix - Kart Racing<\/div><div class=\"event-location\">Atrium Saldanha<\/div><\/div><\/div><div class=\"avila-event-item past-event\"><div class=\"event-date\">20.04<\/div><div class=\"event-content\"><div class=\"event-title\">Monday Brunch - April<\/div><div class=\"event-location\">Atrium Saldanha<\/div><\/div><\/div><div class=\"avila-event-item past-event\"><div class=\"event-date\">22.04<\/div><div class=\"event-content\"><div class=\"event-title\">Meditation Session - April<\/div><div class=\"event-location\">Parque das Na\u00e7\u00f5es<\/div><\/div><\/div><div class=\"avila-event-item past-event\"><div class=\"event-date\">23.04<\/div><div class=\"event-content\"><div class=\"event-title\">Happy Hour - April<\/div><div class=\"event-location\">Parque das Na\u00e7\u00f5es<\/div><\/div><\/div><div class=\"avila-event-item past-event\"><div class=\"event-date\">24.04<\/div><div class=\"event-content\"><div class=\"event-title\">Avila Padel Match<\/div><div class=\"event-location\">Atrium Saldanha<\/div><\/div><\/div><div class=\"avila-event-item past-event\"><div class=\"event-date\">27.04<\/div><div class=\"event-content\"><div class=\"event-title\">Monday Brunch - April<\/div><div class=\"event-location\">Avenida da Rep\u00fablica<\/div><\/div><\/div><div class=\"avila-event-item past-event\"><div class=\"event-date\">28.04<\/div><div class=\"event-content\"><div class=\"event-title\">Meditation Session - April<\/div><div class=\"event-location\">Atrium Saldanha<\/div><\/div><\/div><div class=\"avila-event-item past-event\"><div class=\"event-date\">28.04<\/div><div class=\"event-content\"><div class=\"event-title\">How to become a Startup Investor in Lisbon | Avila Insight Talks<\/div><div class=\"event-location\">Atrium Saldanha<\/div><\/div><\/div><div class=\"avila-event-item past-event\"><div class=\"event-date\">29.04<\/div><div class=\"event-content\"><div class=\"event-title\">Meditation Session - April<\/div><div class=\"event-location\">Parque das Na\u00e7\u00f5es<\/div><\/div><\/div><div class=\"avila-event-item past-event\"><div class=\"event-date\">30.04<\/div><div class=\"event-content\"><div class=\"event-title\">Happy Hour - April<\/div><div class=\"event-location\">Atrium Saldanha<\/div><\/div><\/div><\/div><\/div><\/div><\/div>\n\t\t\t\t\t\t<\/div>\n\t\t\t\t<div class=\"elementor-element elementor-element-4bbbcb5 elementor-widget elementor-widget-shortcode\" data-id=\"4bbbcb5\" data-element_type=\"widget\" data-e-type=\"widget\" data-widget_type=\"shortcode.default\">\n\t\t\t\t\t\t\t<div class=\"elementor-shortcode\"><div id=\"avila-calendar-wrapper\">\t\t<div class=\"divGeralCalendario eventsCalendar\">\n\t\t\t<div class=\"mesEventos\">\n\t\t\t\t<div class=\"mes\">May 2026<\/div>\n\t\t\t\t<div class=\"paginacao-calendario\">\n\t\t\t\t\t<div class=\"anterior\">\n\t\t\t\t\t\t<a href=\"javascript:loadCalendar('2026','04','en');\">&lt;<\/a>\n\t\t\t\t\t<\/div>\n\t\t\t\t\t<div class=\"seguinte\">\n\t\t\t\t\t\t<a href=\"javascript:loadCalendar('2026','06','en');\">&gt;<\/a>\n\t\t\t\t\t<\/div>\n\t\t\t\t<\/div>\n\t\t\t<\/div>\n\n\t\t\t<div class=\"calendario\">\n\t\t\t\t<div>\n\t\t\t\t\t<ul class=\"calendar-row\">\n\t\t\t\t\t\t<li class=\"calendar-day-head\"><span class=\"desktop\">Sun<\/span><\/li><li class=\"calendar-day-head\"><span class=\"desktop\">Mon<\/span><\/li><li class=\"calendar-day-head\"><span class=\"desktop\">Tue<\/span><\/li><li class=\"calendar-day-head\"><span class=\"desktop\">Wed<\/span><\/li><li class=\"calendar-day-head\"><span class=\"desktop\">Thu<\/span><\/li><li class=\"calendar-day-head\"><span class=\"desktop\">Fri<\/span><\/li><li class=\"calendar-day-head\"><span class=\"desktop\">Sat<\/span><\/li>\t\t\t\t\t<\/ul>\n\t\t\t\t\t<ul class=\"calendar-row\">\n\t\t\t\t\t\t<li class=\"calendar-day-np\"><div class=\"day-number outOfRange\">26<\/div><\/li><li class=\"calendar-day-np\"><div class=\"day-number outOfRange\">27<\/div><\/li><li class=\"calendar-day-np\"><div class=\"day-number outOfRange\">28<\/div><\/li><li class=\"calendar-day-np\"><div class=\"day-number outOfRange\">29<\/div><\/li><li class=\"calendar-day-np\"><div class=\"day-number outOfRange\">30<\/div><\/li><li class=\"calendar-day past-day\"><div class=\"day-number past\">1<\/div><\/li><li class=\"calendar-day\"><div class=\"day-number\">2<\/div><\/li><\/ul><ul class=\"calendar-row\"><li class=\"calendar-day\"><div class=\"day-number\">3<\/div><\/li><li class=\"calendar-day hasEvents\"><div class=\"day-number\">4<\/div><a href=\"https:\/\/avilaspaces.com\/en\/events\/monday-brunch-may\" \n\t\t\t\t\t\t\t\t\t\t\t class=\"event-block\" \n\t\t\t\t\t\t\t\t\t\t\t style=\"height:100%; width:100%; background:#edf8f3\" \n\t\t\t\t\t\t\t\t\t\t\t title=\"Monday Brunch - May\"><div class=\"event-time\">10:00<\/div><div class=\"event-title\">Monday Brunch - May<\/div><\/a><\/li><li class=\"calendar-day hasEvents\"><div class=\"day-number\">5<\/div><a href=\"https:\/\/avilaspaces.com\/en\/events\/meditation-session-may\" \n\t\t\t\t\t\t\t\t\t\t\t class=\"event-block\" \n\t\t\t\t\t\t\t\t\t\t\t style=\"height:100%; width:100%; background:#FBA283\" \n\t\t\t\t\t\t\t\t\t\t\t title=\"Meditation Session - May\"><div class=\"event-time\">12:30<\/div><div class=\"event-title\">Meditation Session - May<\/div><\/a><\/li><li class=\"calendar-day hasEvents\"><div class=\"day-number\">6<\/div><a href=\"https:\/\/avilaspaces.com\/en\/events\/meditation-session-may\" \n\t\t\t\t\t\t\t\t\t\t\t class=\"event-block\" \n\t\t\t\t\t\t\t\t\t\t\t style=\"height:100%; width:100%; background:#edf8f3\" \n\t\t\t\t\t\t\t\t\t\t\t title=\"Meditation Session - May\"><div class=\"event-time\">12:30<\/div><div class=\"event-title\">Meditation Session - May<\/div><\/a><\/li><li class=\"calendar-day hasEvents\"><div class=\"day-number\">7<\/div><a href=\"https:\/\/avilaspaces.com\/en\/events\/community-lunch\" \n\t\t\t\t\t\t\t\t\t\t\t class=\"event-block\" \n\t\t\t\t\t\t\t\t\t\t\t style=\"height:100%; width:100%; background:#FBA283\" \n\t\t\t\t\t\t\t\t\t\t\t title=\"Community Lunch\"><div class=\"event-time\">11:30<\/div><div class=\"event-title\">Community Lunch<\/div><\/a><\/li><li class=\"calendar-day\"><div class=\"day-number\">8<\/div><\/li><li class=\"calendar-day\"><div class=\"day-number\">9<\/div><\/li><\/ul><ul class=\"calendar-row\"><li class=\"calendar-day\"><div class=\"day-number\">10<\/div><\/li><li class=\"calendar-day hasEvents\"><div class=\"day-number\">11<\/div><a href=\"https:\/\/avilaspaces.com\/en\/events\/monday-brunch-may\" \n\t\t\t\t\t\t\t\t\t\t\t class=\"event-block\" \n\t\t\t\t\t\t\t\t\t\t\t style=\"height:100%; width:100%; background:#FBA283\" \n\t\t\t\t\t\t\t\t\t\t\t title=\"Monday Brunch - May\"><div class=\"event-time\">10:00<\/div><div class=\"event-title\">Monday Brunch - May<\/div><\/a><\/li><li class=\"calendar-day hasEvents\"><div class=\"day-number\">12<\/div><a href=\"https:\/\/avilaspaces.com\/en\/events\/meditation-session-may\" \n\t\t\t\t\t\t\t\t\t\t\t class=\"event-block\" \n\t\t\t\t\t\t\t\t\t\t\t style=\"height:100%; width:100%; background:#FBA283\" \n\t\t\t\t\t\t\t\t\t\t\t title=\"Meditation Session - May\"><div class=\"event-time\">12:30<\/div><div class=\"event-title\">Meditation Session - May<\/div><\/a><\/li><li class=\"calendar-day hasEvents\"><div class=\"day-number\">13<\/div><a href=\"https:\/\/avilaspaces.com\/en\/events\/meditation-session-may\" \n\t\t\t\t\t\t\t\t\t\t\t class=\"event-block\" \n\t\t\t\t\t\t\t\t\t\t\t style=\"height:100%; width:100%; background:#edf8f3\" \n\t\t\t\t\t\t\t\t\t\t\t title=\"Meditation Session - May\"><div class=\"event-time\">12:30<\/div><div class=\"event-title\">Meditation Session - May<\/div><\/a><\/li><li class=\"calendar-day hasEvents\"><div class=\"day-number\">14<\/div><a href=\"https:\/\/avilaspaces.com\/en\/events\/special-dinner-at-gin-lovers\" \n\t\t\t\t\t\t\t\t\t\t\t class=\"event-block\" \n\t\t\t\t\t\t\t\t\t\t\t style=\"height:100%; width:100%; background:#FBA283\" \n\t\t\t\t\t\t\t\t\t\t\t title=\"Special Dinner at Gin Lovers\"><div class=\"event-time\">18:00<\/div><div class=\"event-title\">Special Dinner at Gin Lovers<\/div><\/a><\/li><li class=\"calendar-day\"><div class=\"day-number\">15<\/div><\/li><li class=\"calendar-day\"><div class=\"day-number\">16<\/div><\/li><\/ul><ul class=\"calendar-row\"><li class=\"calendar-day\"><div class=\"day-number\">17<\/div><\/li><li class=\"calendar-day hasEvents\"><div class=\"day-number\">18<\/div><a href=\"https:\/\/avilaspaces.com\/en\/events\/monday-brunch-may\" \n\t\t\t\t\t\t\t\t\t\t\t class=\"event-block\" \n\t\t\t\t\t\t\t\t\t\t\t style=\"height:100%; width:100%; background:#DF805F\" \n\t\t\t\t\t\t\t\t\t\t\t title=\"Monday Brunch - May\"><div class=\"event-time\">10:00<\/div><div class=\"event-title\">Monday Brunch - May<\/div><\/a><\/li><li class=\"calendar-day hasEvents\"><div class=\"day-number\">19<\/div><a href=\"https:\/\/avilaspaces.com\/en\/events\/meditation-session-may\" \n\t\t\t\t\t\t\t\t\t\t\t class=\"event-block\" \n\t\t\t\t\t\t\t\t\t\t\t style=\"height:100%; width:100%; background:#FBA283\" \n\t\t\t\t\t\t\t\t\t\t\t title=\"Meditation Session - May\"><div class=\"event-time\">12:30<\/div><div class=\"event-title\">Meditation Session - May<\/div><\/a><\/li><li class=\"calendar-day hasEvents\"><div class=\"day-number\">20<\/div><a href=\"https:\/\/avilaspaces.com\/en\/events\/meditation-session-may\" \n\t\t\t\t\t\t\t\t\t\t\t class=\"event-block\" \n\t\t\t\t\t\t\t\t\t\t\t style=\"height:100%; width:100%; background:#edf8f3\" \n\t\t\t\t\t\t\t\t\t\t\t title=\"Meditation Session - May\"><div class=\"event-time\">12:30<\/div><div class=\"event-title\">Meditation Session - May<\/div><\/a><\/li><li class=\"calendar-day hasEvents\"><div class=\"day-number\">21<\/div><a href=\"https:\/\/avilaspaces.com\/en\/events\/happy-hour-may\" \n\t\t\t\t\t\t\t\t\t\t\t class=\"event-block\" \n\t\t\t\t\t\t\t\t\t\t\t style=\"height:50%; width:100%; background:#edf8f3\" \n\t\t\t\t\t\t\t\t\t\t\t title=\"Happy Hour - May\"><div class=\"event-time\">16:00<\/div><div class=\"event-title\">Happy Hour - May<\/div><\/a><a href=\"https:\/\/avilaspaces.com\/en\/events\/workshop-hire-an-agent-for-your-business\" \n\t\t\t\t\t\t\t\t\t\t\t class=\"event-block\" \n\t\t\t\t\t\t\t\t\t\t\t style=\"height:50%; width:100%; background:#FBA283\" \n\t\t\t\t\t\t\t\t\t\t\t title=\"Workshop: Hire an agent  for your business\"><div class=\"event-time\">17:00<\/div><div class=\"event-title\">Workshop: Hire an agent  for your business<\/div><\/a><\/li><li class=\"calendar-day\"><div class=\"day-number\">22<\/div><\/li><li class=\"calendar-day\"><div class=\"day-number\">23<\/div><\/li><\/ul><ul class=\"calendar-row\"><li class=\"calendar-day\"><div class=\"day-number\">24<\/div><\/li><li class=\"calendar-day hasEvents\"><div class=\"day-number\">25<\/div><a href=\"https:\/\/avilaspaces.com\/en\/events\/monday-brunch-may\" \n\t\t\t\t\t\t\t\t\t\t\t class=\"event-block\" \n\t\t\t\t\t\t\t\t\t\t\t style=\"height:100%; width:100%; background:#edf8f3\" \n\t\t\t\t\t\t\t\t\t\t\t title=\"Monday Brunch - May\"><div class=\"event-time\">10:00<\/div><div class=\"event-title\">Monday Brunch - May<\/div><\/a><\/li><li class=\"calendar-day hasEvents\"><div class=\"day-number\">26<\/div><a href=\"https:\/\/avilaspaces.com\/en\/events\/meditation-session-may\" \n\t\t\t\t\t\t\t\t\t\t\t class=\"event-block\" \n\t\t\t\t\t\t\t\t\t\t\t style=\"height:100%; width:100%; background:#FBA283\" \n\t\t\t\t\t\t\t\t\t\t\t title=\"Meditation Session - May\"><div class=\"event-time\">12:30<\/div><div class=\"event-title\">Meditation Session - May<\/div><\/a><\/li><li class=\"calendar-day hasEvents\"><div class=\"day-number\">27<\/div><a href=\"https:\/\/avilaspaces.com\/en\/events\/meditation-session-may\" \n\t\t\t\t\t\t\t\t\t\t\t class=\"event-block\" \n\t\t\t\t\t\t\t\t\t\t\t style=\"height:100%; width:100%; background:#edf8f3\" \n\t\t\t\t\t\t\t\t\t\t\t title=\"Meditation Session - May\"><div class=\"event-time\">12:30<\/div><div class=\"event-title\">Meditation Session - May<\/div><\/a><\/li><li class=\"calendar-day hasEvents\"><div class=\"day-number\">28<\/div><a href=\"https:\/\/avilaspaces.com\/en\/events\/happy-hour-may\" \n\t\t\t\t\t\t\t\t\t\t\t class=\"event-block\" \n\t\t\t\t\t\t\t\t\t\t\t style=\"height:50%; width:100%; background:#FBA283\" \n\t\t\t\t\t\t\t\t\t\t\t title=\"Happy Hour - May\"><div class=\"event-time\">17:00<\/div><div class=\"event-title\">Happy Hour - May<\/div><\/a><a href=\"https:\/\/avilaspaces.com\/en\/events\/avila-remote-weekend-at-fundao\" \n\t\t\t\t\t\t\t\t\t\t\t class=\"event-block\" \n\t\t\t\t\t\t\t\t\t\t\t style=\"height:50%; width:100%; background:#edf8f3\" \n\t\t\t\t\t\t\t\t\t\t\t title=\"Avila Remote Week(end) at Fund\u00e3o\"><div class=\"event-time\">14:00<\/div><div class=\"event-title\">Avila Remote Week(end) at Fund\u00e3o<\/div><\/a><\/li><li class=\"calendar-day\"><div class=\"day-number\">29<\/div><\/li><li class=\"calendar-day\"><div class=\"day-number\">30<\/div><\/li><\/ul><ul class=\"calendar-row\"><li class=\"calendar-day\"><div class=\"day-number\">31<\/div><\/li><li class=\"calendar-day-np\"><div class=\"day-number outOfRange\">1<\/div><\/li><li class=\"calendar-day-np\"><div class=\"day-number outOfRange\">2<\/div><\/li><li class=\"calendar-day-np\"><div class=\"day-number outOfRange\">3<\/div><\/li><li class=\"calendar-day-np\"><div class=\"day-number outOfRange\">4<\/div><\/li><li class=\"calendar-day-np\"><div class=\"day-number outOfRange\">5<\/div><\/li><li class=\"calendar-day-np\"><div class=\"day-number outOfRange\">6<\/div><\/li>\t\t\t\t\t<\/ul>\n\t\t\t\t<\/div>\n\t\t\t<\/div>\n\t\t<\/div>\n\n\t\t<\/div><\/div>\n\t\t\t\t\t\t<\/div>\n\t\t\t\t<\/div>\n\t\t\t\t\t<\/div>\n\t\t\t\t<\/div>\n\t\t\t\t<\/div>\n\t\t","protected":false},"excerpt":{"rendered":"<p>Events We organize regular community events\u2014from weekly happy hours and meditation sessions to community lunches and seasonal gatherings\u2014bringing members together across our Lisbon locations to connect, recharge, and network. upcoming events<\/p>\n","protected":false},"author":1,"featured_media":0,"parent":0,"menu_order":0,"comment_status":"closed","ping_status":"closed","template":"elementor_theme","meta":{"_acf_changed":false,"inline_featured_image":false,"footnotes":""},"class_list":["post-72","page","type-page","status-publish","hentry"],"acf":[],"_links":{"self":[{"href":"https:\/\/avilaspaces.com\/en\/wp-json\/wp\/v2\/pages\/72","targetHints":{"allow":["GET"]}}],"collection":[{"href":"https:\/\/avilaspaces.com\/en\/wp-json\/wp\/v2\/pages"}],"about":[{"href":"https:\/\/avilaspaces.com\/en\/wp-json\/wp\/v2\/types\/page"}],"author":[{"embeddable":true,"href":"https:\/\/avilaspaces.com\/en\/wp-json\/wp\/v2\/users\/1"}],"replies":[{"embeddable":true,"href":"https:\/\/avilaspaces.com\/en\/wp-json\/wp\/v2\/comments?post=72"}],"version-history":[{"count":3,"href":"https:\/\/avilaspaces.com\/en\/wp-json\/wp\/v2\/pages\/72\/revisions"}],"predecessor-version":[{"id":10066,"href":"https:\/\/avilaspaces.com\/en\/wp-json\/wp\/v2\/pages\/72\/revisions\/10066"}],"wp:attachment":[{"href":"https:\/\/avilaspaces.com\/en\/wp-json\/wp\/v2\/media?parent=72"}],"curies":[{"name":"wp","href":"https:\/\/api.w.org\/{rel}","templated":true}]}}