{"id":453,"date":"2025-09-17T10:22:04","date_gmt":"2025-09-17T10:22:04","guid":{"rendered":"https:\/\/avilaspaces.com\/?post_type=services&#038;p=453"},"modified":"2026-03-23T12:24:59","modified_gmt":"2026-03-23T12:24:59","slug":"event-spaces-lisbon","status":"publish","type":"services","link":"https:\/\/avilaspaces.com\/en\/services\/event-spaces-lisbon\/","title":{"rendered":"Space for Events"},"content":{"rendered":"\t\t<div data-elementor-type=\"wp-post\" data-elementor-id=\"453\" class=\"elementor elementor-453\" data-elementor-post-type=\"services\">\n\t\t\t\t<div class=\"elementor-element elementor-element-257ac04 e-flex e-con-boxed e-con e-parent\" data-id=\"257ac04\" data-element_type=\"container\" data-e-type=\"container\" data-settings=\"{&quot;background_background&quot;:&quot;classic&quot;}\">\n\t\t\t\t\t<div class=\"e-con-inner\">\n\t\t<div class=\"elementor-element elementor-element-9b6cc4e e-con-full e-flex e-con e-child\" data-id=\"9b6cc4e\" data-element_type=\"container\" data-e-type=\"container\">\n\t\t\t\t<div class=\"elementor-element elementor-element-18aaed1 elementor-widget__width-inherit elementor-widget elementor-widget-heading\" data-id=\"18aaed1\" data-element_type=\"widget\" data-e-type=\"widget\" data-widget_type=\"heading.default\">\n\t\t\t\t\t<h5 class=\"elementor-heading-title elementor-size-default\">Spaces for Events\n<\/h5>\t\t\t\t<\/div>\n\t\t\t\t<div class=\"elementor-element elementor-element-36eb0d1 elementor-widget__width-initial elementor-widget-laptop__width-initial elementor-widget elementor-widget-heading\" data-id=\"36eb0d1\" data-element_type=\"widget\" data-e-type=\"widget\" data-widget_type=\"heading.default\">\n\t\t\t\t\t<h1 class=\"elementor-heading-title elementor-size-default\">Host your next event in the heart of Lisbon<\/h1>\t\t\t\t<\/div>\n\t\t\t\t<div class=\"elementor-element elementor-element-f108c8d elementor-widget__width-initial elementor-widget-laptop__width-initial elementor-widget elementor-widget-text-editor\" data-id=\"f108c8d\" data-element_type=\"widget\" data-e-type=\"widget\" data-widget_type=\"text-editor.default\">\n\t\t\t\t\t\t\t\t\t<p><span class=\"TextRun SCXW67141590 BCX0\" lang=\"EN-US\" xml:lang=\"EN-US\" data-contrast=\"auto\"><span class=\"NormalTextRun SCXW67141590 BCX0\">Bring your ideas to life in inspiring spaces in central Lisbon. Here\u00a0<\/span><span class=\"NormalTextRun SCXW67141590 BCX0\">you\u2019ll<\/span><span class=\"NormalTextRun SCXW67141590 BCX0\">\u00a0find auditoriums and versatile, naturally lit rooms for corporate events,\u00a0<\/span><span class=\"NormalTextRun SCXW67141590 BCX0\">workshops<\/span><span class=\"NormalTextRun SCXW67141590 BCX0\"> and training sessions &#8211; with the flexibility to fit every format. A turnkey service is available to help you create truly memorable professional experiences.<\/span><\/span><\/p>\t\t\t\t\t\t\t\t<\/div>\n\t\t\t\t<div class=\"elementor-element elementor-element-e85c6ee elementor-widget elementor-widget-button\" data-id=\"e85c6ee\" data-element_type=\"widget\" data-e-type=\"widget\" data-widget_type=\"button.default\">\n\t\t\t\t\t\t\t\t\t\t<a class=\"elementor-button elementor-button-link elementor-size-sm\" href=\"#contact-us\">\n\t\t\t\t\t\t<span class=\"elementor-button-content-wrapper\">\n\t\t\t\t\t\t\t\t\t<span class=\"elementor-button-text\">contact us<\/span>\n\t\t\t\t\t<\/span>\n\t\t\t\t\t<\/a>\n\t\t\t\t\t\t\t\t<\/div>\n\t\t\t\t<\/div>\n\t\t\t\t\t<\/div>\n\t\t\t\t<\/div>\n\t\t<div class=\"elementor-element elementor-element-9b43985 e-flex e-con-boxed e-con e-parent\" data-id=\"9b43985\" data-element_type=\"container\" data-e-type=\"container\">\n\t\t\t\t\t<div class=\"e-con-inner\">\n\t\t<div class=\"elementor-element elementor-element-719a795 e-con-full e-flex e-con e-child\" data-id=\"719a795\" data-element_type=\"container\" data-e-type=\"container\">\n\t\t\t\t<div class=\"elementor-element elementor-element-aed6a1d elementor-widget elementor-widget-heading\" data-id=\"aed6a1d\" data-element_type=\"widget\" data-e-type=\"widget\" data-widget_type=\"heading.default\">\n\t\t\t\t\t<h2 class=\"elementor-heading-title elementor-size-default\">Parque das Na\u00e7\u00f5es Auditorium<\/h2>\t\t\t\t<\/div>\n\t\t\t\t<div class=\"elementor-element elementor-element-90238b3 elementor-widget elementor-widget-text-editor\" data-id=\"90238b3\" data-element_type=\"widget\" data-e-type=\"widget\" data-widget_type=\"text-editor.default\">\n\t\t\t\t\t\t\t\t\t<p><span class=\"TextRun SCXW83081634 BCX0\" lang=\"EN-US\" xml:lang=\"EN-US\" data-contrast=\"auto\"><span class=\"NormalTextRun SCXW83081634 BCX0\">The Blue Ocean Auditorium is ideal for conferences, workshops,\u00a0<\/span><span class=\"NormalTextRun SCXW83081634 BCX0\">talks<\/span><span class=\"NormalTextRun SCXW83081634 BCX0\">\u00a0and networking events, in a welcoming setting with strong visual impact. Use of the stage, digital lectern, LED\u00a0<\/span><span class=\"NormalTextRun SCXW83081634 BCX0\">wall<\/span><span class=\"NormalTextRun SCXW83081634 BCX0\"> and a complete AV system is included, with an optional video-conferencing setup, plus participant reception. Multiple layouts are possible, depending on the event format and audience.<\/span><\/span><\/p>\t\t\t\t\t\t\t\t<\/div>\n\t\t\t\t<\/div>\n\t\t<div class=\"elementor-element elementor-element-7f40718 e-con-full e-grid e-con e-child\" data-id=\"7f40718\" data-element_type=\"container\" data-e-type=\"container\">\n\t\t\t\t<div class=\"elementor-element elementor-element-58334ce elementor-widget__width-inherit elementor-widget elementor-widget-image-box\" data-id=\"58334ce\" data-element_type=\"widget\" data-e-type=\"widget\" data-widget_type=\"image-box.default\">\n\t\t\t\t\t<div class=\"elementor-image-box-wrapper\"><div class=\"elementor-image-box-content\"><h6 class=\"elementor-image-box-title\">Maximum Capacity<\/h6><p class=\"elementor-image-box-description\">Capacity for 50 guests<\/p><\/div><\/div>\t\t\t\t<\/div>\n\t\t\t\t<div class=\"elementor-element elementor-element-feb7bbf elementor-widget__width-inherit elementor-widget elementor-widget-image-box\" data-id=\"feb7bbf\" data-element_type=\"widget\" data-e-type=\"widget\" data-widget_type=\"image-box.default\">\n\t\t\t\t\t<div class=\"elementor-image-box-wrapper\"><div class=\"elementor-image-box-content\"><h6 class=\"elementor-image-box-title\">Size<\/h6><p class=\"elementor-image-box-description\">73 m2<\/p><\/div><\/div>\t\t\t\t<\/div>\n\t\t\t\t<div class=\"elementor-element elementor-element-5d1184c elementor-widget__width-inherit elementor-widget elementor-widget-image-box\" data-id=\"5d1184c\" data-element_type=\"widget\" data-e-type=\"widget\" data-widget_type=\"image-box.default\">\n\t\t\t\t\t<div class=\"elementor-image-box-wrapper\"><div class=\"elementor-image-box-content\"><h6 class=\"elementor-image-box-title\">Venue Features<\/h6><p class=\"elementor-image-box-description\">Modern, elegant design<br>\nNatural daylight<br>\nMultiple audience layouts<br>\nComplete audiovisual system<br>\nCaf\u00e9 support and catering service <\/p><\/div><\/div>\t\t\t\t<\/div>\n\t\t\t\t<div class=\"elementor-element elementor-element-615aa23 elementor-widget__width-inherit elementor-widget elementor-widget-image-box\" data-id=\"615aa23\" data-element_type=\"widget\" data-e-type=\"widget\" data-widget_type=\"image-box.default\">\n\t\t\t\t\t<div class=\"elementor-image-box-wrapper\"><div class=\"elementor-image-box-content\"><h6 class=\"elementor-image-box-title\">Ideal For<\/h6><p class=\"elementor-image-box-description\">Conferences<br>\nWorkshops<br>\nTalks<br>\nNetworking events<br>\nTeam-building sessions<br><\/p><\/div><\/div>\t\t\t\t<\/div>\n\t\t\t\t<\/div>\n\t\t\t\t\t<\/div>\n\t\t\t\t<\/div>\n\t\t<div class=\"elementor-element elementor-element-b359c85 e-flex e-con-boxed e-con e-parent\" data-id=\"b359c85\" data-element_type=\"container\" data-e-type=\"container\">\n\t\t\t\t\t<div class=\"e-con-inner\">\n\t\t\t\t<div class=\"elementor-element elementor-element-3a3d0a0 carousel-gallery elementor-arrows-position-inside elementor-widget elementor-widget-image-carousel\" data-id=\"3a3d0a0\" data-element_type=\"widget\" data-e-type=\"widget\" data-settings=\"{&quot;slides_to_show&quot;:&quot;3&quot;,&quot;slides_to_scroll&quot;:&quot;1&quot;,&quot;navigation&quot;:&quot;arrows&quot;,&quot;image_spacing_custom&quot;:{&quot;unit&quot;:&quot;px&quot;,&quot;size&quot;:60,&quot;sizes&quot;:[]},&quot;speed&quot;:1000,&quot;slides_to_show_tablet&quot;:&quot;3&quot;,&quot;slides_to_show_mobile&quot;:&quot;3&quot;,&quot;image_spacing_custom_tablet&quot;:{&quot;unit&quot;:&quot;px&quot;,&quot;size&quot;:50,&quot;sizes&quot;:[]},&quot;image_spacing_custom_mobile&quot;:{&quot;unit&quot;:&quot;px&quot;,&quot;size&quot;:15,&quot;sizes&quot;:[]},&quot;image_spacing_custom_laptop&quot;:{&quot;unit&quot;:&quot;px&quot;,&quot;size&quot;:50,&quot;sizes&quot;:[]},&quot;lazyload&quot;:&quot;yes&quot;,&quot;autoplay&quot;:&quot;yes&quot;,&quot;pause_on_hover&quot;:&quot;yes&quot;,&quot;pause_on_interaction&quot;:&quot;yes&quot;,&quot;autoplay_speed&quot;:5000,&quot;infinite&quot;:&quot;yes&quot;}\" data-widget_type=\"image-carousel.default\">\n\t\t\t\t\t\t\t<div class=\"elementor-image-carousel-wrapper swiper\" role=\"region\" aria-roledescription=\"carousel\" aria-label=\"Carrossel de imagens\" dir=\"ltr\">\n\t\t\t<div class=\"elementor-image-carousel swiper-wrapper swiper-image-stretch\" aria-live=\"off\">\n\t\t\t\t\t\t\t\t<div class=\"swiper-slide\" role=\"group\" aria-roledescription=\"slide\" aria-label=\"1 of 7\"><figure class=\"swiper-slide-inner\"><img class=\"swiper-slide-image swiper-lazy\" data-src=\"https:\/\/avilaspaces.com\/wp-content\/uploads\/2026\/02\/240313_DSC_5317-1024x576.jpg\" alt=\"Auditorium. Parque das Na\u00e7\u00f5es\" \/><div class=\"swiper-lazy-preloader\"><\/div><figcaption class=\"elementor-image-carousel-caption\">Auditorium. Parque das Na\u00e7\u00f5es<\/figcaption><\/figure><\/div><div class=\"swiper-slide\" role=\"group\" aria-roledescription=\"slide\" aria-label=\"2 of 7\"><figure class=\"swiper-slide-inner\"><img class=\"swiper-slide-image swiper-lazy\" data-src=\"https:\/\/avilaspaces.com\/wp-content\/uploads\/2025\/09\/parque-das-nacoes-auditorium2-1024x682.jpg\" alt=\"Auditorium. Parque das Na\u00e7\u00f5es\" \/><div class=\"swiper-lazy-preloader\"><\/div><figcaption class=\"elementor-image-carousel-caption\">Auditorium. Parque das Na\u00e7\u00f5es<\/figcaption><\/figure><\/div><div class=\"swiper-slide\" role=\"group\" aria-roledescription=\"slide\" aria-label=\"3 of 7\"><figure class=\"swiper-slide-inner\"><img class=\"swiper-slide-image swiper-lazy\" data-src=\"https:\/\/avilaspaces.com\/wp-content\/uploads\/2026\/02\/Digitalks-1-3-1024x683.jpg\" alt=\"Auditorium. Parque das Na\u00e7\u00f5es\" \/><div class=\"swiper-lazy-preloader\"><\/div><figcaption class=\"elementor-image-carousel-caption\">Auditorium. Parque das Na\u00e7\u00f5es<\/figcaption><\/figure><\/div><div class=\"swiper-slide\" role=\"group\" aria-roledescription=\"slide\" aria-label=\"4 of 7\"><figure class=\"swiper-slide-inner\"><img class=\"swiper-slide-image swiper-lazy\" data-src=\"https:\/\/avilaspaces.com\/wp-content\/uploads\/2025\/09\/parque-das-nacoes-event-1024x681.jpg\" alt=\"Auditorium. Parque das Na\u00e7\u00f5es\" \/><div class=\"swiper-lazy-preloader\"><\/div><figcaption class=\"elementor-image-carousel-caption\">Auditorium. Parque das Na\u00e7\u00f5es<\/figcaption><\/figure><\/div><div class=\"swiper-slide\" role=\"group\" aria-roledescription=\"slide\" aria-label=\"5 of 7\"><figure class=\"swiper-slide-inner\"><img class=\"swiper-slide-image swiper-lazy\" data-src=\"https:\/\/avilaspaces.com\/wp-content\/uploads\/2026\/02\/240313_DSC_5125-1024x576.jpg\" alt=\"Auditorium. Parque das Na\u00e7\u00f5es\" \/><div class=\"swiper-lazy-preloader\"><\/div><figcaption class=\"elementor-image-carousel-caption\">Auditorium. Parque das Na\u00e7\u00f5es<\/figcaption><\/figure><\/div><div class=\"swiper-slide\" role=\"group\" aria-roledescription=\"slide\" aria-label=\"6 of 7\"><figure class=\"swiper-slide-inner\"><img class=\"swiper-slide-image swiper-lazy\" data-src=\"https:\/\/avilaspaces.com\/wp-content\/uploads\/2026\/02\/Auditorium03-1024x682.jpg\" alt=\"Auditorium. Parque das Na\u00e7\u00f5es\" \/><div class=\"swiper-lazy-preloader\"><\/div><figcaption class=\"elementor-image-carousel-caption\">Auditorium. Parque das Na\u00e7\u00f5es<\/figcaption><\/figure><\/div><div class=\"swiper-slide\" role=\"group\" aria-roledescription=\"slide\" aria-label=\"7 of 7\"><figure class=\"swiper-slide-inner\"><img class=\"swiper-slide-image swiper-lazy\" data-src=\"https:\/\/avilaspaces.com\/wp-content\/uploads\/2026\/02\/IMG_8715-1024x576.jpg\" alt=\"Auditorium. Parque das Na\u00e7\u00f5es\" \/><div class=\"swiper-lazy-preloader\"><\/div><figcaption class=\"elementor-image-carousel-caption\">Auditorium. Parque das Na\u00e7\u00f5es<\/figcaption><\/figure><\/div>\t\t\t<\/div>\n\t\t\t\t\t\t\t\t\t\t\t\t<div class=\"elementor-swiper-button elementor-swiper-button-prev\" role=\"button\" tabindex=\"0\">\n\t\t\t\t\t\t<svg xmlns=\"http:\/\/www.w3.org\/2000\/svg\" width=\"21\" height=\"20\" viewBox=\"0 0 21 20\" fill=\"none\"><path fill-rule=\"evenodd\" clip-rule=\"evenodd\" d=\"M3.32266 10L13.2869 20L14.7227 18.5603L6.13008 9.97728L14.6999 1.417L13.2869 0L3.32266 10Z\" fill=\"#111111\"><\/path><\/svg>\t\t\t\t\t<\/div>\n\t\t\t\t\t<div class=\"elementor-swiper-button elementor-swiper-button-next\" role=\"button\" tabindex=\"0\">\n\t\t\t\t\t\t<svg xmlns=\"http:\/\/www.w3.org\/2000\/svg\" width=\"21\" height=\"20\" viewBox=\"0 0 21 20\" fill=\"none\"><path fill-rule=\"evenodd\" clip-rule=\"evenodd\" d=\"M17.483 10L7.51876 20L6.08301 18.5603L14.6756 9.97728L6.10576 1.417L7.51876 0L17.483 10Z\" fill=\"#111111\"><\/path><\/svg>\t\t\t\t\t<\/div>\n\t\t\t\t\n\t\t\t\t\t\t\t\t\t<\/div>\n\t\t\t\t\t\t<\/div>\n\t\t\t\t\t<\/div>\n\t\t\t\t<\/div>\n\t\t<div class=\"elementor-element elementor-element-2c2bb3f e-flex e-con-boxed e-con e-parent\" data-id=\"2c2bb3f\" data-element_type=\"container\" data-e-type=\"container\" data-settings=\"{&quot;background_background&quot;:&quot;classic&quot;}\">\n\t\t\t\t\t<div class=\"e-con-inner\">\n\t\t<div class=\"elementor-element elementor-element-76a7b80 e-con-full e-flex e-con e-child\" data-id=\"76a7b80\" data-element_type=\"container\" data-e-type=\"container\">\n\t\t\t\t<div class=\"elementor-element elementor-element-8c66f5a elementor-widget elementor-widget-heading\" data-id=\"8c66f5a\" data-element_type=\"widget\" data-e-type=\"widget\" data-widget_type=\"heading.default\">\n\t\t\t\t\t<h2 class=\"elementor-heading-title elementor-size-default\">Atrium Saldanha Auditorium <\/h2>\t\t\t\t<\/div>\n\t\t\t\t<div class=\"elementor-element elementor-element-0dbbf1e elementor-widget elementor-widget-text-editor\" data-id=\"0dbbf1e\" data-element_type=\"widget\" data-e-type=\"widget\" data-widget_type=\"text-editor.default\">\n\t\t\t\t\t\t\t\t\t<p><span class=\"TextRun SCXW184827800 BCX0\" lang=\"EN-US\" xml:lang=\"EN-US\" data-contrast=\"auto\"><span class=\"NormalTextRun SCXW184827800 BCX0\">The Atrium Saldanha Auditorium is ideal for team-building sessions,\u00a0<\/span><span class=\"NormalTextRun SCXW184827800 BCX0\">workshops<\/span><span class=\"NormalTextRun SCXW184827800 BCX0\">\u00a0and talks, in a warm setting with\u00a0<\/span><span class=\"NormalTextRun SCXW184827800 BCX0\">a strong sense<\/span><span class=\"NormalTextRun SCXW184827800 BCX0\"> of proximity. Use includes a screen and a complete AV system, with optional video conferencing, plus participant reception.<\/span><\/span><\/p>\t\t\t\t\t\t\t\t<\/div>\n\t\t\t\t<\/div>\n\t\t<div class=\"elementor-element elementor-element-38f2a75 e-con-full e-grid e-con e-child\" data-id=\"38f2a75\" data-element_type=\"container\" data-e-type=\"container\">\n\t\t\t\t<div class=\"elementor-element elementor-element-abea495 elementor-widget__width-inherit elementor-widget elementor-widget-image-box\" data-id=\"abea495\" data-element_type=\"widget\" data-e-type=\"widget\" data-widget_type=\"image-box.default\">\n\t\t\t\t\t<div class=\"elementor-image-box-wrapper\"><div class=\"elementor-image-box-content\"><h6 class=\"elementor-image-box-title\">Maximum Capacity<\/h6><p class=\"elementor-image-box-description\">Capacity for 35 guests<\/p><\/div><\/div>\t\t\t\t<\/div>\n\t\t\t\t<div class=\"elementor-element elementor-element-fa6a9ad elementor-widget__width-inherit elementor-widget elementor-widget-image-box\" data-id=\"fa6a9ad\" data-element_type=\"widget\" data-e-type=\"widget\" data-widget_type=\"image-box.default\">\n\t\t\t\t\t<div class=\"elementor-image-box-wrapper\"><div class=\"elementor-image-box-content\"><h6 class=\"elementor-image-box-title\">Size<\/h6><p class=\"elementor-image-box-description\">30 m2<\/p><\/div><\/div>\t\t\t\t<\/div>\n\t\t\t\t<div class=\"elementor-element elementor-element-3adf8ad elementor-widget__width-inherit elementor-widget elementor-widget-image-box\" data-id=\"3adf8ad\" data-element_type=\"widget\" data-e-type=\"widget\" data-widget_type=\"image-box.default\">\n\t\t\t\t\t<div class=\"elementor-image-box-wrapper\"><div class=\"elementor-image-box-content\"><h6 class=\"elementor-image-box-title\">Venue Features<\/h6><p class=\"elementor-image-box-description\">Modern, elegant design <br>\nNatural daylight <br>\nComplete audiovisual system <br>\nCaf\u00e9 support and catering service <\/p><\/div><\/div>\t\t\t\t<\/div>\n\t\t\t\t<div class=\"elementor-element elementor-element-23ac99c elementor-widget__width-inherit elementor-widget elementor-widget-image-box\" data-id=\"23ac99c\" data-element_type=\"widget\" data-e-type=\"widget\" data-widget_type=\"image-box.default\">\n\t\t\t\t\t<div class=\"elementor-image-box-wrapper\"><div class=\"elementor-image-box-content\"><h6 class=\"elementor-image-box-title\">Ideal For<\/h6><p class=\"elementor-image-box-description\">Presentations <br>\nWorkshops <br>\nTalks <br>\nTeam-building sessions <br>\nNetworking events<\/p><\/div><\/div>\t\t\t\t<\/div>\n\t\t\t\t<\/div>\n\t\t\t\t\t<\/div>\n\t\t\t\t<\/div>\n\t\t<div class=\"elementor-element elementor-element-493cce3 e-flex e-con-boxed e-con e-parent\" data-id=\"493cce3\" data-element_type=\"container\" data-e-type=\"container\">\n\t\t\t\t\t<div class=\"e-con-inner\">\n\t\t\t\t<div class=\"elementor-element elementor-element-6037ccb carousel-gallery elementor-arrows-position-inside elementor-widget elementor-widget-image-carousel\" data-id=\"6037ccb\" data-element_type=\"widget\" data-e-type=\"widget\" data-settings=\"{&quot;slides_to_show&quot;:&quot;3&quot;,&quot;slides_to_scroll&quot;:&quot;1&quot;,&quot;navigation&quot;:&quot;arrows&quot;,&quot;image_spacing_custom&quot;:{&quot;unit&quot;:&quot;px&quot;,&quot;size&quot;:60,&quot;sizes&quot;:[]},&quot;speed&quot;:1000,&quot;slides_to_show_tablet&quot;:&quot;3&quot;,&quot;slides_to_show_mobile&quot;:&quot;3&quot;,&quot;image_spacing_custom_tablet&quot;:{&quot;unit&quot;:&quot;px&quot;,&quot;size&quot;:50,&quot;sizes&quot;:[]},&quot;image_spacing_custom_mobile&quot;:{&quot;unit&quot;:&quot;px&quot;,&quot;size&quot;:15,&quot;sizes&quot;:[]},&quot;image_spacing_custom_laptop&quot;:{&quot;unit&quot;:&quot;px&quot;,&quot;size&quot;:50,&quot;sizes&quot;:[]},&quot;autoplay&quot;:&quot;yes&quot;,&quot;pause_on_hover&quot;:&quot;yes&quot;,&quot;pause_on_interaction&quot;:&quot;yes&quot;,&quot;autoplay_speed&quot;:5000,&quot;infinite&quot;:&quot;yes&quot;}\" data-widget_type=\"image-carousel.default\">\n\t\t\t\t\t\t\t<div class=\"elementor-image-carousel-wrapper swiper\" role=\"region\" aria-roledescription=\"carousel\" aria-label=\"Carrossel de imagens\" dir=\"ltr\">\n\t\t\t<div class=\"elementor-image-carousel swiper-wrapper\" aria-live=\"off\">\n\t\t\t\t\t\t\t\t<div class=\"swiper-slide\" role=\"group\" aria-roledescription=\"slide\" aria-label=\"1 of 6\"><figure class=\"swiper-slide-inner\"><img decoding=\"async\" class=\"swiper-slide-image\" src=\"https:\/\/avilaspaces.com\/wp-content\/uploads\/2025\/09\/Avila-Spaces-auditoruim-parque-das-nacoes.jpg\" alt=\"Auditorium\" \/><figcaption class=\"elementor-image-carousel-caption\">Auditorium<\/figcaption><\/figure><\/div><div class=\"swiper-slide\" role=\"group\" aria-roledescription=\"slide\" aria-label=\"2 of 6\"><figure class=\"swiper-slide-inner\"><img decoding=\"async\" class=\"swiper-slide-image\" src=\"https:\/\/avilaspaces.com\/wp-content\/uploads\/2026\/02\/1716808559859.jpg\" alt=\"Auditorium. Atrium Saldanha\" \/><figcaption class=\"elementor-image-carousel-caption\">Auditorium. Atrium Saldanha<\/figcaption><\/figure><\/div><div class=\"swiper-slide\" role=\"group\" aria-roledescription=\"slide\" aria-label=\"3 of 6\"><figure class=\"swiper-slide-inner\"><img decoding=\"async\" class=\"swiper-slide-image\" src=\"https:\/\/avilaspaces.com\/wp-content\/uploads\/2026\/02\/Auditorium.jpg\" alt=\"Auditorium\" \/><figcaption class=\"elementor-image-carousel-caption\">Auditorium<\/figcaption><\/figure><\/div><div class=\"swiper-slide\" role=\"group\" aria-roledescription=\"slide\" aria-label=\"4 of 6\"><figure class=\"swiper-slide-inner\"><img decoding=\"async\" class=\"swiper-slide-image\" src=\"https:\/\/avilaspaces.com\/wp-content\/uploads\/2026\/02\/instasave.website_480881727_1063981792439867_8599862371922140056_n.jpg\" alt=\"Auditorium. Atrium Saldanha\" \/><figcaption class=\"elementor-image-carousel-caption\">Auditorium. Atrium Saldanha<\/figcaption><\/figure><\/div><div class=\"swiper-slide\" role=\"group\" aria-roledescription=\"slide\" aria-label=\"5 of 6\"><figure class=\"swiper-slide-inner\"><img decoding=\"async\" class=\"swiper-slide-image\" src=\"https:\/\/avilaspaces.com\/wp-content\/uploads\/2026\/02\/20220627_Avila-Spaces-low-res-for-web-043.jpg\" alt=\"Auditorium\" \/><figcaption class=\"elementor-image-carousel-caption\">Auditorium<\/figcaption><\/figure><\/div><div class=\"swiper-slide\" role=\"group\" aria-roledescription=\"slide\" aria-label=\"6 of 6\"><figure class=\"swiper-slide-inner\"><img decoding=\"async\" class=\"swiper-slide-image\" src=\"https:\/\/avilaspaces.com\/wp-content\/uploads\/2026\/02\/instasave.website_481269730_1063981789106534_8432383536151842002_n.jpg\" alt=\"Auditorium. Atrium Saldanha\" \/><figcaption class=\"elementor-image-carousel-caption\">Auditorium. Atrium Saldanha<\/figcaption><\/figure><\/div>\t\t\t<\/div>\n\t\t\t\t\t\t\t\t\t\t\t\t<div class=\"elementor-swiper-button elementor-swiper-button-prev\" role=\"button\" tabindex=\"0\">\n\t\t\t\t\t\t<svg xmlns=\"http:\/\/www.w3.org\/2000\/svg\" width=\"21\" height=\"20\" viewBox=\"0 0 21 20\" fill=\"none\"><path fill-rule=\"evenodd\" clip-rule=\"evenodd\" d=\"M3.32266 10L13.2869 20L14.7227 18.5603L6.13008 9.97728L14.6999 1.417L13.2869 0L3.32266 10Z\" fill=\"#111111\"><\/path><\/svg>\t\t\t\t\t<\/div>\n\t\t\t\t\t<div class=\"elementor-swiper-button elementor-swiper-button-next\" role=\"button\" tabindex=\"0\">\n\t\t\t\t\t\t<svg xmlns=\"http:\/\/www.w3.org\/2000\/svg\" width=\"21\" height=\"20\" viewBox=\"0 0 21 20\" fill=\"none\"><path fill-rule=\"evenodd\" clip-rule=\"evenodd\" d=\"M17.483 10L7.51876 20L6.08301 18.5603L14.6756 9.97728L6.10576 1.417L7.51876 0L17.483 10Z\" fill=\"#111111\"><\/path><\/svg>\t\t\t\t\t<\/div>\n\t\t\t\t\n\t\t\t\t\t\t\t\t\t<\/div>\n\t\t\t\t\t\t<\/div>\n\t\t\t\t\t<\/div>\n\t\t\t\t<\/div>\n\t\t<div class=\"elementor-element elementor-element-55a9927 e-flex e-con-boxed e-con e-parent\" data-id=\"55a9927\" data-element_type=\"container\" data-e-type=\"container\">\n\t\t\t\t\t<div class=\"e-con-inner\">\n\t\t<div class=\"elementor-element elementor-element-4876883 e-con-full e-flex e-con e-child\" data-id=\"4876883\" data-element_type=\"container\" data-e-type=\"container\">\n\t\t\t\t<div class=\"elementor-element elementor-element-4c30cca elementor-widget elementor-widget-heading\" data-id=\"4c30cca\" data-element_type=\"widget\" data-e-type=\"widget\" data-widget_type=\"heading.default\">\n\t\t\t\t\t<h2 class=\"elementor-heading-title elementor-size-default\">Meeting Rooms<\/h2>\t\t\t\t<\/div>\n\t\t\t\t<div class=\"elementor-element elementor-element-27cd584 elementor-widget elementor-widget-text-editor\" data-id=\"27cd584\" data-element_type=\"widget\" data-e-type=\"widget\" data-widget_type=\"text-editor.default\">\n\t\t\t\t\t\t\t\t\t<p>Multiple options offering maximum privacy and a professional environment for training, team sessions and client meetings. Comfortable rooms with ergonomic furniture and flexible layouts. Screens and a video-conferencing system are included, enabling hybrid meetings without extra logistics.<\/p>\t\t\t\t\t\t\t\t<\/div>\n\t\t\t\t<\/div>\n\t\t<div class=\"elementor-element elementor-element-9abc5bc e-con-full e-grid e-con e-child\" data-id=\"9abc5bc\" data-element_type=\"container\" data-e-type=\"container\">\n\t\t\t\t<div class=\"elementor-element elementor-element-7e08d77 elementor-widget__width-inherit elementor-widget elementor-widget-image-box\" data-id=\"7e08d77\" data-element_type=\"widget\" data-e-type=\"widget\" data-widget_type=\"image-box.default\">\n\t\t\t\t\t<div class=\"elementor-image-box-wrapper\"><div class=\"elementor-image-box-content\"><h6 class=\"elementor-image-box-title\">Maximum Capacity<\/h6><p class=\"elementor-image-box-description\">Capacity for 20 guests<\/p><\/div><\/div>\t\t\t\t<\/div>\n\t\t\t\t<div class=\"elementor-element elementor-element-e95ffc1 elementor-widget__width-inherit elementor-widget elementor-widget-image-box\" data-id=\"e95ffc1\" data-element_type=\"widget\" data-e-type=\"widget\" data-widget_type=\"image-box.default\">\n\t\t\t\t\t<div class=\"elementor-image-box-wrapper\"><div class=\"elementor-image-box-content\"><h6 class=\"elementor-image-box-title\">Size<\/h6><p class=\"elementor-image-box-description\">10 to 40 m2<\/p><\/div><\/div>\t\t\t\t<\/div>\n\t\t\t\t<div class=\"elementor-element elementor-element-d9dcb49 elementor-widget__width-inherit elementor-widget elementor-widget-image-box\" data-id=\"d9dcb49\" data-element_type=\"widget\" data-e-type=\"widget\" data-widget_type=\"image-box.default\">\n\t\t\t\t\t<div class=\"elementor-image-box-wrapper\"><div class=\"elementor-image-box-content\"><h6 class=\"elementor-image-box-title\">Venue Features<\/h6><p class=\"elementor-image-box-description\">Modern, elegant design <br>\nNatural daylight <br>\nVideo-conferencing system <br>\nCatering service<\/p><\/div><\/div>\t\t\t\t<\/div>\n\t\t\t\t<div class=\"elementor-element elementor-element-60936ca elementor-widget__width-inherit elementor-widget elementor-widget-image-box\" data-id=\"60936ca\" data-element_type=\"widget\" data-e-type=\"widget\" data-widget_type=\"image-box.default\">\n\t\t\t\t\t<div class=\"elementor-image-box-wrapper\"><div class=\"elementor-image-box-content\"><h6 class=\"elementor-image-box-title\">Ideal For<\/h6><p class=\"elementor-image-box-description\">Presentations <br>\nWorkshops <br>\nTraining sessions <br>\nTeam-building sessions <br>\nClient meetings<\/p><\/div><\/div>\t\t\t\t<\/div>\n\t\t\t\t<\/div>\n\t\t\t\t\t<\/div>\n\t\t\t\t<\/div>\n\t\t<div class=\"elementor-element elementor-element-94ab06a e-flex e-con-boxed e-con e-parent\" data-id=\"94ab06a\" data-element_type=\"container\" data-e-type=\"container\" data-settings=\"{&quot;background_background&quot;:&quot;classic&quot;}\">\n\t\t\t\t\t<div class=\"e-con-inner\">\n\t\t\t\t<div class=\"elementor-element elementor-element-6f13f0b carousel-gallery elementor-arrows-position-inside elementor-widget elementor-widget-image-carousel\" data-id=\"6f13f0b\" data-element_type=\"widget\" data-e-type=\"widget\" data-settings=\"{&quot;slides_to_show&quot;:&quot;3&quot;,&quot;slides_to_scroll&quot;:&quot;1&quot;,&quot;navigation&quot;:&quot;arrows&quot;,&quot;image_spacing_custom&quot;:{&quot;unit&quot;:&quot;px&quot;,&quot;size&quot;:60,&quot;sizes&quot;:[]},&quot;speed&quot;:1000,&quot;slides_to_show_tablet&quot;:&quot;3&quot;,&quot;slides_to_show_mobile&quot;:&quot;3&quot;,&quot;image_spacing_custom_tablet&quot;:{&quot;unit&quot;:&quot;px&quot;,&quot;size&quot;:50,&quot;sizes&quot;:[]},&quot;image_spacing_custom_mobile&quot;:{&quot;unit&quot;:&quot;px&quot;,&quot;size&quot;:15,&quot;sizes&quot;:[]},&quot;image_spacing_custom_laptop&quot;:{&quot;unit&quot;:&quot;px&quot;,&quot;size&quot;:50,&quot;sizes&quot;:[]},&quot;autoplay&quot;:&quot;yes&quot;,&quot;pause_on_hover&quot;:&quot;yes&quot;,&quot;pause_on_interaction&quot;:&quot;yes&quot;,&quot;autoplay_speed&quot;:5000,&quot;infinite&quot;:&quot;yes&quot;}\" data-widget_type=\"image-carousel.default\">\n\t\t\t\t\t\t\t<div class=\"elementor-image-carousel-wrapper swiper\" role=\"region\" aria-roledescription=\"carousel\" aria-label=\"Carrossel de imagens\" dir=\"ltr\">\n\t\t\t<div class=\"elementor-image-carousel swiper-wrapper\" aria-live=\"off\">\n\t\t\t\t\t\t\t\t<div class=\"swiper-slide\" role=\"group\" aria-roledescription=\"slide\" aria-label=\"1 of 7\"><figure class=\"swiper-slide-inner\"><img decoding=\"async\" class=\"swiper-slide-image\" src=\"https:\/\/avilaspaces.com\/wp-content\/uploads\/2025\/09\/avila-spaces-meeting-room-scaled.jpg\" alt=\"Meeting Rooms\" \/><figcaption class=\"elementor-image-carousel-caption\">Meeting Rooms<\/figcaption><\/figure><\/div><div class=\"swiper-slide\" role=\"group\" aria-roledescription=\"slide\" aria-label=\"2 of 7\"><figure class=\"swiper-slide-inner\"><img decoding=\"async\" class=\"swiper-slide-image\" src=\"https:\/\/avilaspaces.com\/wp-content\/uploads\/2026\/02\/0.01.1.jpg\" alt=\"Meeting Rooms\" \/><figcaption class=\"elementor-image-carousel-caption\">Meeting Rooms<\/figcaption><\/figure><\/div><div class=\"swiper-slide\" role=\"group\" aria-roledescription=\"slide\" aria-label=\"3 of 7\"><figure class=\"swiper-slide-inner\"><img decoding=\"async\" class=\"swiper-slide-image\" src=\"https:\/\/avilaspaces.com\/wp-content\/uploads\/2026\/02\/20220627_Avila-Spaces-low-res-for-web-019.jpg\" alt=\"Meeting Rooms\" \/><figcaption class=\"elementor-image-carousel-caption\">Meeting Rooms<\/figcaption><\/figure><\/div><div class=\"swiper-slide\" role=\"group\" aria-roledescription=\"slide\" aria-label=\"4 of 7\"><figure class=\"swiper-slide-inner\"><img decoding=\"async\" class=\"swiper-slide-image\" src=\"https:\/\/avilaspaces.com\/wp-content\/uploads\/2026\/02\/063-scaled.jpg\" alt=\"Meeting Rooms\" \/><figcaption class=\"elementor-image-carousel-caption\">Meeting Rooms<\/figcaption><\/figure><\/div><div class=\"swiper-slide\" role=\"group\" aria-roledescription=\"slide\" aria-label=\"5 of 7\"><figure class=\"swiper-slide-inner\"><img decoding=\"async\" class=\"swiper-slide-image\" src=\"https:\/\/avilaspaces.com\/wp-content\/uploads\/2026\/02\/cuberoom02-17-scaled.jpg\" alt=\"Meeting Rooms\" \/><figcaption class=\"elementor-image-carousel-caption\">Meeting Rooms<\/figcaption><\/figure><\/div><div class=\"swiper-slide\" role=\"group\" aria-roledescription=\"slide\" aria-label=\"6 of 7\"><figure class=\"swiper-slide-inner\"><img decoding=\"async\" class=\"swiper-slide-image\" src=\"https:\/\/avilaspaces.com\/wp-content\/uploads\/2026\/02\/Board-Room01-scaled.jpg\" alt=\"Meeting Rooms\" \/><figcaption class=\"elementor-image-carousel-caption\">Meeting Rooms<\/figcaption><\/figure><\/div><div class=\"swiper-slide\" role=\"group\" aria-roledescription=\"slide\" aria-label=\"7 of 7\"><figure class=\"swiper-slide-inner\"><img decoding=\"async\" class=\"swiper-slide-image\" src=\"https:\/\/avilaspaces.com\/wp-content\/uploads\/2026\/02\/Glassroom01.jpg\" alt=\"Meeting Rooms\" \/><figcaption class=\"elementor-image-carousel-caption\">Meeting Rooms<\/figcaption><\/figure><\/div>\t\t\t<\/div>\n\t\t\t\t\t\t\t\t\t\t\t\t<div class=\"elementor-swiper-button elementor-swiper-button-prev\" role=\"button\" tabindex=\"0\">\n\t\t\t\t\t\t<svg xmlns=\"http:\/\/www.w3.org\/2000\/svg\" width=\"21\" height=\"20\" viewBox=\"0 0 21 20\" fill=\"none\"><path fill-rule=\"evenodd\" clip-rule=\"evenodd\" d=\"M3.32266 10L13.2869 20L14.7227 18.5603L6.13008 9.97728L14.6999 1.417L13.2869 0L3.32266 10Z\" fill=\"#111111\"><\/path><\/svg>\t\t\t\t\t<\/div>\n\t\t\t\t\t<div class=\"elementor-swiper-button elementor-swiper-button-next\" role=\"button\" tabindex=\"0\">\n\t\t\t\t\t\t<svg xmlns=\"http:\/\/www.w3.org\/2000\/svg\" width=\"21\" height=\"20\" viewBox=\"0 0 21 20\" fill=\"none\"><path fill-rule=\"evenodd\" clip-rule=\"evenodd\" d=\"M17.483 10L7.51876 20L6.08301 18.5603L14.6756 9.97728L6.10576 1.417L7.51876 0L17.483 10Z\" fill=\"#111111\"><\/path><\/svg>\t\t\t\t\t<\/div>\n\t\t\t\t\n\t\t\t\t\t\t\t\t\t<\/div>\n\t\t\t\t\t\t<\/div>\n\t\t\t\t\t<\/div>\n\t\t\t\t<\/div>\n\t\t<div class=\"elementor-element elementor-element-0873238 e-flex e-con-boxed e-con e-parent\" data-id=\"0873238\" data-element_type=\"container\" data-e-type=\"container\" data-settings=\"{&quot;background_background&quot;:&quot;classic&quot;}\">\n\t\t\t\t\t<div class=\"e-con-inner\">\n\t\t<div class=\"elementor-element elementor-element-b027e67 e-con-full e-flex e-con e-child\" data-id=\"b027e67\" data-element_type=\"container\" data-e-type=\"container\">\n\t\t\t\t<div class=\"elementor-element elementor-element-c1e890f elementor-widget elementor-widget-heading\" data-id=\"c1e890f\" data-element_type=\"widget\" data-e-type=\"widget\" data-widget_type=\"heading.default\">\n\t\t\t\t\t<h2 class=\"elementor-heading-title elementor-size-default\">Avila Caf\u00e9 <\/h2>\t\t\t\t<\/div>\n\t\t\t\t<div class=\"elementor-element elementor-element-9d6a81d elementor-widget elementor-widget-text-editor\" data-id=\"9d6a81d\" data-element_type=\"widget\" data-e-type=\"widget\" data-widget_type=\"text-editor.default\">\n\t\t\t\t\t\t\t\t\t<p><span class=\"TextRun SCXW72640866 BCX0\" lang=\"EN-US\" xml:lang=\"EN-US\" data-contrast=\"auto\"><span class=\"NormalTextRun SCXW72640866 BCX0\">A warm, social setting &#8211; ideal for gatherings, <\/span><span class=\"NormalTextRun SCXW72640866 BCX0\">cocktails<\/span><span class=\"NormalTextRun SCXW72640866 BCX0\">\u00a0and celebrations. Host breakfasts, meals, coffee\u00a0<\/span><span class=\"NormalTextRun SCXW72640866 BCX0\">breaks<\/span><span class=\"NormalTextRun SCXW72640866 BCX0\"> or happy hours with your team and set the right pace for your event &#8211; from informal networking to an elegant reception. Add a DJ or simply play your <\/span><span class=\"NormalTextRun SpellingErrorV2Themed SCXW72640866 BCX0\">favorite<\/span><span class=\"NormalTextRun SCXW72640866 BCX0\"> playlist.<\/span><\/span><\/p>\t\t\t\t\t\t\t\t<\/div>\n\t\t\t\t<\/div>\n\t\t<div class=\"elementor-element elementor-element-078ec6d e-con-full e-grid e-con e-child\" data-id=\"078ec6d\" data-element_type=\"container\" data-e-type=\"container\">\n\t\t\t\t<div class=\"elementor-element elementor-element-7b0b387 elementor-widget__width-inherit elementor-widget elementor-widget-image-box\" data-id=\"7b0b387\" data-element_type=\"widget\" data-e-type=\"widget\" data-widget_type=\"image-box.default\">\n\t\t\t\t\t<div class=\"elementor-image-box-wrapper\"><div class=\"elementor-image-box-content\"><h6 class=\"elementor-image-box-title\">Maximum Capacity<\/h6><p class=\"elementor-image-box-description\">Capacity for 60 guests<\/p><\/div><\/div>\t\t\t\t<\/div>\n\t\t\t\t<div class=\"elementor-element elementor-element-c6e86d7 elementor-widget__width-inherit elementor-widget elementor-widget-image-box\" data-id=\"c6e86d7\" data-element_type=\"widget\" data-e-type=\"widget\" data-widget_type=\"image-box.default\">\n\t\t\t\t\t<div class=\"elementor-image-box-wrapper\"><div class=\"elementor-image-box-content\"><h6 class=\"elementor-image-box-title\">Size<\/h6><p class=\"elementor-image-box-description\">60 m2<\/p><\/div><\/div>\t\t\t\t<\/div>\n\t\t\t\t<div class=\"elementor-element elementor-element-ff61308 elementor-widget__width-inherit elementor-widget elementor-widget-image-box\" data-id=\"ff61308\" data-element_type=\"widget\" data-e-type=\"widget\" data-widget_type=\"image-box.default\">\n\t\t\t\t\t<div class=\"elementor-image-box-wrapper\"><div class=\"elementor-image-box-content\"><h6 class=\"elementor-image-box-title\">Venue Features<\/h6><p class=\"elementor-image-box-description\">Modern, elegant design <br>\nNatural daylight <br>\nMultiple layouts <br>\nBar service, cocktails and meals <\/p><\/div><\/div>\t\t\t\t<\/div>\n\t\t\t\t<div class=\"elementor-element elementor-element-831ef37 elementor-widget__width-inherit elementor-widget elementor-widget-image-box\" data-id=\"831ef37\" data-element_type=\"widget\" data-e-type=\"widget\" data-widget_type=\"image-box.default\">\n\t\t\t\t\t<div class=\"elementor-image-box-wrapper\"><div class=\"elementor-image-box-content\"><h6 class=\"elementor-image-box-title\">Ideal For<\/h6><p class=\"elementor-image-box-description\">Breakfasts and late afternoons <br>\nCocktails <br>\nHappy hours <br>\nTeam-building sessions <br>\nClient gatherings <\/p><\/div><\/div>\t\t\t\t<\/div>\n\t\t\t\t<\/div>\n\t\t\t\t\t<\/div>\n\t\t\t\t<\/div>\n\t\t<div class=\"elementor-element elementor-element-1bbd74b e-flex e-con-boxed e-con e-parent\" data-id=\"1bbd74b\" data-element_type=\"container\" data-e-type=\"container\" data-settings=\"{&quot;background_background&quot;:&quot;classic&quot;}\">\n\t\t\t\t\t<div class=\"e-con-inner\">\n\t\t\t\t<div class=\"elementor-element elementor-element-d03cce1 carousel-gallery elementor-arrows-position-inside elementor-widget elementor-widget-image-carousel\" data-id=\"d03cce1\" data-element_type=\"widget\" data-e-type=\"widget\" data-settings=\"{&quot;slides_to_show&quot;:&quot;3&quot;,&quot;slides_to_scroll&quot;:&quot;1&quot;,&quot;navigation&quot;:&quot;arrows&quot;,&quot;image_spacing_custom&quot;:{&quot;unit&quot;:&quot;px&quot;,&quot;size&quot;:60,&quot;sizes&quot;:[]},&quot;speed&quot;:1000,&quot;slides_to_show_tablet&quot;:&quot;3&quot;,&quot;slides_to_show_mobile&quot;:&quot;3&quot;,&quot;image_spacing_custom_tablet&quot;:{&quot;unit&quot;:&quot;px&quot;,&quot;size&quot;:50,&quot;sizes&quot;:[]},&quot;image_spacing_custom_mobile&quot;:{&quot;unit&quot;:&quot;px&quot;,&quot;size&quot;:15,&quot;sizes&quot;:[]},&quot;image_spacing_custom_laptop&quot;:{&quot;unit&quot;:&quot;px&quot;,&quot;size&quot;:50,&quot;sizes&quot;:[]},&quot;autoplay&quot;:&quot;yes&quot;,&quot;pause_on_hover&quot;:&quot;yes&quot;,&quot;pause_on_interaction&quot;:&quot;yes&quot;,&quot;autoplay_speed&quot;:5000,&quot;infinite&quot;:&quot;yes&quot;}\" data-widget_type=\"image-carousel.default\">\n\t\t\t\t\t\t\t<div class=\"elementor-image-carousel-wrapper swiper\" role=\"region\" aria-roledescription=\"carousel\" aria-label=\"Carrossel de imagens\" dir=\"ltr\">\n\t\t\t<div class=\"elementor-image-carousel swiper-wrapper\" aria-live=\"off\">\n\t\t\t\t\t\t\t\t<div class=\"swiper-slide\" role=\"group\" aria-roledescription=\"slide\" aria-label=\"1 of 4\"><figure class=\"swiper-slide-inner\"><img decoding=\"async\" class=\"swiper-slide-image\" src=\"https:\/\/avilaspaces.com\/wp-content\/uploads\/2026\/02\/Cowork-Cafe01-scaled.jpg\" alt=\"Avila Caf\u00e9\" \/><figcaption class=\"elementor-image-carousel-caption\">Avila Caf\u00e9<\/figcaption><\/figure><\/div><div class=\"swiper-slide\" role=\"group\" aria-roledescription=\"slide\" aria-label=\"2 of 4\"><figure class=\"swiper-slide-inner\"><img decoding=\"async\" class=\"swiper-slide-image\" src=\"https:\/\/avilaspaces.com\/wp-content\/uploads\/2026\/02\/Cowork-Cafe04-scaled.jpg\" alt=\"Avila Caf\u00e9\" \/><figcaption class=\"elementor-image-carousel-caption\">Avila Caf\u00e9<\/figcaption><\/figure><\/div><div class=\"swiper-slide\" role=\"group\" aria-roledescription=\"slide\" aria-label=\"3 of 4\"><figure class=\"swiper-slide-inner\"><img decoding=\"async\" class=\"swiper-slide-image\" src=\"https:\/\/avilaspaces.com\/wp-content\/uploads\/2026\/02\/soft_landing-1940-scaled.jpg\" alt=\"Avila Caf\u00e9\" \/><figcaption class=\"elementor-image-carousel-caption\">Avila Caf\u00e9<\/figcaption><\/figure><\/div><div class=\"swiper-slide\" role=\"group\" aria-roledescription=\"slide\" aria-label=\"4 of 4\"><figure class=\"swiper-slide-inner\"><img decoding=\"async\" class=\"swiper-slide-image\" src=\"https:\/\/avilaspaces.com\/wp-content\/uploads\/2026\/02\/Cowork-Cafe08-scaled.jpg\" alt=\"Avila Caf\u00e9\" \/><figcaption class=\"elementor-image-carousel-caption\">Avila Caf\u00e9<\/figcaption><\/figure><\/div>\t\t\t<\/div>\n\t\t\t\t\t\t\t\t\t\t\t\t<div class=\"elementor-swiper-button elementor-swiper-button-prev\" role=\"button\" tabindex=\"0\">\n\t\t\t\t\t\t<svg xmlns=\"http:\/\/www.w3.org\/2000\/svg\" width=\"21\" height=\"20\" viewBox=\"0 0 21 20\" fill=\"none\"><path fill-rule=\"evenodd\" clip-rule=\"evenodd\" d=\"M3.32266 10L13.2869 20L14.7227 18.5603L6.13008 9.97728L14.6999 1.417L13.2869 0L3.32266 10Z\" fill=\"#111111\"><\/path><\/svg>\t\t\t\t\t<\/div>\n\t\t\t\t\t<div class=\"elementor-swiper-button elementor-swiper-button-next\" role=\"button\" tabindex=\"0\">\n\t\t\t\t\t\t<svg xmlns=\"http:\/\/www.w3.org\/2000\/svg\" width=\"21\" height=\"20\" viewBox=\"0 0 21 20\" fill=\"none\"><path fill-rule=\"evenodd\" clip-rule=\"evenodd\" d=\"M17.483 10L7.51876 20L6.08301 18.5603L14.6756 9.97728L6.10576 1.417L7.51876 0L17.483 10Z\" fill=\"#111111\"><\/path><\/svg>\t\t\t\t\t<\/div>\n\t\t\t\t\n\t\t\t\t\t\t\t\t\t<\/div>\n\t\t\t\t\t\t<\/div>\n\t\t\t\t\t<\/div>\n\t\t\t\t<\/div>\n\t\t<div class=\"elementor-element elementor-element-2aaba2f e-con-full e-flex e-con e-parent\" data-id=\"2aaba2f\" data-element_type=\"container\" data-e-type=\"container\">\n\t\t\t\t<div class=\"elementor-element elementor-element-a3511da elementor-widget elementor-widget-shortcode\" data-id=\"a3511da\" data-element_type=\"widget\" data-e-type=\"widget\" data-widget_type=\"shortcode.default\">\n\t\t\t\t\t\t\t<div class=\"elementor-shortcode\">\t\t<div data-elementor-type=\"section\" data-elementor-id=\"1036\" class=\"elementor elementor-1036\" data-elementor-post-type=\"elementor_library\">\n\t\t\t<div class=\"elementor-element elementor-element-f559284 mask-service-post e-flex e-con-boxed e-con e-parent\" data-id=\"f559284\" data-element_type=\"container\" data-e-type=\"container\">\n\t\t\t\t\t<div class=\"e-con-inner\">\n\t\t<div class=\"elementor-element elementor-element-000e68e e-con-full e-flex e-con e-child\" data-id=\"000e68e\" data-element_type=\"container\" data-e-type=\"container\">\n\t\t\t\t<div class=\"elementor-element elementor-element-a48412a elementor-widget elementor-widget-heading\" data-id=\"a48412a\" data-element_type=\"widget\" data-e-type=\"widget\" data-widget_type=\"heading.default\">\n\t\t\t\t\t<h2 class=\"elementor-heading-title elementor-size-default\">Other Memberships<\/h2>\t\t\t\t<\/div>\n\t\t\t\t<div class=\"elementor-element elementor-element-22057fc elementor-posts--align-center service-post-slide elementor-grid-3 elementor-grid-tablet-2 elementor-grid-mobile-1 elementor-posts--thumbnail-top elementor-widget elementor-widget-posts\" data-id=\"22057fc\" data-element_type=\"widget\" data-e-type=\"widget\" data-settings=\"{&quot;skin_service_row_gap&quot;:{&quot;unit&quot;:&quot;px&quot;,&quot;size&quot;:50,&quot;sizes&quot;:[]},&quot;skin_service_columns&quot;:&quot;3&quot;,&quot;skin_service_columns_tablet&quot;:&quot;2&quot;,&quot;skin_service_columns_mobile&quot;:&quot;1&quot;,&quot;skin_service_row_gap_laptop&quot;:{&quot;unit&quot;:&quot;px&quot;,&quot;size&quot;:&quot;&quot;,&quot;sizes&quot;:[]},&quot;skin_service_row_gap_tablet&quot;:{&quot;unit&quot;:&quot;px&quot;,&quot;size&quot;:&quot;&quot;,&quot;sizes&quot;:[]},&quot;skin_service_row_gap_mobile&quot;:{&quot;unit&quot;:&quot;px&quot;,&quot;size&quot;:&quot;&quot;,&quot;sizes&quot;:[]}}\" data-widget_type=\"posts.skin_service\">\n\t\t\t\t<div class=\"elementor-widget-container\">\n\t\t\t\t\t\t\t<div class=\"elementor-posts-container elementor-posts elementor-posts--skin-skin_service elementor-grid\" role=\"list\">\n\t\t        <article class=\"elementor-post elementor-grid-item post-448 services type-services status-publish has-post-thumbnail hentry\">\n            \n            <a href=\"https:\/\/avilaspaces.com\/en\/services\/rental-offices-lisbon\/\" class=\"elementor-post__thumbnail__link\">\n                <div class=\"elementor-post__thumbnail\">\n                                            <img decoding=\"async\" src=\"https:\/\/avilaspaces.com\/wp-content\/uploads\/2025\/09\/services_office.webp\" alt=\"Private Offices\">\n                                    <\/div>\n            <\/a>\n        \n            <div class=\"elementor-post__text\">\n            \n                \t\t<h5 class=\"elementor-post__title\">\n\t\t\t<a href=\"https:\/\/avilaspaces.com\/en\/services\/rental-offices-lisbon\/\" >\n\t\t\t\tPrivate Offices\t\t\t<\/a>\n\t\t<\/h5>\n\t\t                \n                \t\t<div class=\"elementor-post__excerpt\">\n\t\t\t<p>Private offices in central Lisbon, fully furnished and move-in ready, with full services, fast internet, and access to meeting rooms and lounge areas. A flexible solution for teams of all sizes\u2014ideal for companies working in a hybrid model.<\/p>\n\t\t<\/div>\n\t\t                \n                <div class=\"elementor-post__meta-data\">\n                                            <p>from \u20ac850\/month<\/p>\n                                    <\/div>\n                \n                \n\t\t<a class=\"elementor-post__read-more\" href=\"https:\/\/avilaspaces.com\/en\/services\/rental-offices-lisbon\/\" aria-label=\"Read more about Private Offices\" tabindex=\"-1\" >\n\t\t\tlearn more\t\t<\/a>\n\n\t\t                    \n            <\/div>\n        \n        <\/article>\n                <article class=\"elementor-post elementor-grid-item post-451 services type-services status-publish has-post-thumbnail hentry\">\n            \n            <a href=\"https:\/\/avilaspaces.com\/en\/services\/coworking-lisbon\/\" class=\"elementor-post__thumbnail__link\">\n                <div class=\"elementor-post__thumbnail\">\n                                            <img decoding=\"async\" src=\"https:\/\/avilaspaces.com\/wp-content\/uploads\/2025\/09\/services_coworking.webp\" alt=\"Coworking Space\">\n                                    <\/div>\n            <\/a>\n        \n            <div class=\"elementor-post__text\">\n            \n                \t\t<h5 class=\"elementor-post__title\">\n\t\t\t<a href=\"https:\/\/avilaspaces.com\/en\/services\/coworking-lisbon\/\" >\n\t\t\t\tCoworking Space\t\t\t<\/a>\n\t\t<\/h5>\n\t\t                \n                \t\t<div class=\"elementor-post__excerpt\">\n\t\t\t<p>Coworking in Lisbon with a calm, professional atmosphere\u2014ideal for freelancers and growing teams who value focus, privacy, comfort and community. Members have access to all three locations, as well as meeting rooms and phone booths for calls with complete privacy.<\/p>\n\t\t<\/div>\n\t\t                \n                <div class=\"elementor-post__meta-data\">\n                                            <p>from \u20ac200\/month<\/p>\n                                    <\/div>\n                \n                \n\t\t<a class=\"elementor-post__read-more\" href=\"https:\/\/avilaspaces.com\/en\/services\/coworking-lisbon\/\" aria-label=\"Read more about Coworking Space\" tabindex=\"-1\" >\n\t\t\tlearn more\t\t<\/a>\n\n\t\t                    \n            <\/div>\n        \n        <\/article>\n                <article class=\"elementor-post elementor-grid-item post-452 services type-services status-publish has-post-thumbnail hentry\">\n            \n            <a href=\"https:\/\/avilaspaces.com\/en\/services\/virtual-assistant\/\" class=\"elementor-post__thumbnail__link\">\n                <div class=\"elementor-post__thumbnail\">\n                                            <img decoding=\"async\" src=\"https:\/\/avilaspaces.com\/wp-content\/uploads\/2025\/09\/services_assistant.webp\" alt=\"Virtual Assistant\">\n                                    <\/div>\n            <\/a>\n        \n            <div class=\"elementor-post__text\">\n            \n                \t\t<h5 class=\"elementor-post__title\">\n\t\t\t<a href=\"https:\/\/avilaspaces.com\/en\/services\/virtual-assistant\/\" >\n\t\t\t\tVirtual Assistant\t\t\t<\/a>\n\t\t<\/h5>\n\t\t                \n                \t\t<div class=\"elementor-post__excerpt\">\n\t\t\t<p>Professional, personalised telephone answering for your business, with call and message handling\u2014so your presence is always active, wherever you are. Stay focused on your business and avoid missing important calls.<\/p>\n\t\t<\/div>\n\t\t                \n                <div class=\"elementor-post__meta-data\">\n                                            <p>from \u20ac75 \/month<\/p>\n                                    <\/div>\n                \n                \n\t\t<a class=\"elementor-post__read-more\" href=\"https:\/\/avilaspaces.com\/en\/services\/virtual-assistant\/\" aria-label=\"Read more about Virtual Assistant\" tabindex=\"-1\" >\n\t\t\tlearn more\t\t<\/a>\n\n\t\t                    \n            <\/div>\n        \n        <\/article>\n                <article class=\"elementor-post elementor-grid-item post-453 services type-services status-publish has-post-thumbnail hentry\">\n            \n            <a href=\"https:\/\/avilaspaces.com\/en\/services\/event-spaces-lisbon\/\" class=\"elementor-post__thumbnail__link\">\n                <div class=\"elementor-post__thumbnail\">\n                                            <img decoding=\"async\" src=\"https:\/\/avilaspaces.com\/wp-content\/uploads\/2025\/09\/services_events.webp\" alt=\"Space for Events\">\n                                    <\/div>\n            <\/a>\n        \n            <div class=\"elementor-post__text\">\n            \n                \t\t<h5 class=\"elementor-post__title\">\n\t\t\t<a href=\"https:\/\/avilaspaces.com\/en\/services\/event-spaces-lisbon\/\" >\n\t\t\t\tSpace for Events\t\t\t<\/a>\n\t\t<\/h5>\n\t\t                \n                \t\t<div class=\"elementor-post__excerpt\">\n\t\t\t<p>Versatile spaces in central Lisbon for corporate events, workshops and training sessions, with support for setup, guest reception and included technology. Tailor-made solutions for every type of event.<\/p>\n\t\t<\/div>\n\t\t                \n                <div class=\"elementor-post__meta-data\">\n                                            <p>from \u20ac22\/day<\/p>\n                                    <\/div>\n                \n                \n\t\t<a class=\"elementor-post__read-more\" href=\"https:\/\/avilaspaces.com\/en\/services\/event-spaces-lisbon\/\" aria-label=\"Read more about Space for Events\" tabindex=\"-1\" >\n\t\t\tlearn more\t\t<\/a>\n\n\t\t                    \n            <\/div>\n        \n        <\/article>\n                <article class=\"elementor-post elementor-grid-item post-454 services type-services status-publish has-post-thumbnail hentry\">\n            \n            <a href=\"https:\/\/avilaspaces.com\/en\/services\/virtual-office-lisbon\/\" class=\"elementor-post__thumbnail__link\">\n                <div class=\"elementor-post__thumbnail\">\n                                            <img decoding=\"async\" src=\"https:\/\/avilaspaces.com\/wp-content\/uploads\/2025\/09\/services_virtual.webp\" alt=\"Virtual Office\">\n                                    <\/div>\n            <\/a>\n        \n            <div class=\"elementor-post__text\">\n            \n                \t\t<h5 class=\"elementor-post__title\">\n\t\t\t<a href=\"https:\/\/avilaspaces.com\/en\/services\/virtual-office-lisbon\/\" >\n\t\t\t\tVirtual Office\t\t\t<\/a>\n\t\t<\/h5>\n\t\t                \n                \t\t<div class=\"elementor-post__excerpt\">\n\t\t\t<p>A prestigious Lisbon business address with mail handling, personalised telephone answering, administrative support and access to meeting rooms. The ideal solution to maintain a professional presence without the need for a permanent physical office.<\/p>\n\t\t<\/div>\n\t\t                \n                <div class=\"elementor-post__meta-data\">\n                                            <p>from \u20ac60\/month<\/p>\n                                    <\/div>\n                \n                \n\t\t<a class=\"elementor-post__read-more\" href=\"https:\/\/avilaspaces.com\/en\/services\/virtual-office-lisbon\/\" aria-label=\"Read more about Virtual Office\" tabindex=\"-1\" >\n\t\t\tlearn more\t\t<\/a>\n\n\t\t                    \n            <\/div>\n        \n        <\/article>\n                <article class=\"elementor-post elementor-grid-item post-455 services type-services status-publish has-post-thumbnail hentry\">\n            \n            <a href=\"https:\/\/avilaspaces.com\/en\/services\/meeting-room-lisbon\/\" class=\"elementor-post__thumbnail__link\">\n                <div class=\"elementor-post__thumbnail\">\n                                            <img decoding=\"async\" src=\"https:\/\/avilaspaces.com\/wp-content\/uploads\/2025\/09\/services_meeting.webp\" alt=\"Meeting Room\">\n                                    <\/div>\n            <\/a>\n        \n            <div class=\"elementor-post__text\">\n            \n                \t\t<h5 class=\"elementor-post__title\">\n\t\t\t<a href=\"https:\/\/avilaspaces.com\/en\/services\/meeting-room-lisbon\/\" >\n\t\t\t\tMeeting Room\t\t\t<\/a>\n\t\t<\/h5>\n\t\t                \n                \t\t<div class=\"elementor-post__excerpt\">\n\t\t\t<p>Meeting rooms in Lisbon that are comfortable and fully equipped with the latest technology, a presentation screen and a professional video-conferencing system\u2014perfect for meetings, interviews and training sessions.<\/p>\n\t\t<\/div>\n\t\t                \n                <div class=\"elementor-post__meta-data\">\n                                            <p>from \u20ac30\/hour<\/p>\n                                    <\/div>\n                \n                \n\t\t<a class=\"elementor-post__read-more\" href=\"https:\/\/avilaspaces.com\/en\/services\/meeting-room-lisbon\/\" aria-label=\"Read more about Meeting Room\" tabindex=\"-1\" >\n\t\t\tlearn more\t\t<\/a>\n\n\t\t                    \n            <\/div>\n        \n        <\/article>\n        \t\t<\/div>\n\t\t\n\t\t\t\t\t\t<\/div>\n\t\t\t\t<\/div>\n\t\t\t\t<\/div>\n\t\t\t\t\t<\/div>\n\t\t\t\t<\/div>\n\t\t\t\t<\/div>\n\t\t<\/div>\n\t\t\t\t\t\t<\/div>\n\t\t\t\t<\/div>\n\t\t<div class=\"elementor-element elementor-element-4803333 e-flex e-con-boxed e-con e-parent\" data-id=\"4803333\" data-element_type=\"container\" data-e-type=\"container\">\n\t\t\t\t\t<div class=\"e-con-inner\">\n\t\t<div class=\"elementor-element elementor-element-f121ec4 e-con-full e-flex e-con e-child\" data-id=\"f121ec4\" data-element_type=\"container\" data-e-type=\"container\">\n\t\t\t\t<div class=\"elementor-element elementor-element-2898f72 elementor-widget elementor-widget-heading\" data-id=\"2898f72\" data-element_type=\"widget\" data-e-type=\"widget\" data-widget_type=\"heading.default\">\n\t\t\t\t\t<h2 class=\"elementor-heading-title elementor-size-default\">Latest News<\/h2>\t\t\t\t<\/div>\n\t\t\t\t<div class=\"elementor-element elementor-element-aa92aae elementor-grid-1 elementor-posts--thumbnail-left home-skin-blog elementor-widget__width-initial elementor-grid-tablet-1 elementor-widget-mobile__width-inherit elementor-grid-mobile-1 elementor-widget elementor-widget-posts\" data-id=\"aa92aae\" data-element_type=\"widget\" data-e-type=\"widget\" data-settings=\"{&quot;skin_blog_columns&quot;:&quot;1&quot;,&quot;skin_blog_row_gap&quot;:{&quot;unit&quot;:&quot;px&quot;,&quot;size&quot;:24,&quot;sizes&quot;:[]},&quot;skin_blog_columns_tablet&quot;:&quot;1&quot;,&quot;skin_blog_columns_mobile&quot;:&quot;1&quot;,&quot;skin_blog_row_gap_laptop&quot;:{&quot;unit&quot;:&quot;px&quot;,&quot;size&quot;:&quot;&quot;,&quot;sizes&quot;:[]},&quot;skin_blog_row_gap_tablet&quot;:{&quot;unit&quot;:&quot;px&quot;,&quot;size&quot;:&quot;&quot;,&quot;sizes&quot;:[]},&quot;skin_blog_row_gap_mobile&quot;:{&quot;unit&quot;:&quot;px&quot;,&quot;size&quot;:&quot;&quot;,&quot;sizes&quot;:[]}}\" data-widget_type=\"posts.skin_blog\">\n\t\t\t\t<div class=\"elementor-widget-container\">\n\t\t\t\t\t\t\t<div class=\"elementor-posts-container elementor-posts elementor-posts--skin-skin_blog elementor-grid\" role=\"list\">\n\t\t        <article class=\"elementor-post elementor-grid-item post-303 post type-post status-publish format-standard has-post-thumbnail hentry category-spaces-for-events\">\n            \n            <a href=\"https:\/\/avilaspaces.com\/en\/blog\/spaces-for-events\/stay-balanced-while-unwinding\/\" class=\"elementor-post__thumbnail__link\">\n                <div class=\"elementor-post__thumbnail\">\n                                            <img decoding=\"async\" src=\"https:\/\/avilaspaces.com\/wp-content\/uploads\/2025\/08\/MCS_8384-2-scaled.jpg\" alt=\"Stay Balanced While Unwinding\">\n                                    <\/div>\n            <\/a>\n        \n            <div class=\"elementor-post__text\">\n            \n                <div class=\"elementor-post__meta-data\">\n                                                                        <span class=\"elementor-post__category\">Spaces for Events<\/span>\n                                                            <\/div>\n                \n                \t\t<h5 class=\"elementor-post__title\">\n\t\t\t<a href=\"https:\/\/avilaspaces.com\/en\/blog\/spaces-for-events\/stay-balanced-while-unwinding\/\" >\n\t\t\t\tStay Balanced While Unwinding\t\t\t<\/a>\n\t\t<\/h5>\n\t\t                \n                                \n                                    \n            <\/div>\n        \n        <\/article>\n        \t\t<\/div>\n\t\t\n\t\t\t\t\t\t<\/div>\n\t\t\t\t<\/div>\n\t\t\t\t<div class=\"elementor-element elementor-element-dc029ab elementor-align-center elementor-widget elementor-widget-button\" data-id=\"dc029ab\" data-element_type=\"widget\" data-e-type=\"widget\" data-widget_type=\"button.default\">\n\t\t\t\t\t\t\t\t\t\t<a class=\"elementor-button elementor-button-link elementor-size-sm\" href=\"#\">\n\t\t\t\t\t\t<span class=\"elementor-button-content-wrapper\">\n\t\t\t\t\t\t\t\t\t<span class=\"elementor-button-text\">Read more<\/span>\n\t\t\t\t\t<\/span>\n\t\t\t\t\t<\/a>\n\t\t\t\t\t\t\t\t<\/div>\n\t\t\t\t<\/div>\n\t\t\t\t\t<\/div>\n\t\t\t\t<\/div>\n\t\t<div class=\"elementor-element elementor-element-d10cccd e-flex e-con-boxed e-con e-parent\" data-id=\"d10cccd\" data-element_type=\"container\" data-e-type=\"container\" data-settings=\"{&quot;background_background&quot;:&quot;classic&quot;}\">\n\t\t\t\t\t<div class=\"e-con-inner\">\n\t\t<div class=\"elementor-element elementor-element-13744d8 e-con-full e-flex e-con e-child\" data-id=\"13744d8\" data-element_type=\"container\" data-e-type=\"container\">\n\t\t\t\t<div class=\"elementor-element elementor-element-0df23b9 elementor-widget elementor-widget-heading\" data-id=\"0df23b9\" data-element_type=\"widget\" data-e-type=\"widget\" data-widget_type=\"heading.default\">\n\t\t\t\t\t<h5 class=\"elementor-heading-title elementor-size-default\">FAQS<\/h5>\t\t\t\t<\/div>\n\t\t\t\t<div class=\"elementor-element elementor-element-8012753 elementor-widget elementor-widget-heading\" data-id=\"8012753\" data-element_type=\"widget\" data-e-type=\"widget\" data-widget_type=\"heading.default\">\n\t\t\t\t\t<h2 class=\"elementor-heading-title elementor-size-default\">Find the answer you need<\/h2>\t\t\t\t<\/div>\n\t\t\t\t<div class=\"elementor-element elementor-element-6e1d0dc elementor-widget__width-initial accordeon-custom elementor-widget elementor-widget-n-accordion\" data-id=\"6e1d0dc\" data-element_type=\"widget\" data-e-type=\"widget\" data-settings=\"{&quot;default_state&quot;:&quot;expanded&quot;,&quot;max_items_expended&quot;:&quot;one&quot;,&quot;n_accordion_animation_duration&quot;:{&quot;unit&quot;:&quot;ms&quot;,&quot;size&quot;:400,&quot;sizes&quot;:[]}}\" data-widget_type=\"nested-accordion.default\">\n\t\t\t\t\t\t\t<div class=\"e-n-accordion\" aria-label=\"Accordion. Open links with Enter or Space, close with Escape, and navigate with Arrow Keys\">\n\t\t\t\t\t\t<details id=\"e-n-accordion-item-1150\" class=\"e-n-accordion-item\" open>\n\t\t\t\t<summary class=\"e-n-accordion-item-title\" data-accordion-index=\"1\" tabindex=\"0\" aria-expanded=\"true\" aria-controls=\"e-n-accordion-item-1150\" >\n\t\t\t\t\t<span class='e-n-accordion-item-title-header'><h3 class=\"e-n-accordion-item-title-text\"> What types of event spaces are available at Avila Spaces in Lisbon? <\/h3><\/span>\n\t\t\t\t\t\t\t<span class='e-n-accordion-item-title-icon'>\n\t\t\t<span class='e-opened' ><svg xmlns=\"http:\/\/www.w3.org\/2000\/svg\" width=\"24\" height=\"24\" viewBox=\"0 0 24 24\" fill=\"none\"><path d=\"M11.9997 10.8284L7.04996 15.7782L5.63574 14.364L11.9997 8L18.3637 14.364L16.9495 15.7782L11.9997 10.8284Z\" fill=\"#C44F26\"><\/path><\/svg><\/span>\n\t\t\t<span class='e-closed'><svg xmlns=\"http:\/\/www.w3.org\/2000\/svg\" width=\"24\" height=\"24\" viewBox=\"0 0 24 24\" fill=\"none\"><path d=\"M11.9997 13.1714L16.9495 8.22168L18.3637 9.63589L11.9997 15.9999L5.63574 9.63589L7.04996 8.22168L11.9997 13.1714Z\" fill=\"#DF805F\"><\/path><\/svg><\/span>\n\t\t<\/span>\n\n\t\t\t\t\t\t<\/summary>\n\t\t\t\t<div role=\"region\" aria-labelledby=\"e-n-accordion-item-1150\" class=\"elementor-element elementor-element-f0c5de3 e-con-full e-flex e-con e-child\" data-id=\"f0c5de3\" data-element_type=\"container\" data-e-type=\"container\">\n\t\t\t\t<div class=\"elementor-element elementor-element-5d58d98 elementor-widget elementor-widget-text-editor\" data-id=\"5d58d98\" data-element_type=\"widget\" data-e-type=\"widget\" data-widget_type=\"text-editor.default\">\n\t\t\t\t\t\t\t\t\t<p>Avila Spaces offers four distinct venue options in central Lisbon: the Blue Ocean Auditorium at Parque das Na\u00e7\u00f5es (up to 50 guests, 73 m\u00b2), the Atrium Saldanha Auditorium (up to 35 guests, 30 m\u00b2), Meeting Rooms across locations (up to 20 guests, 10\u201340 m\u00b2), and the Avila Caf\u00e9 (up to 60 guests, 60 m\u00b2) \u2014 each with natural daylight, modern design, and flexible layouts.<\/p>\t\t\t\t\t\t\t\t<\/div>\n\t\t\t\t<\/div>\n\t\t\t\t\t<\/details>\n\t\t\t\t\t\t<details id=\"e-n-accordion-item-1151\" class=\"e-n-accordion-item\" >\n\t\t\t\t<summary class=\"e-n-accordion-item-title\" data-accordion-index=\"2\" tabindex=\"-1\" aria-expanded=\"false\" aria-controls=\"e-n-accordion-item-1151\" >\n\t\t\t\t\t<span class='e-n-accordion-item-title-header'><h3 class=\"e-n-accordion-item-title-text\"> What kinds of events can I host at Avila Spaces?  <\/h3><\/span>\n\t\t\t\t\t\t\t<span class='e-n-accordion-item-title-icon'>\n\t\t\t<span class='e-opened' ><svg xmlns=\"http:\/\/www.w3.org\/2000\/svg\" width=\"24\" height=\"24\" viewBox=\"0 0 24 24\" fill=\"none\"><path d=\"M11.9997 10.8284L7.04996 15.7782L5.63574 14.364L11.9997 8L18.3637 14.364L16.9495 15.7782L11.9997 10.8284Z\" fill=\"#C44F26\"><\/path><\/svg><\/span>\n\t\t\t<span class='e-closed'><svg xmlns=\"http:\/\/www.w3.org\/2000\/svg\" width=\"24\" height=\"24\" viewBox=\"0 0 24 24\" fill=\"none\"><path d=\"M11.9997 13.1714L16.9495 8.22168L18.3637 9.63589L11.9997 15.9999L5.63574 9.63589L7.04996 8.22168L11.9997 13.1714Z\" fill=\"#DF805F\"><\/path><\/svg><\/span>\n\t\t<\/span>\n\n\t\t\t\t\t\t<\/summary>\n\t\t\t\t<div role=\"region\" aria-labelledby=\"e-n-accordion-item-1151\" class=\"elementor-element elementor-element-9206c67 e-con-full e-flex e-con e-child\" data-id=\"9206c67\" data-element_type=\"container\" data-e-type=\"container\">\n\t\t\t\t<div class=\"elementor-element elementor-element-f88bee6 elementor-widget elementor-widget-text-editor\" data-id=\"f88bee6\" data-element_type=\"widget\" data-e-type=\"widget\" data-widget_type=\"text-editor.default\">\n\t\t\t\t\t\t\t\t\t<p>The spaces are designed for a wide range of corporate events, including conferences, workshops, training sessions, talks, presentations, team-building sessions, networking events, client meetings, breakfasts, cocktails, and happy hours. Each venue can be configured to fit the format of your event.<\/p>\t\t\t\t\t\t\t\t<\/div>\n\t\t\t\t<\/div>\n\t\t\t\t\t<\/details>\n\t\t\t\t\t\t<details id=\"e-n-accordion-item-1152\" class=\"e-n-accordion-item\" >\n\t\t\t\t<summary class=\"e-n-accordion-item-title\" data-accordion-index=\"3\" tabindex=\"-1\" aria-expanded=\"false\" aria-controls=\"e-n-accordion-item-1152\" >\n\t\t\t\t\t<span class='e-n-accordion-item-title-header'><h3 class=\"e-n-accordion-item-title-text\"> What AV and technology equipment is included in the event spaces?  <\/h3><\/span>\n\t\t\t\t\t\t\t<span class='e-n-accordion-item-title-icon'>\n\t\t\t<span class='e-opened' ><svg xmlns=\"http:\/\/www.w3.org\/2000\/svg\" width=\"24\" height=\"24\" viewBox=\"0 0 24 24\" fill=\"none\"><path d=\"M11.9997 10.8284L7.04996 15.7782L5.63574 14.364L11.9997 8L18.3637 14.364L16.9495 15.7782L11.9997 10.8284Z\" fill=\"#C44F26\"><\/path><\/svg><\/span>\n\t\t\t<span class='e-closed'><svg xmlns=\"http:\/\/www.w3.org\/2000\/svg\" width=\"24\" height=\"24\" viewBox=\"0 0 24 24\" fill=\"none\"><path d=\"M11.9997 13.1714L16.9495 8.22168L18.3637 9.63589L11.9997 15.9999L5.63574 9.63589L7.04996 8.22168L11.9997 13.1714Z\" fill=\"#DF805F\"><\/path><\/svg><\/span>\n\t\t<\/span>\n\n\t\t\t\t\t\t<\/summary>\n\t\t\t\t<div role=\"region\" aria-labelledby=\"e-n-accordion-item-1152\" class=\"elementor-element elementor-element-be58fba e-con-full e-flex e-con e-child\" data-id=\"be58fba\" data-element_type=\"container\" data-e-type=\"container\">\n\t\t\t\t<div class=\"elementor-element elementor-element-d321f92 elementor-widget elementor-widget-text-editor\" data-id=\"d321f92\" data-element_type=\"widget\" data-e-type=\"widget\" data-widget_type=\"text-editor.default\">\n\t\t\t\t\t\t\t\t\t<p>Both auditoriums include a complete audiovisual system. The Parque das Na\u00e7\u00f5es Auditorium also features a digital LED wall and stage use, with optional video-conferencing setup. Meeting rooms come equipped with a video-conferencing system as standard. Catering and caf\u00e9 support are available across all spaces.<\/p>\t\t\t\t\t\t\t\t<\/div>\n\t\t\t\t<\/div>\n\t\t\t\t\t<\/details>\n\t\t\t\t\t\t<details id=\"e-n-accordion-item-1153\" class=\"e-n-accordion-item\" >\n\t\t\t\t<summary class=\"e-n-accordion-item-title\" data-accordion-index=\"4\" tabindex=\"-1\" aria-expanded=\"false\" aria-controls=\"e-n-accordion-item-1153\" >\n\t\t\t\t\t<span class='e-n-accordion-item-title-header'><h3 class=\"e-n-accordion-item-title-text\"> Where are the Avila Spaces event venues located in Lisbon?  <\/h3><\/span>\n\t\t\t\t\t\t\t<span class='e-n-accordion-item-title-icon'>\n\t\t\t<span class='e-opened' ><svg xmlns=\"http:\/\/www.w3.org\/2000\/svg\" width=\"24\" height=\"24\" viewBox=\"0 0 24 24\" fill=\"none\"><path d=\"M11.9997 10.8284L7.04996 15.7782L5.63574 14.364L11.9997 8L18.3637 14.364L16.9495 15.7782L11.9997 10.8284Z\" fill=\"#C44F26\"><\/path><\/svg><\/span>\n\t\t\t<span class='e-closed'><svg xmlns=\"http:\/\/www.w3.org\/2000\/svg\" width=\"24\" height=\"24\" viewBox=\"0 0 24 24\" fill=\"none\"><path d=\"M11.9997 13.1714L16.9495 8.22168L18.3637 9.63589L11.9997 15.9999L5.63574 9.63589L7.04996 8.22168L11.9997 13.1714Z\" fill=\"#DF805F\"><\/path><\/svg><\/span>\n\t\t<\/span>\n\n\t\t\t\t\t\t<\/summary>\n\t\t\t\t<div role=\"region\" aria-labelledby=\"e-n-accordion-item-1153\" class=\"elementor-element elementor-element-0c75a0c e-con-full e-flex e-con e-child\" data-id=\"0c75a0c\" data-element_type=\"container\" data-e-type=\"container\">\n\t\t\t\t<div class=\"elementor-element elementor-element-5da1890 elementor-widget elementor-widget-text-editor\" data-id=\"5da1890\" data-element_type=\"widget\" data-e-type=\"widget\" data-widget_type=\"text-editor.default\">\n\t\t\t\t\t\t\t\t\t<p>The event spaces are located across two central Lisbon locations: Parque das Na\u00e7\u00f5es (near Oriente Station, 10 minutes from Lisbon Airport) and Atrium Saldanha (next to Saldanha Metro on the Yellow and Red lines) \u2014 both easily accessible by public transport.<\/p>\t\t\t\t\t\t\t\t<\/div>\n\t\t\t\t<\/div>\n\t\t\t\t\t<\/details>\n\t\t\t\t\t\t<details id=\"e-n-accordion-item-1154\" class=\"e-n-accordion-item\" >\n\t\t\t\t<summary class=\"e-n-accordion-item-title\" data-accordion-index=\"5\" tabindex=\"-1\" aria-expanded=\"false\" aria-controls=\"e-n-accordion-item-1154\" >\n\t\t\t\t\t<span class='e-n-accordion-item-title-header'><h3 class=\"e-n-accordion-item-title-text\"> Is catering available for events hosted at Avila Spaces?  <\/h3><\/span>\n\t\t\t\t\t\t\t<span class='e-n-accordion-item-title-icon'>\n\t\t\t<span class='e-opened' ><svg xmlns=\"http:\/\/www.w3.org\/2000\/svg\" width=\"24\" height=\"24\" viewBox=\"0 0 24 24\" fill=\"none\"><path d=\"M11.9997 10.8284L7.04996 15.7782L5.63574 14.364L11.9997 8L18.3637 14.364L16.9495 15.7782L11.9997 10.8284Z\" fill=\"#C44F26\"><\/path><\/svg><\/span>\n\t\t\t<span class='e-closed'><svg xmlns=\"http:\/\/www.w3.org\/2000\/svg\" width=\"24\" height=\"24\" viewBox=\"0 0 24 24\" fill=\"none\"><path d=\"M11.9997 13.1714L16.9495 8.22168L18.3637 9.63589L11.9997 15.9999L5.63574 9.63589L7.04996 8.22168L11.9997 13.1714Z\" fill=\"#DF805F\"><\/path><\/svg><\/span>\n\t\t<\/span>\n\n\t\t\t\t\t\t<\/summary>\n\t\t\t\t<div role=\"region\" aria-labelledby=\"e-n-accordion-item-1154\" class=\"elementor-element elementor-element-a13bd16 e-flex e-con-boxed e-con e-child\" data-id=\"a13bd16\" data-element_type=\"container\" data-e-type=\"container\">\n\t\t\t\t\t<div class=\"e-con-inner\">\n\t\t\t\t<div class=\"elementor-element elementor-element-f82b2af elementor-widget elementor-widget-text-editor\" data-id=\"f82b2af\" data-element_type=\"widget\" data-e-type=\"widget\" data-widget_type=\"text-editor.default\">\n\t\t\t\t\t\t\t\t\t<p>Yes. Caf\u00e9 support and catering services are available across all event spaces. The Avila Caf\u00e9 in particular offers bar service, cocktails, and full meal options &#8211; ideal for team gatherings, client events, and after-event networking moments.<\/p>\t\t\t\t\t\t\t\t<\/div>\n\t\t\t\t\t<\/div>\n\t\t\t\t<\/div>\n\t\t\t\t\t<\/details>\n\t\t\t\t\t\t<details id=\"e-n-accordion-item-1155\" class=\"e-n-accordion-item\" >\n\t\t\t\t<summary class=\"e-n-accordion-item-title\" data-accordion-index=\"6\" tabindex=\"-1\" aria-expanded=\"false\" aria-controls=\"e-n-accordion-item-1155\" >\n\t\t\t\t\t<span class='e-n-accordion-item-title-header'><h3 class=\"e-n-accordion-item-title-text\"> Can I get a turnkey event management service?  <\/h3><\/span>\n\t\t\t\t\t\t\t<span class='e-n-accordion-item-title-icon'>\n\t\t\t<span class='e-opened' ><svg xmlns=\"http:\/\/www.w3.org\/2000\/svg\" width=\"24\" height=\"24\" viewBox=\"0 0 24 24\" fill=\"none\"><path d=\"M11.9997 10.8284L7.04996 15.7782L5.63574 14.364L11.9997 8L18.3637 14.364L16.9495 15.7782L11.9997 10.8284Z\" fill=\"#C44F26\"><\/path><\/svg><\/span>\n\t\t\t<span class='e-closed'><svg xmlns=\"http:\/\/www.w3.org\/2000\/svg\" width=\"24\" height=\"24\" viewBox=\"0 0 24 24\" fill=\"none\"><path d=\"M11.9997 13.1714L16.9495 8.22168L18.3637 9.63589L11.9997 15.9999L5.63574 9.63589L7.04996 8.22168L11.9997 13.1714Z\" fill=\"#DF805F\"><\/path><\/svg><\/span>\n\t\t<\/span>\n\n\t\t\t\t\t\t<\/summary>\n\t\t\t\t<div role=\"region\" aria-labelledby=\"e-n-accordion-item-1155\" class=\"elementor-element elementor-element-e0a5c0e e-flex e-con-boxed e-con e-child\" data-id=\"e0a5c0e\" data-element_type=\"container\" data-e-type=\"container\">\n\t\t\t\t\t<div class=\"e-con-inner\">\n\t\t\t\t<div class=\"elementor-element elementor-element-7d4dcb7 elementor-widget elementor-widget-text-editor\" data-id=\"7d4dcb7\" data-element_type=\"widget\" data-e-type=\"widget\" data-widget_type=\"text-editor.default\">\n\t\t\t\t\t\t\t\t\t<p>Yes. Avila Spaces offers a full turnkey service to help you plan and run your event, so you can focus on the content while the team takes care of the setup and support. Contact us to discuss your event needs and get a tailored proposal.<\/p>\t\t\t\t\t\t\t\t<\/div>\n\t\t\t\t\t<\/div>\n\t\t\t\t<\/div>\n\t\t\t\t\t<\/details>\n\t\t\t\t\t<\/div>\n\t\t\t\t\t<script type=\"application\/ld+json\">{\"@context\":\"https:\\\/\\\/schema.org\",\"@type\":\"FAQPage\",\"mainEntity\":[{\"@type\":\"Question\",\"name\":\"What types of event spaces are available at Avila Spaces in Lisbon?\",\"acceptedAnswer\":{\"@type\":\"Answer\",\"text\":\"Avila Spaces offers four distinct venue options in central Lisbon: the Blue Ocean Auditorium at Parque das Na\\u00e7\\u00f5es (up to 50 guests, 73 m\\u00b2), the Atrium Saldanha Auditorium (up to 35 guests, 30 m\\u00b2), Meeting Rooms across locations (up to 20 guests, 10\\u201340 m\\u00b2), and the Avila Caf\\u00e9 (up to 60 guests, 60 m\\u00b2) \\u2014 each with natural daylight, modern design, and flexible layouts.\"}},{\"@type\":\"Question\",\"name\":\"What kinds of events can I host at Avila Spaces?\",\"acceptedAnswer\":{\"@type\":\"Answer\",\"text\":\"The spaces are designed for a wide range of corporate events, including conferences, workshops, training sessions, talks, presentations, team-building sessions, networking events, client meetings, breakfasts, cocktails, and happy hours. Each venue can be configured to fit the format of your event.\"}},{\"@type\":\"Question\",\"name\":\"What AV and technology equipment is included in the event spaces?\",\"acceptedAnswer\":{\"@type\":\"Answer\",\"text\":\"Both auditoriums include a complete audiovisual system. The Parque das Na\\u00e7\\u00f5es Auditorium also features a digital LED wall and stage use, with optional video-conferencing setup. Meeting rooms come equipped with a video-conferencing system as standard. Catering and caf\\u00e9 support are available across all spaces.\"}},{\"@type\":\"Question\",\"name\":\"Where are the Avila Spaces event venues located in Lisbon?\",\"acceptedAnswer\":{\"@type\":\"Answer\",\"text\":\"The event spaces are located across two central Lisbon locations: Parque das Na\\u00e7\\u00f5es (near Oriente Station, 10 minutes from Lisbon Airport) and Atrium Saldanha (next to Saldanha Metro on the Yellow and Red lines) \\u2014 both easily accessible by public transport.\"}},{\"@type\":\"Question\",\"name\":\"Is catering available for events hosted at Avila Spaces?\",\"acceptedAnswer\":{\"@type\":\"Answer\",\"text\":\"Yes. Caf\\u00e9 support and catering services are available across all event spaces. The Avila Caf\\u00e9 in particular offers bar service, cocktails, and full meal options &#8211; ideal for team gatherings, client events, and after-event networking moments.\"}},{\"@type\":\"Question\",\"name\":\"Can I get a turnkey event management service?\",\"acceptedAnswer\":{\"@type\":\"Answer\",\"text\":\"Yes. Avila Spaces offers a full turnkey service to help you plan and run your event, so you can focus on the content while the team takes care of the setup and support. Contact us to discuss your event needs and get a tailored proposal.\"}}]}<\/script>\n\t\t\t\t\t\t\t<\/div>\n\t\t\t\t<\/div>\n\t\t\t\t\t<\/div>\n\t\t\t\t<\/div>\n\t\t<div class=\"elementor-element elementor-element-1e0db91 e-flex e-con-boxed e-con e-parent\" data-id=\"1e0db91\" data-element_type=\"container\" data-e-type=\"container\">\n\t\t\t\t\t<div class=\"e-con-inner\">\n\t\t\t\t<div class=\"elementor-element elementor-element-0ad8e1b elementor-widget elementor-widget-heading\" data-id=\"0ad8e1b\" data-element_type=\"widget\" data-e-type=\"widget\" id=\"contact-us\" data-widget_type=\"heading.default\">\n\t\t\t\t\t<h2 class=\"elementor-heading-title elementor-size-default\">Contact us<\/h2>\t\t\t\t<\/div>\n\t\t\t\t<div class=\"elementor-element elementor-element-1f7df61 elementor-widget__width-initial elementor-widget elementor-widget-shortcode\" data-id=\"1f7df61\" data-element_type=\"widget\" data-e-type=\"widget\" data-widget_type=\"shortcode.default\">\n\t\t\t\t\t\t\t<div class=\"elementor-shortcode\"><script>\nvar gform;gform||(document.addEventListener(\"gform_main_scripts_loaded\",function(){gform.scriptsLoaded=!0}),document.addEventListener(\"gform\/theme\/scripts_loaded\",function(){gform.themeScriptsLoaded=!0}),window.addEventListener(\"DOMContentLoaded\",function(){gform.domLoaded=!0}),gform={domLoaded:!1,scriptsLoaded:!1,themeScriptsLoaded:!1,isFormEditor:()=>\"function\"==typeof InitializeEditor,callIfLoaded:function(o){return!(!gform.domLoaded||!gform.scriptsLoaded||!gform.themeScriptsLoaded&&!gform.isFormEditor()||(gform.isFormEditor()&&console.warn(\"The use of gform.initializeOnLoaded() is deprecated in the form editor context and will be removed in Gravity Forms 3.1.\"),o(),0))},initializeOnLoaded:function(o){gform.callIfLoaded(o)||(document.addEventListener(\"gform_main_scripts_loaded\",()=>{gform.scriptsLoaded=!0,gform.callIfLoaded(o)}),document.addEventListener(\"gform\/theme\/scripts_loaded\",()=>{gform.themeScriptsLoaded=!0,gform.callIfLoaded(o)}),window.addEventListener(\"DOMContentLoaded\",()=>{gform.domLoaded=!0,gform.callIfLoaded(o)}))},hooks:{action:{},filter:{}},addAction:function(o,r,e,t){gform.addHook(\"action\",o,r,e,t)},addFilter:function(o,r,e,t){gform.addHook(\"filter\",o,r,e,t)},doAction:function(o){gform.doHook(\"action\",o,arguments)},applyFilters:function(o){return gform.doHook(\"filter\",o,arguments)},removeAction:function(o,r){gform.removeHook(\"action\",o,r)},removeFilter:function(o,r,e){gform.removeHook(\"filter\",o,r,e)},addHook:function(o,r,e,t,n){null==gform.hooks[o][r]&&(gform.hooks[o][r]=[]);var d=gform.hooks[o][r];null==n&&(n=r+\"_\"+d.length),gform.hooks[o][r].push({tag:n,callable:e,priority:t=null==t?10:t})},doHook:function(r,o,e){var t;if(e=Array.prototype.slice.call(e,1),null!=gform.hooks[r][o]&&((o=gform.hooks[r][o]).sort(function(o,r){return o.priority-r.priority}),o.forEach(function(o){\"function\"!=typeof(t=o.callable)&&(t=window[t]),\"action\"==r?t.apply(null,e):e[0]=t.apply(null,e)})),\"filter\"==r)return e[0]},removeHook:function(o,r,t,n){var e;null!=gform.hooks[o][r]&&(e=(e=gform.hooks[o][r]).filter(function(o,r,e){return!!(null!=n&&n!=o.tag||null!=t&&t!=o.priority)}),gform.hooks[o][r]=e)}});\n<\/script>\n\n                <div class='gf_browser_gecko gform_wrapper gform-theme gform-theme--foundation gform-theme--framework gform-theme--orbital contact-form_wrapper' data-form-theme='orbital' data-form-index='0' id='gform_wrapper_14' ><style>#gform_wrapper_14[data-form-index=\"0\"].gform-theme,[data-parent-form=\"14_0\"]{--gf-color-primary: #204ce5;--gf-color-primary-rgb: 32, 76, 229;--gf-color-primary-contrast: #fff;--gf-color-primary-contrast-rgb: 255, 255, 255;--gf-color-primary-darker: #001AB3;--gf-color-primary-lighter: #527EFF;--gf-color-secondary: #fff;--gf-color-secondary-rgb: 255, 255, 255;--gf-color-secondary-contrast: #112337;--gf-color-secondary-contrast-rgb: 17, 35, 55;--gf-color-secondary-darker: #F5F5F5;--gf-color-secondary-lighter: #FFFFFF;--gf-color-out-ctrl-light: rgba(17, 35, 55, 0.1);--gf-color-out-ctrl-light-rgb: 17, 35, 55;--gf-color-out-ctrl-light-darker: rgba(104, 110, 119, 0.35);--gf-color-out-ctrl-light-lighter: #F5F5F5;--gf-color-out-ctrl-dark: #585e6a;--gf-color-out-ctrl-dark-rgb: 88, 94, 106;--gf-color-out-ctrl-dark-darker: #112337;--gf-color-out-ctrl-dark-lighter: rgba(17, 35, 55, 0.65);--gf-color-in-ctrl: #fff;--gf-color-in-ctrl-rgb: 255, 255, 255;--gf-color-in-ctrl-contrast: #112337;--gf-color-in-ctrl-contrast-rgb: 17, 35, 55;--gf-color-in-ctrl-darker: #F5F5F5;--gf-color-in-ctrl-lighter: #FFFFFF;--gf-color-in-ctrl-primary: #204ce5;--gf-color-in-ctrl-primary-rgb: 32, 76, 229;--gf-color-in-ctrl-primary-contrast: #fff;--gf-color-in-ctrl-primary-contrast-rgb: 255, 255, 255;--gf-color-in-ctrl-primary-darker: #001AB3;--gf-color-in-ctrl-primary-lighter: #527EFF;--gf-color-in-ctrl-light: rgba(17, 35, 55, 0.1);--gf-color-in-ctrl-light-rgb: 17, 35, 55;--gf-color-in-ctrl-light-darker: rgba(104, 110, 119, 0.35);--gf-color-in-ctrl-light-lighter: #F5F5F5;--gf-color-in-ctrl-dark: #585e6a;--gf-color-in-ctrl-dark-rgb: 88, 94, 106;--gf-color-in-ctrl-dark-darker: #112337;--gf-color-in-ctrl-dark-lighter: rgba(17, 35, 55, 0.65);--gf-radius: 3px;--gf-font-size-secondary: 14px;--gf-font-size-tertiary: 13px;--gf-icon-ctrl-number: url(\"data:image\/svg+xml,%3Csvg width='8' height='14' viewBox='0 0 8 14' fill='none' xmlns='http:\/\/www.w3.org\/2000\/svg'%3E%3Cpath fill-rule='evenodd' clip-rule='evenodd' d='M4 0C4.26522 5.96046e-08 4.51957 0.105357 4.70711 0.292893L7.70711 3.29289C8.09763 3.68342 8.09763 4.31658 7.70711 4.70711C7.31658 5.09763 6.68342 5.09763 6.29289 4.70711L4 2.41421L1.70711 4.70711C1.31658 5.09763 0.683417 5.09763 0.292893 4.70711C-0.0976311 4.31658 -0.097631 3.68342 0.292893 3.29289L3.29289 0.292893C3.48043 0.105357 3.73478 0 4 0ZM0.292893 9.29289C0.683417 8.90237 1.31658 8.90237 1.70711 9.29289L4 11.5858L6.29289 9.29289C6.68342 8.90237 7.31658 8.90237 7.70711 9.29289C8.09763 9.68342 8.09763 10.3166 7.70711 10.7071L4.70711 13.7071C4.31658 14.0976 3.68342 14.0976 3.29289 13.7071L0.292893 10.7071C-0.0976311 10.3166 -0.0976311 9.68342 0.292893 9.29289Z' fill='rgba(17, 35, 55, 0.65)'\/%3E%3C\/svg%3E\");--gf-icon-ctrl-select: url(\"data:image\/svg+xml,%3Csvg width='10' height='6' viewBox='0 0 10 6' fill='none' xmlns='http:\/\/www.w3.org\/2000\/svg'%3E%3Cpath fill-rule='evenodd' clip-rule='evenodd' d='M0.292893 0.292893C0.683417 -0.097631 1.31658 -0.097631 1.70711 0.292893L5 3.58579L8.29289 0.292893C8.68342 -0.0976311 9.31658 -0.0976311 9.70711 0.292893C10.0976 0.683417 10.0976 1.31658 9.70711 1.70711L5.70711 5.70711C5.31658 6.09763 4.68342 6.09763 4.29289 5.70711L0.292893 1.70711C-0.0976311 1.31658 -0.0976311 0.683418 0.292893 0.292893Z' fill='rgba(17, 35, 55, 0.65)'\/%3E%3C\/svg%3E\");--gf-icon-ctrl-search: url(\"data:image\/svg+xml,%3Csvg width='640' height='640' xmlns='http:\/\/www.w3.org\/2000\/svg'%3E%3Cpath d='M256 128c-70.692 0-128 57.308-128 128 0 70.691 57.308 128 128 128 70.691 0 128-57.309 128-128 0-70.692-57.309-128-128-128zM64 256c0-106.039 85.961-192 192-192s192 85.961 192 192c0 41.466-13.146 79.863-35.498 111.248l154.125 154.125c12.496 12.496 12.496 32.758 0 45.254s-32.758 12.496-45.254 0L367.248 412.502C335.862 434.854 297.467 448 256 448c-106.039 0-192-85.962-192-192z' fill='rgba(17, 35, 55, 0.65)'\/%3E%3C\/svg%3E\");--gf-label-space-y-secondary: var(--gf-label-space-y-md-secondary);--gf-ctrl-border-color: #686e77;--gf-ctrl-size: var(--gf-ctrl-size-md);--gf-ctrl-label-color-primary: #112337;--gf-ctrl-label-color-secondary: #112337;--gf-ctrl-choice-size: var(--gf-ctrl-choice-size-md);--gf-ctrl-checkbox-check-size: var(--gf-ctrl-checkbox-check-size-md);--gf-ctrl-radio-check-size: var(--gf-ctrl-radio-check-size-md);--gf-ctrl-btn-font-size: var(--gf-ctrl-btn-font-size-md);--gf-ctrl-btn-padding-x: var(--gf-ctrl-btn-padding-x-md);--gf-ctrl-btn-size: var(--gf-ctrl-btn-size-md);--gf-ctrl-btn-border-color-secondary: #686e77;--gf-ctrl-file-btn-bg-color-hover: #EBEBEB;--gf-field-img-choice-size: var(--gf-field-img-choice-size-md);--gf-field-img-choice-card-space: var(--gf-field-img-choice-card-space-md);--gf-field-img-choice-check-ind-size: var(--gf-field-img-choice-check-ind-size-md);--gf-field-img-choice-check-ind-icon-size: var(--gf-field-img-choice-check-ind-icon-size-md);--gf-field-pg-steps-number-color: rgba(17, 35, 55, 0.8);}<\/style><div id='gf_14' class='gform_anchor' tabindex='-1'><\/div>\n                        <div class='gform_heading'>\n                            <p class='gform_description'><\/p>\n\t\t\t\t\t\t\t<p class='gform_required_legend'>&quot;<span class=\"gfield_required gfield_required_asterisk\">*<\/span>&quot; indicates required fields<\/p>\n                        <\/div><form method='post' enctype='multipart\/form-data' target='gform_ajax_frame_14' id='gform_14' class='contact-form' action='\/en\/wp-json\/wp\/v2\/services\/453#gf_14' data-formid='14' novalidate>\n                        <div class='gform-body gform_body'><div id='gform_fields_14' class='gform_fields top_label form_sublabel_below description_below validation_below'><div id=\"field_14_14\" class=\"gfield gfield--type-post_custom_field gfield--input-type-text gfield--width-full field_sublabel_below gfield--no-description field_description_below field_validation_below gfield_visibility_hidden\"  ><div class=\"admin-hidden-markup\"><i class=\"gform-icon gform-icon--hidden\" aria-hidden=\"true\" title=\"This field is hidden when viewing the form\"><\/i><span>This field is hidden when viewing the form<\/span><\/div><label class='gfield_label gform-field-label' for='input_14_14'>I\u2019m interested in<\/label><div class='ginput_container ginput_container_text'><input name='input_14' id='input_14_14' type='text' value='space-for-events' class='large'      aria-invalid=\"false\"   \/><\/div><\/div><div id=\"field_14_3\" class=\"gfield gfield--type-text gfield--input-type-text gfield_contains_required field_sublabel_below gfield--no-description field_description_below field_validation_below gfield_visibility_visible\"  ><label class='gfield_label gform-field-label' for='input_14_3'>Your Name<span class=\"gfield_required\"><span class=\"gfield_required gfield_required_asterisk\">*<\/span><\/span><\/label><div class='ginput_container ginput_container_text'><input name='input_3' id='input_14_3' type='text' value='' class='large'    placeholder='Your full name' aria-required=\"true\" aria-invalid=\"false\"   \/><\/div><\/div><div id=\"field_14_5\" class=\"gfield gfield--type-email gfield--input-type-email gfield--width-full gfield_contains_required field_sublabel_below gfield--no-description field_description_below field_validation_below gfield_visibility_visible\"  ><label class='gfield_label gform-field-label' for='input_14_5'>Email<span class=\"gfield_required\"><span class=\"gfield_required gfield_required_asterisk\">*<\/span><\/span><\/label><div class='ginput_container ginput_container_email'>\n                            <input name='input_5' id='input_14_5' type='email' value='' class='large'   placeholder='Your email' aria-required=\"true\" aria-invalid=\"false\"  \/>\n                        <\/div><\/div><div id=\"field_14_6\" class=\"gfield gfield--type-text gfield--input-type-text gfield--width-full gfield_contains_required field_sublabel_below gfield--no-description field_description_below field_validation_below gfield_visibility_visible\"  ><label class='gfield_label gform-field-label' for='input_14_6'>Phone<span class=\"gfield_required\"><span class=\"gfield_required gfield_required_asterisk\">*<\/span><\/span><\/label><div class='ginput_container ginput_container_text'><input name='input_6' id='input_14_6' type='text' value='' class='large'    placeholder='Your phone number' aria-required=\"true\" aria-invalid=\"false\"   \/><\/div><\/div><div id=\"field_14_12\" class=\"gfield gfield--type-text gfield--input-type-text gfield--width-full field_sublabel_below gfield--no-description field_description_below field_validation_below gfield_visibility_visible\"  ><label class='gfield_label gform-field-label' for='input_14_12'>Company Name<\/label><div class='ginput_container ginput_container_text'><input name='input_12' id='input_14_12' type='text' value='' class='large'    placeholder='Your company name'  aria-invalid=\"false\"   \/><\/div><\/div><fieldset id=\"field_14_11\" class=\"gfield gfield--type-radio gfield--type-choice gfield--input-type-radio gfield--width-full field_sublabel_below gfield--no-description field_description_below field_validation_below gfield_visibility_visible\"  ><legend class='gfield_label gform-field-label' >Choose location<\/legend><div class='ginput_container ginput_container_radio'><div class='gfield_radio' id='input_14_11'>\n\t\t\t<div class='gchoice gchoice_14_11_0'>\n\t\t\t\t\t<input class='gfield-choice-input' name='input_11' type='radio' value='AV. REP\u00daBLICA'  id='choice_14_11_0' onchange='gformToggleRadioOther( this )'    \/>\n\t\t\t\t\t<label for='choice_14_11_0' id='label_14_11_0' class='gform-field-label gform-field-label--type-inline'>AV. REP\u00daBLICA<p>Av. da Rep\u00fablica, n\u00ba6, 1\u00ba Esq.1050-191 Lisbon<\/p><a href=\"\/contacts\/av-republica\/\">See Location<\/a><\/label>\n\t\t\t<\/div>\n\t\t\t<div class='gchoice gchoice_14_11_1'>\n\t\t\t\t\t<input class='gfield-choice-input' name='input_11' type='radio' value='ATRIUM SALDANHA'  id='choice_14_11_1' onchange='gformToggleRadioOther( this )'    \/>\n\t\t\t\t\t<label for='choice_14_11_1' id='label_14_11_1' class='gform-field-label gform-field-label--type-inline'>ATRIUM SALDANHA<p>Pra\u00e7a Duque de Saldanha n\u00ba 1, 2\u00ba andar\u20281050-094 Lisboa<\/p><a href=\"\/contacts\/saldanha\/\">See Location<\/a><\/label>\n\t\t\t<\/div>\n\t\t\t<div class='gchoice gchoice_14_11_2'>\n\t\t\t\t\t<input class='gfield-choice-input' name='input_11' type='radio' value='PARQUE DAS NA\u00c7\u00d5ES'  id='choice_14_11_2' onchange='gformToggleRadioOther( this )'    \/>\n\t\t\t\t\t<label for='choice_14_11_2' id='label_14_11_2' class='gform-field-label gform-field-label--type-inline'>PARQUE DAS NA\u00c7\u00d5ES<p>Av. Dom Jo\u00e3o II 52 Piso 0  1990-096 Lisboa<\/p><a href=\"\/contacts\/parque-das-nacoes\/\">See Location<\/a><\/label>\n\t\t\t<\/div><\/div><\/div><\/fieldset><div id=\"field_14_9\" class=\"gfield gfield--type-textarea gfield--input-type-textarea gfield--width-full field_sublabel_below gfield--no-description field_description_below field_validation_below gfield_visibility_visible\"  ><label class='gfield_label gform-field-label' for='input_14_9'>Message<\/label><div class='ginput_container ginput_container_textarea'><textarea name='input_9' id='input_14_9' class='textarea large'    placeholder='Your message goes here...'  aria-invalid=\"false\"   rows='10' cols='50'><\/textarea><\/div><\/div><fieldset id=\"field_14_10\" class=\"gfield gfield--type-consent gfield--type-choice gfield--input-type-consent gfield--width-full gfield_contains_required field_sublabel_below gfield--no-description field_description_below hidden_label field_validation_below gfield_visibility_visible\"  ><legend class='gfield_label gform-field-label gfield_label_before_complex' >Consentimento<span class=\"gfield_required\"><span class=\"gfield_required gfield_required_asterisk\">*<\/span><\/span><\/legend><div class='ginput_container ginput_container_consent'><input name='input_10.1' id='input_14_10_1' type='checkbox' value='1'   aria-required=\"true\" aria-invalid=\"false\"   \/> <label class=\"gform-field-label gform-field-label--type-inline gfield_consent_label\" for='input_14_10_1' >I agree with the <a href=\"\/en\/terms-and-conditions\/\">Term of Uses<\/a> and <a href=\"\/en\/privacy-policy\/\">Privacy Policy<\/a>.<span class=\"gfield_required gfield_required_asterisk\">*<\/span><\/label><input type='hidden' name='input_10.2' value='I agree with the &lt;a href=&quot;\/en\/terms-and-conditions\/&quot;&gt;Term of Uses&lt;\/a&gt; and &lt;a href=&quot;\/en\/privacy-policy\/&quot;&gt;Privacy Policy&lt;\/a&gt;.' class='gform_hidden' \/><input type='hidden' name='input_10.3' value='12' class='gform_hidden' \/><\/div><\/fieldset><\/div><\/div>\n        <div class='gform-footer gform_footer top_label'> <input type='submit' id='gform_submit_button_14' class='gform_button button' onclick='gform.submission.handleButtonClick(this);' data-submission-type='submit' value='Send'  \/> <input type='hidden' name='gform_ajax' value='form_id=14&amp;title=&amp;description=1&amp;tabindex=0&amp;theme=orbital&amp;styles=[]&amp;hash=6b116b95179604b16d69c5db4c8d4b9c' \/>\n            <input type='hidden' class='gform_hidden' name='gform_submission_method' data-js='gform_submission_method_14' value='iframe' \/>\n            <input type='hidden' class='gform_hidden' name='gform_theme' data-js='gform_theme_14' id='gform_theme_14' value='orbital' \/>\n            <input type='hidden' class='gform_hidden' name='gform_style_settings' data-js='gform_style_settings_14' id='gform_style_settings_14' value='[]' \/>\n            <input type='hidden' class='gform_hidden' name='is_submit_14' value='1' \/>\n            <input type='hidden' class='gform_hidden' name='gform_submit' value='14' \/>\n            \n            <input type='hidden' class='gform_hidden' name='gform_currency' data-currency='EUR' value='4Q1Ltoz0psp9U+CNJtlfdskb0CfnJoarLxIYyUMsa+VVpIrAbmQr+1I3AX+Slsh4H2pl790UPc0svEYwGRsCnWClFM3IJ94WfFtqdLhJxs0Jsno=' \/>\n            <input type='hidden' class='gform_hidden' name='gform_unique_id' value='' \/>\n            <input type='hidden' class='gform_hidden' name='state_14' value='WyJ7XCIxMVwiOltcIjBkN2EwNWU5MWU4MmQ3M2I4N2E4MWRlMDU5MmMyNTRlXCIsXCJkN2ZlNjgwNTAzM2U1MGJlNGJjZjc4YjczZGVhODA3NlwiLFwiMTYwM2U4MmY3NWRjMTQ3ZTRiZDZiOTE3ZjNiZTZlMTlcIl0sXCIxMC4xXCI6XCI1MWVmZTAwMWJiZTA4ZmJiZjFhYWIxYTczY2ZlYmUwYVwiLFwiMTAuMlwiOlwiMjc1NWNjNjM3ZGZhM2NmMTBlNjIzNmI3YTU0MGRkMjVcIixcIjEwLjNcIjpcImZjMGVkNWQyNGUyMWU2NzdlYTY1ZjY3MWI0ZjA3MzZlXCJ9IiwiMDUwMjU3MGJlNjFhYjZmMzQ2OGQwZWU2NTA3OGFkNzIiXQ==' \/>\n            <input type='hidden' autocomplete='off' class='gform_hidden' name='gform_target_page_number_14' id='gform_target_page_number_14' value='0' \/>\n            <input type='hidden' autocomplete='off' class='gform_hidden' name='gform_source_page_number_14' id='gform_source_page_number_14' value='1' \/>\n            <input type='hidden' name='gform_field_values' value='slug_servico=space-for-events' \/>\n            \n        <\/div>\n                        <\/form>\n                        <\/div>\n\t\t                <iframe style='display:none;width:0px;height:0px;' src='about:blank' name='gform_ajax_frame_14' id='gform_ajax_frame_14' title='This iframe contains the logic required to handle Ajax powered Gravity Forms.'><\/iframe>\n\t\t                <script>\ngform.initializeOnLoaded( function() {gformInitSpinner( 14, 'https:\/\/avilaspaces.com\/wp-content\/plugins\/gravityforms\/images\/spinner.svg', false );jQuery('#gform_ajax_frame_14').on('load',function(){var contents = jQuery(this).contents().find('*').html();var is_postback = contents.indexOf('GF_AJAX_POSTBACK') >= 0;if(!is_postback){return;}var form_content = jQuery(this).contents().find('#gform_wrapper_14');var is_confirmation = jQuery(this).contents().find('#gform_confirmation_wrapper_14').length > 0;var is_redirect = contents.indexOf('gformRedirect(){') >= 0;var is_form = form_content.length > 0 && ! is_redirect && ! is_confirmation;var mt = parseInt(jQuery('html').css('margin-top'), 10) + parseInt(jQuery('body').css('margin-top'), 10) + 100;if(is_form){jQuery('#gform_wrapper_14').html(form_content.html());if(form_content.hasClass('gform_validation_error')){jQuery('#gform_wrapper_14').addClass('gform_validation_error');} else {jQuery('#gform_wrapper_14').removeClass('gform_validation_error');}setTimeout( function() { \/* delay the scroll by 50 milliseconds to fix a bug in chrome *\/ jQuery(document).scrollTop(jQuery('#gform_wrapper_14').offset().top - mt); }, 50 );if(window['gformInitDatepicker']) {gformInitDatepicker();}if(window['gformInitPriceFields']) {gformInitPriceFields();}var current_page = jQuery('#gform_source_page_number_14').val();gformInitSpinner( 14, 'https:\/\/avilaspaces.com\/wp-content\/plugins\/gravityforms\/images\/spinner.svg', false );jQuery(document).trigger('gform_page_loaded', [14, current_page]);window['gf_submitting_14'] = false;}else if(!is_redirect){var confirmation_content = jQuery(this).contents().find('.GF_AJAX_POSTBACK').html();if(!confirmation_content){confirmation_content = contents;}jQuery('#gform_wrapper_14').replaceWith(confirmation_content);jQuery(document).scrollTop(jQuery('#gf_14').offset().top - mt);jQuery(document).trigger('gform_confirmation_loaded', [14]);window['gf_submitting_14'] = false;wp.a11y.speak(jQuery('#gform_confirmation_message_14').text());}else{jQuery('#gform_14').append(contents);if(window['gformRedirect']) {gformRedirect();}}jQuery(document).trigger(\"gform_pre_post_render\", [{ formId: \"14\", currentPage: \"current_page\", abort: function() { this.preventDefault(); } }]);        if (event && event.defaultPrevented) {                return;        }        const gformWrapperDiv = document.getElementById( \"gform_wrapper_14\" );        if ( gformWrapperDiv ) {            const visibilitySpan = document.createElement( \"span\" );            visibilitySpan.id = \"gform_visibility_test_14\";            gformWrapperDiv.insertAdjacentElement( \"afterend\", visibilitySpan );        }        const visibilityTestDiv = document.getElementById( \"gform_visibility_test_14\" );        let postRenderFired = false;        function triggerPostRender() {            if ( postRenderFired ) {                return;            }            postRenderFired = true;            gform.core.triggerPostRenderEvents( 14, current_page );            if ( visibilityTestDiv ) {                visibilityTestDiv.parentNode.removeChild( visibilityTestDiv );            }        }        function debounce( func, wait, immediate ) {            var timeout;            return function() {                var context = this, args = arguments;                var later = function() {                    timeout = null;                    if ( !immediate ) func.apply( context, args );                };                var callNow = immediate && !timeout;                clearTimeout( timeout );                timeout = setTimeout( later, wait );                if ( callNow ) func.apply( context, args );            };        }        const debouncedTriggerPostRender = debounce( function() {            triggerPostRender();        }, 200 );        if ( visibilityTestDiv && visibilityTestDiv.offsetParent === null ) {            const observer = new MutationObserver( ( mutations ) => {                mutations.forEach( ( mutation ) => {                    if ( mutation.type === 'attributes' && visibilityTestDiv.offsetParent !== null ) {                        debouncedTriggerPostRender();                        observer.disconnect();                    }                });            });            observer.observe( document.body, {                attributes: true,                childList: false,                subtree: true,                attributeFilter: [ 'style', 'class' ],            });        } else {            triggerPostRender();        }    } );} );\n<\/script>\n<\/div>\n\t\t\t\t\t\t<\/div>\n\t\t\t\t\t<\/div>\n\t\t\t\t<\/div>\n\t\t\t\t<\/div>\n\t\t","protected":false},"excerpt":{"rendered":"<p>Versatile spaces in central Lisbon for corporate events, workshops and training sessions, with support for setup, guest reception and included technology. Tailor-made solutions for every type of event.<\/p>\n","protected":false},"featured_media":198,"template":"elementor_header_footer","meta":{"_acf_changed":false,"inline_featured_image":false},"class_list":["post-453","services","type-services","status-publish","has-post-thumbnail","hentry"],"acf":[],"_links":{"self":[{"href":"https:\/\/avilaspaces.com\/en\/wp-json\/wp\/v2\/services\/453","targetHints":{"allow":["GET"]}}],"collection":[{"href":"https:\/\/avilaspaces.com\/en\/wp-json\/wp\/v2\/services"}],"about":[{"href":"https:\/\/avilaspaces.com\/en\/wp-json\/wp\/v2\/types\/services"}],"version-history":[{"count":43,"href":"https:\/\/avilaspaces.com\/en\/wp-json\/wp\/v2\/services\/453\/revisions"}],"predecessor-version":[{"id":13893,"href":"https:\/\/avilaspaces.com\/en\/wp-json\/wp\/v2\/services\/453\/revisions\/13893"}],"wp:featuredmedia":[{"embeddable":true,"href":"https:\/\/avilaspaces.com\/en\/wp-json\/wp\/v2\/media\/198"}],"wp:attachment":[{"href":"https:\/\/avilaspaces.com\/en\/wp-json\/wp\/v2\/media?parent=453"}],"curies":[{"name":"wp","href":"https:\/\/api.w.org\/{rel}","templated":true}]}}