{"id":4845,"date":"2025-09-11T18:22:32","date_gmt":"2025-09-11T18:22:32","guid":{"rendered":"https:\/\/avilaspaces.com\/events\/"},"modified":"2026-04-13T15:54:52","modified_gmt":"2026-04-13T15:54:52","slug":"eventos","status":"publish","type":"page","link":"https:\/\/avilaspaces.com\/pt\/eventos\/","title":{"rendered":"Eventos e Networking"},"content":{"rendered":"\t\t<div data-elementor-type=\"wp-page\" data-elementor-id=\"4845\" class=\"elementor elementor-4845 elementor-72\" data-elementor-post-type=\"page\">\n\t\t\t\t<div class=\"elementor-element elementor-element-4cc9b72 e-flex e-con-boxed e-con e-parent\" data-id=\"4cc9b72\" data-element_type=\"container\" data-e-type=\"container\" data-settings=\"{&quot;background_background&quot;:&quot;classic&quot;}\">\n\t\t\t\t\t<div class=\"e-con-inner\">\n\t\t<div class=\"elementor-element elementor-element-9516851 e-con-full e-flex e-con e-child\" data-id=\"9516851\" data-element_type=\"container\" data-e-type=\"container\">\n\t\t\t\t<div class=\"elementor-element elementor-element-8c4a88a elementor-widget__width-initial elementor-widget-laptop__width-initial elementor-widget elementor-widget-heading\" data-id=\"8c4a88a\" data-element_type=\"widget\" data-e-type=\"widget\" data-widget_type=\"heading.default\">\n\t\t\t\t\t<h1 class=\"elementor-heading-title elementor-size-default\">Eventos<\/h1>\t\t\t\t<\/div>\n\t\t\t\t<div class=\"elementor-element elementor-element-808f932 elementor-widget__width-initial elementor-widget-laptop__width-initial elementor-widget elementor-widget-text-editor\" data-id=\"808f932\" data-element_type=\"widget\" data-e-type=\"widget\" data-widget_type=\"text-editor.default\">\n\t\t\t\t\t\t\t\t\t<p>Organizamos eventos comunit\u00e1rios regulares \u2014 desde happy hours semanais e sess\u00f5es de medita\u00e7\u00e3o a almo\u00e7os comunit\u00e1rios e encontros sazonais \u2014 reunindo membros de todas as nossas localiza\u00e7\u00f5es em Lisboa para se conectarem, recarregarem as energias e fazerem networking.<\/p>\t\t\t\t\t\t\t\t<\/div>\n\t\t\t\t<\/div>\n\t\t\t\t\t<\/div>\n\t\t\t\t<\/div>\n\t\t<div class=\"elementor-element elementor-element-4528dc4 e-flex e-con-boxed e-con e-parent\" data-id=\"4528dc4\" data-element_type=\"container\" data-e-type=\"container\">\n\t\t\t\t\t<div class=\"e-con-inner\">\n\t\t<div class=\"elementor-element elementor-element-fce9806 e-con-full e-flex e-con e-child\" data-id=\"fce9806\" data-element_type=\"container\" data-e-type=\"container\">\n\t\t\t\t<div class=\"elementor-element elementor-element-3f8a611 elementor-widget elementor-widget-heading\" data-id=\"3f8a611\" data-element_type=\"widget\" data-e-type=\"widget\" data-widget_type=\"heading.default\">\n\t\t\t\t\t<h2 class=\"elementor-heading-title elementor-size-default\">pr\u00f3ximos eventos<\/h2>\t\t\t\t<\/div>\n\t\t\t\t<div class=\"elementor-element elementor-element-3919d21 elementor-widget elementor-widget-shortcode\" data-id=\"3919d21\" data-element_type=\"widget\" data-e-type=\"widget\" data-widget_type=\"shortcode.default\">\n\t\t\t\t\t\t\t<div class=\"elementor-shortcode\"><div class=\"avila-events-all\"><div class=\"events-section\"><div class=\"avila-events-list events-section future-events\"><a href=\"https:\/\/avilaspaces.com\/pt\/events\/happy-hour-april\" class=\"avila-event-item\"><div class=\"event-date\">30.04<\/div><div class=\"event-content\"><div class=\"event-title\">Happy Hour - April<\/div><div class=\"event-location\">Atrium Saldanha<\/div><\/div><\/a><a href=\"https:\/\/avilaspaces.com\/pt\/events\/monday-brunch-may\" class=\"avila-event-item\"><div class=\"event-date\">4.05<\/div><div class=\"event-content\"><div class=\"event-title\">Monday Brunch - May<\/div><div class=\"event-location\">Parque das Na\u00e7\u00f5es<\/div><\/div><\/a><a href=\"https:\/\/avilaspaces.com\/pt\/events\/meditation-session-may\" class=\"avila-event-item\"><div class=\"event-date\">5.05<\/div><div class=\"event-content\"><div class=\"event-title\">Meditation Session - May<\/div><div class=\"event-location\">Atrium Saldanha<\/div><\/div><\/a><a href=\"https:\/\/avilaspaces.com\/pt\/events\/meditation-session-may\" class=\"avila-event-item\"><div class=\"event-date\">6.05<\/div><div class=\"event-content\"><div class=\"event-title\">Meditation Session - May<\/div><div class=\"event-location\">Parque das Na\u00e7\u00f5es<\/div><\/div><\/a><a href=\"https:\/\/avilaspaces.com\/pt\/events\/community-lunch\" class=\"avila-event-item\"><div class=\"event-date\">7.05<\/div><div class=\"event-content\"><div class=\"event-title\">Community Lunch<\/div><div class=\"event-location\">Atrium Saldanha<\/div><\/div><\/a><a href=\"https:\/\/avilaspaces.com\/pt\/events\/monday-brunch-may\" class=\"avila-event-item\"><div class=\"event-date\">11.05<\/div><div class=\"event-content\"><div class=\"event-title\">Monday Brunch - May<\/div><div class=\"event-location\">Atrium Saldanha<\/div><\/div><\/a><a href=\"https:\/\/avilaspaces.com\/pt\/events\/meditation-session-may\" class=\"avila-event-item\"><div class=\"event-date\">12.05<\/div><div class=\"event-content\"><div class=\"event-title\">Meditation Session - May<\/div><div class=\"event-location\">Atrium Saldanha<\/div><\/div><\/a><a href=\"https:\/\/avilaspaces.com\/pt\/events\/meditation-session-may\" class=\"avila-event-item\"><div class=\"event-date\">13.05<\/div><div class=\"event-content\"><div class=\"event-title\">Meditation Session - May<\/div><div class=\"event-location\">Parque das Na\u00e7\u00f5es<\/div><\/div><\/a><a href=\"https:\/\/avilaspaces.com\/pt\/events\/special-dinner-at-gin-lovers\" class=\"avila-event-item\"><div class=\"event-date\">14.05<\/div><div class=\"event-content\"><div class=\"event-title\">Special Dinner at Gin Lovers<\/div><div class=\"event-location\">Atrium Saldanha<\/div><\/div><\/a><a href=\"https:\/\/avilaspaces.com\/pt\/events\/monday-brunch-may\" class=\"avila-event-item\"><div class=\"event-date\">18.05<\/div><div class=\"event-content\"><div class=\"event-title\">Monday Brunch - May<\/div><div class=\"event-location\">Avenida da Rep\u00fablica<\/div><\/div><\/a><a href=\"https:\/\/avilaspaces.com\/pt\/events\/meditation-session-may\" class=\"avila-event-item\"><div class=\"event-date\">19.05<\/div><div class=\"event-content\"><div class=\"event-title\">Meditation Session - May<\/div><div class=\"event-location\">Atrium Saldanha<\/div><\/div><\/a><a href=\"https:\/\/avilaspaces.com\/pt\/events\/meditation-session-may\" class=\"avila-event-item\"><div class=\"event-date\">20.05<\/div><div class=\"event-content\"><div class=\"event-title\">Meditation Session - May<\/div><div class=\"event-location\">Parque das Na\u00e7\u00f5es<\/div><\/div><\/a><a href=\"https:\/\/avilaspaces.com\/pt\/events\/happy-hour-may\" class=\"avila-event-item\"><div class=\"event-date\">21.05<\/div><div class=\"event-content\"><div class=\"event-title\">Happy Hour - May<\/div><div class=\"event-location\">Parque das Na\u00e7\u00f5es<\/div><\/div><\/a><a href=\"https:\/\/avilaspaces.com\/pt\/events\/workshop-hire-an-agent-for-your-business\" class=\"avila-event-item\"><div class=\"event-date\">21.05<\/div><div class=\"event-content\"><div class=\"event-title\">Workshop: Hire an agent  for your business<\/div><div class=\"event-location\">Atrium Saldanha<\/div><\/div><\/a><a href=\"https:\/\/avilaspaces.com\/pt\/events\/monday-brunch-may\" class=\"avila-event-item\"><div class=\"event-date\">25.05<\/div><div class=\"event-content\"><div class=\"event-title\">Monday Brunch - May<\/div><div class=\"event-location\">Parque das Na\u00e7\u00f5es<\/div><\/div><\/a><a href=\"https:\/\/avilaspaces.com\/pt\/events\/meditation-session-may\" class=\"avila-event-item\"><div class=\"event-date\">26.05<\/div><div class=\"event-content\"><div class=\"event-title\">Meditation Session - May<\/div><div class=\"event-location\">Atrium Saldanha<\/div><\/div><\/a><a href=\"https:\/\/avilaspaces.com\/pt\/events\/meditation-session-may\" class=\"avila-event-item\"><div class=\"event-date\">27.05<\/div><div class=\"event-content\"><div class=\"event-title\">Meditation Session - May<\/div><div class=\"event-location\">Parque das Na\u00e7\u00f5es<\/div><\/div><\/a><a href=\"https:\/\/avilaspaces.com\/pt\/events\/avila-remote-weekend-at-fundao\" class=\"avila-event-item\"><div class=\"event-date\">28.05<\/div><div class=\"event-content\"><div class=\"event-title\">Avila Remote Week(end) at Fund\u00e3o<\/div><div class=\"event-location\">Parque das Na\u00e7\u00f5es<\/div><\/div><\/a><a href=\"https:\/\/avilaspaces.com\/pt\/events\/happy-hour-may\" class=\"avila-event-item\"><div class=\"event-date\">28.05<\/div><div class=\"event-content\"><div class=\"event-title\">Happy Hour - May<\/div><div class=\"event-location\">Atrium Saldanha<\/div><\/div><\/a><a href=\"https:\/\/avilaspaces.com\/pt\/events\/monday-brunch-june\" class=\"avila-event-item\"><div class=\"event-date\">1.06<\/div><div class=\"event-content\"><div class=\"event-title\">Monday Brunch - June<\/div><div class=\"event-location\">Atrium Saldanha<\/div><\/div><\/a><a href=\"https:\/\/avilaspaces.com\/pt\/events\/meditation-session-june\" class=\"avila-event-item\"><div class=\"event-date\">2.06<\/div><div class=\"event-content\"><div class=\"event-title\">Meditation Session - June<\/div><div class=\"event-location\">Atrium Saldanha<\/div><\/div><\/a><a href=\"https:\/\/avilaspaces.com\/pt\/events\/meditation-session-june\" class=\"avila-event-item\"><div class=\"event-date\">3.06<\/div><div class=\"event-content\"><div class=\"event-title\">Meditation Session - June<\/div><div class=\"event-location\">Parque das Na\u00e7\u00f5es<\/div><\/div><\/a><a href=\"https:\/\/avilaspaces.com\/pt\/events\/monday-brunch-june\" class=\"avila-event-item\"><div class=\"event-date\">8.06<\/div><div class=\"event-content\"><div class=\"event-title\">Monday Brunch - June<\/div><div class=\"event-location\">Avenida da Rep\u00fablica<\/div><\/div><\/a><a href=\"https:\/\/avilaspaces.com\/pt\/events\/meditation-session-june\" class=\"avila-event-item\"><div class=\"event-date\">9.06<\/div><div class=\"event-content\"><div class=\"event-title\">Meditation Session - June<\/div><div class=\"event-location\">Atrium Saldanha<\/div><\/div><\/a><a href=\"https:\/\/avilaspaces.com\/pt\/events\/meditation-session-june\" class=\"avila-event-item\"><div class=\"event-date\">10.06<\/div><div class=\"event-content\"><div class=\"event-title\">Meditation Session - June<\/div><div class=\"event-location\">Parque das Na\u00e7\u00f5es<\/div><\/div><\/a><a href=\"https:\/\/avilaspaces.com\/pt\/events\/happy-hour-june\" class=\"avila-event-item\"><div class=\"event-date\">11.06<\/div><div class=\"event-content\"><div class=\"event-title\">Happy Hour - June<\/div><div class=\"event-location\">Parque das Na\u00e7\u00f5es<\/div><\/div><\/a><a href=\"https:\/\/avilaspaces.com\/pt\/events\/monday-brunch-june\" class=\"avila-event-item\"><div class=\"event-date\">15.06<\/div><div class=\"event-content\"><div class=\"event-title\">Monday Brunch - June<\/div><div class=\"event-location\">Parque das Na\u00e7\u00f5es<\/div><\/div><\/a><a href=\"https:\/\/avilaspaces.com\/pt\/events\/meditation-session-june\" class=\"avila-event-item\"><div class=\"event-date\">16.06<\/div><div class=\"event-content\"><div class=\"event-title\">Meditation Session - June<\/div><div class=\"event-location\">Atrium Saldanha<\/div><\/div><\/a><a href=\"https:\/\/avilaspaces.com\/pt\/events\/meditation-session-june\" class=\"avila-event-item\"><div class=\"event-date\">17.06<\/div><div class=\"event-content\"><div class=\"event-title\">Meditation Session - June<\/div><div class=\"event-location\">Parque das Na\u00e7\u00f5es<\/div><\/div><\/a><a href=\"https:\/\/avilaspaces.com\/pt\/events\/happy-hour-june\" class=\"avila-event-item\"><div class=\"event-date\">18.06<\/div><div class=\"event-content\"><div class=\"event-title\">Happy Hour - June<\/div><div class=\"event-location\">Atrium Saldanha<\/div><\/div><\/a><a href=\"https:\/\/avilaspaces.com\/pt\/events\/monday-brunch-june\" class=\"avila-event-item\"><div class=\"event-date\">22.06<\/div><div class=\"event-content\"><div class=\"event-title\">Monday Brunch - June<\/div><div class=\"event-location\">Atrium Saldanha<\/div><\/div><\/a><a href=\"https:\/\/avilaspaces.com\/pt\/events\/meditation-session-june\" class=\"avila-event-item\"><div class=\"event-date\">23.06<\/div><div class=\"event-content\"><div class=\"event-title\">Meditation Session - June<\/div><div class=\"event-location\">Atrium Saldanha<\/div><\/div><\/a><a href=\"https:\/\/avilaspaces.com\/pt\/events\/meditation-session-june\" class=\"avila-event-item\"><div class=\"event-date\">24.06<\/div><div class=\"event-content\"><div class=\"event-title\">Meditation Session - June<\/div><div class=\"event-location\">Parque das Na\u00e7\u00f5es<\/div><\/div><\/a><a href=\"https:\/\/avilaspaces.com\/pt\/events\/happy-hour-june\" class=\"avila-event-item\"><div class=\"event-date\">25.06<\/div><div class=\"event-content\"><div class=\"event-title\">Happy Hour - June<\/div><div class=\"event-location\">Parque das Na\u00e7\u00f5es<\/div><\/div><\/a><a href=\"https:\/\/avilaspaces.com\/pt\/events\/monday-brunch-june\" class=\"avila-event-item\"><div class=\"event-date\">29.06<\/div><div class=\"event-content\"><div class=\"event-title\">Monday Brunch - June<\/div><div class=\"event-location\">Avenida da Rep\u00fablica<\/div><\/div><\/a><a href=\"https:\/\/avilaspaces.com\/pt\/events\/meditation-session-june\" class=\"avila-event-item\"><div class=\"event-date\">30.06<\/div><div class=\"event-content\"><div class=\"event-title\">Meditation Session - June<\/div><div class=\"event-location\">Atrium Saldanha<\/div><\/div><\/a><a href=\"https:\/\/avilaspaces.com\/pt\/events\/meditation-session-july\" class=\"avila-event-item\"><div class=\"event-date\">1.07<\/div><div class=\"event-content\"><div class=\"event-title\">Meditation Session - July<\/div><div class=\"event-location\">Parque das Na\u00e7\u00f5es<\/div><\/div><\/a><a href=\"https:\/\/avilaspaces.com\/pt\/events\/happy-hour-july\" class=\"avila-event-item\"><div class=\"event-date\">2.07<\/div><div class=\"event-content\"><div class=\"event-title\">Happy Hour - July<\/div><div class=\"event-location\">Atrium Saldanha<\/div><\/div><\/a><a href=\"https:\/\/avilaspaces.com\/pt\/events\/monday-brunch-july\" class=\"avila-event-item\"><div class=\"event-date\">6.07<\/div><div class=\"event-content\"><div class=\"event-title\">Monday Brunch - July<\/div><div class=\"event-location\">Parque das Na\u00e7\u00f5es<\/div><\/div><\/a><a href=\"https:\/\/avilaspaces.com\/pt\/events\/meditation-session-july\" class=\"avila-event-item\"><div class=\"event-date\">8.07<\/div><div class=\"event-content\"><div class=\"event-title\">Meditation Session - July<\/div><div class=\"event-location\">Parque das Na\u00e7\u00f5es<\/div><\/div><\/a><a href=\"https:\/\/avilaspaces.com\/pt\/events\/happy-hour-july\" class=\"avila-event-item\"><div class=\"event-date\">9.07<\/div><div class=\"event-content\"><div class=\"event-title\">Happy Hour - July<\/div><div class=\"event-location\">Parque das Na\u00e7\u00f5es<\/div><\/div><\/a><a href=\"https:\/\/avilaspaces.com\/pt\/events\/monday-brunch-july\" class=\"avila-event-item\"><div class=\"event-date\">13.07<\/div><div class=\"event-content\"><div class=\"event-title\">Monday Brunch - July<\/div><div class=\"event-location\">Atrium Saldanha<\/div><\/div><\/a><a href=\"https:\/\/avilaspaces.com\/pt\/events\/meditation-session-july\" class=\"avila-event-item\"><div class=\"event-date\">14.07<\/div><div class=\"event-content\"><div class=\"event-title\">Meditation Session - July<\/div><div class=\"event-location\">Atrium Saldanha<\/div><\/div><\/a><a href=\"https:\/\/avilaspaces.com\/pt\/events\/meditation-session-july\" class=\"avila-event-item\"><div class=\"event-date\">15.07<\/div><div class=\"event-content\"><div class=\"event-title\">Meditation Session - July<\/div><div class=\"event-location\">Parque das Na\u00e7\u00f5es<\/div><\/div><\/a><a href=\"https:\/\/avilaspaces.com\/pt\/events\/happy-hour-july\" class=\"avila-event-item\"><div class=\"event-date\">16.07<\/div><div class=\"event-content\"><div class=\"event-title\">Happy Hour - July<\/div><div class=\"event-location\">Atrium Saldanha<\/div><\/div><\/a><a href=\"https:\/\/avilaspaces.com\/pt\/events\/monday-brunch-july\" class=\"avila-event-item\"><div class=\"event-date\">20.07<\/div><div class=\"event-content\"><div class=\"event-title\">Monday Brunch - July<\/div><div class=\"event-location\">Avenida da Rep\u00fablica<\/div><\/div><\/a><a href=\"https:\/\/avilaspaces.com\/pt\/events\/meditation-session-july\" class=\"avila-event-item\"><div class=\"event-date\">21.07<\/div><div class=\"event-content\"><div class=\"event-title\">Meditation Session - July<\/div><div class=\"event-location\">Atrium Saldanha<\/div><\/div><\/a><a href=\"https:\/\/avilaspaces.com\/pt\/events\/meditation-session-july\" class=\"avila-event-item\"><div class=\"event-date\">22.07<\/div><div class=\"event-content\"><div class=\"event-title\">Meditation Session - July<\/div><div class=\"event-location\">Parque das Na\u00e7\u00f5es<\/div><\/div><\/a><a href=\"https:\/\/avilaspaces.com\/pt\/events\/happy-hour-july\" class=\"avila-event-item\"><div class=\"event-date\">23.07<\/div><div class=\"event-content\"><div class=\"event-title\">Happy Hour - July<\/div><div class=\"event-location\">Parque das Na\u00e7\u00f5es<\/div><\/div><\/a><a href=\"https:\/\/avilaspaces.com\/pt\/events\/monday-brunch-july\" class=\"avila-event-item\"><div class=\"event-date\">27.07<\/div><div class=\"event-content\"><div class=\"event-title\">Monday Brunch - July<\/div><div class=\"event-location\">Parque das Na\u00e7\u00f5es<\/div><\/div><\/a><a href=\"https:\/\/avilaspaces.com\/pt\/events\/meditation-session-july\" class=\"avila-event-item\"><div class=\"event-date\">28.07<\/div><div class=\"event-content\"><div class=\"event-title\">Meditation Session - July<\/div><div class=\"event-location\">Atrium Saldanha<\/div><\/div><\/a><a href=\"https:\/\/avilaspaces.com\/pt\/events\/meditation-session-july\" class=\"avila-event-item\"><div class=\"event-date\">29.07<\/div><div class=\"event-content\"><div class=\"event-title\">Meditation Session - July<\/div><div class=\"event-location\">Parque das Na\u00e7\u00f5es<\/div><\/div><\/a><a href=\"https:\/\/avilaspaces.com\/pt\/events\/happy-hour-july\" class=\"avila-event-item\"><div class=\"event-date\">30.07<\/div><div class=\"event-content\"><div class=\"event-title\">Happy Hour - July<\/div><div class=\"event-location\">Atrium Saldanha<\/div><\/div><\/a><\/div><\/div><div class=\"events-section\"><h2 class=\"section-title\">Past Events<\/h2><div class=\"avila-events-list  past-events\"><div class=\"avila-event-item past-event\"><div class=\"event-date\">12.02<\/div><div class=\"event-content\"><div class=\"event-title\">Happy Hour - February<\/div><div class=\"event-location\">Parque das Na\u00e7\u00f5es<\/div><\/div><\/div><div class=\"avila-event-item past-event\"><div class=\"event-date\">16.02<\/div><div class=\"event-content\"><div class=\"event-title\">Monday Brunch - February<\/div><div class=\"event-location\">Atrium Saldanha<\/div><\/div><\/div><div class=\"avila-event-item past-event\"><div class=\"event-date\">17.02<\/div><div class=\"event-content\"><div class=\"event-title\">Meditation Session - February<\/div><div class=\"event-location\">Atrium Saldanha<\/div><\/div><\/div><div class=\"avila-event-item past-event\"><div class=\"event-date\">18.02<\/div><div class=\"event-content\"><div class=\"event-title\">Meditation Session - February<\/div><div class=\"event-location\">Parque das Na\u00e7\u00f5es<\/div><\/div><\/div><div class=\"avila-event-item past-event\"><div class=\"event-date\">19.02<\/div><div class=\"event-content\"><div class=\"event-title\">Avila Folia - Carnaval do Avila<\/div><div class=\"event-location\">Atrium Saldanha<\/div><\/div><\/div><div class=\"avila-event-item past-event\"><div class=\"event-date\">23.02<\/div><div class=\"event-content\"><div class=\"event-title\">Monday Brunch - February<\/div><div class=\"event-location\">Avenida da Rep\u00fablica<\/div><\/div><\/div><div class=\"avila-event-item past-event\"><div class=\"event-date\">24.02<\/div><div class=\"event-content\"><div class=\"event-title\">Community Lunch - Thai Food<\/div><div class=\"event-location\">Parque das Na\u00e7\u00f5es<\/div><\/div><\/div><div class=\"avila-event-item past-event\"><div class=\"event-date\">24.02<\/div><div class=\"event-content\"><div class=\"event-title\">Meditation Session - February<\/div><div class=\"event-location\">Atrium Saldanha<\/div><\/div><\/div><div class=\"avila-event-item past-event\"><div class=\"event-date\">25.02<\/div><div class=\"event-content\"><div class=\"event-title\">Meditation Session - February<\/div><div class=\"event-location\">Parque das Na\u00e7\u00f5es<\/div><\/div><\/div><div class=\"avila-event-item past-event\"><div class=\"event-date\">26.02<\/div><div class=\"event-content\"><div class=\"event-title\">Happy Hour - February<\/div><div class=\"event-location\">Parque das Na\u00e7\u00f5es<\/div><\/div><\/div><div class=\"avila-event-item past-event\"><div class=\"event-date\">2.03<\/div><div class=\"event-content\"><div class=\"event-title\">IA na Pr\u00e1tica | Forma\u00e7\u00e3o Solid\u00e1ria com Jo\u00e3o Pico<\/div><div class=\"event-location\">Atrium Saldanha<\/div><\/div><\/div><div class=\"avila-event-item past-event\"><div class=\"event-date\">2.03<\/div><div class=\"event-content\"><div class=\"event-title\">Monday Brunch - March<\/div><div class=\"event-location\">Parque das Na\u00e7\u00f5es<\/div><\/div><\/div><div class=\"avila-event-item past-event\"><div class=\"event-date\">3.03<\/div><div class=\"event-content\"><div class=\"event-title\">Meditation Session - March<\/div><div class=\"event-location\">Atrium Saldanha<\/div><\/div><\/div><div class=\"avila-event-item past-event\"><div class=\"event-date\">4.03<\/div><div class=\"event-content\"><div class=\"event-title\">Meditation Session - March<\/div><div class=\"event-location\">Parque das Na\u00e7\u00f5es<\/div><\/div><\/div><div class=\"avila-event-item past-event\"><div class=\"event-date\">5.03<\/div><div class=\"event-content\"><div class=\"event-title\">Happy Hour - March<\/div><div class=\"event-location\">Atrium Saldanha<\/div><\/div><\/div><div class=\"avila-event-item past-event\"><div class=\"event-date\">9.03<\/div><div class=\"event-content\"><div class=\"event-title\">Monday Brunch - March<\/div><div class=\"event-location\">Atrium Saldanha<\/div><\/div><\/div><div class=\"avila-event-item past-event\"><div class=\"event-date\">10.03<\/div><div class=\"event-content\"><div class=\"event-title\">Meditation Session - March<\/div><div class=\"event-location\">Atrium Saldanha<\/div><\/div><\/div><div class=\"avila-event-item past-event\"><div class=\"event-date\">11.03<\/div><div class=\"event-content\"><div class=\"event-title\">Meditation Session - March<\/div><div class=\"event-location\">Parque das Na\u00e7\u00f5es<\/div><\/div><\/div><div class=\"avila-event-item past-event\"><div class=\"event-date\">12.03<\/div><div class=\"event-content\"><div class=\"event-title\">Happy Hour - March<\/div><div class=\"event-location\">Parque das Na\u00e7\u00f5es<\/div><\/div><\/div><div class=\"avila-event-item past-event\"><div class=\"event-date\">16.03<\/div><div class=\"event-content\"><div class=\"event-title\">Monday Brunch - March<\/div><div class=\"event-location\">Avenida da Rep\u00fablica<\/div><\/div><\/div><div class=\"avila-event-item past-event\"><div class=\"event-date\">17.03<\/div><div class=\"event-content\"><div class=\"event-title\">Meditation Session - March<\/div><div class=\"event-location\">Atrium Saldanha<\/div><\/div><\/div><div class=\"avila-event-item past-event\"><div class=\"event-date\">18.03<\/div><div class=\"event-content\"><div class=\"event-title\">Meditation Session - March<\/div><div class=\"event-location\">Parque das Na\u00e7\u00f5es<\/div><\/div><\/div><div class=\"avila-event-item past-event\"><div class=\"event-date\">19.03<\/div><div class=\"event-content\"><div class=\"event-title\">Happy Hour - March<\/div><div class=\"event-location\">Atrium Saldanha<\/div><\/div><\/div><div class=\"avila-event-item past-event\"><div class=\"event-date\">23.03<\/div><div class=\"event-content\"><div class=\"event-title\">Monday Brunch - March<\/div><div class=\"event-location\">Parque das Na\u00e7\u00f5es<\/div><\/div><\/div><div class=\"avila-event-item past-event\"><div class=\"event-date\">24.03<\/div><div class=\"event-content\"><div class=\"event-title\">Meditation Session - March<\/div><div class=\"event-location\">Atrium Saldanha<\/div><\/div><\/div><div class=\"avila-event-item past-event\"><div class=\"event-date\">25.03<\/div><div class=\"event-content\"><div class=\"event-title\">Meditation Session - March<\/div><div class=\"event-location\">Parque das Na\u00e7\u00f5es<\/div><\/div><\/div><div class=\"avila-event-item past-event\"><div class=\"event-date\">26.03<\/div><div class=\"event-content\"><div class=\"event-title\">Happy Hour - March<\/div><div class=\"event-location\">Parque das Na\u00e7\u00f5es<\/div><\/div><\/div><div class=\"avila-event-item past-event\"><div class=\"event-date\">30.03<\/div><div class=\"event-content\"><div class=\"event-title\">Monday Brunch - March<\/div><div class=\"event-location\">Atrium Saldanha<\/div><\/div><\/div><div class=\"avila-event-item past-event\"><div class=\"event-date\">31.03<\/div><div class=\"event-content\"><div class=\"event-title\">Meditation Session - March<\/div><div class=\"event-location\">Atrium Saldanha<\/div><\/div><\/div><div class=\"avila-event-item past-event\"><div class=\"event-date\">1.04<\/div><div class=\"event-content\"><div class=\"event-title\">Meditation Session - April<\/div><div class=\"event-location\">Parque das Na\u00e7\u00f5es<\/div><\/div><\/div><div class=\"avila-event-item past-event\"><div class=\"event-date\">2.04<\/div><div class=\"event-content\"><div class=\"event-title\">Happy Hour - April<\/div><div class=\"event-location\">Atrium Saldanha<\/div><\/div><\/div><div class=\"avila-event-item past-event\"><div class=\"event-date\">6.04<\/div><div class=\"event-content\"><div class=\"event-title\">Monday Brunch - April<\/div><div class=\"event-location\">Avenida da Rep\u00fablica<\/div><\/div><\/div><div class=\"avila-event-item past-event\"><div class=\"event-date\">7.04<\/div><div class=\"event-content\"><div class=\"event-title\">Meditation Session - April<\/div><div class=\"event-location\">Atrium Saldanha<\/div><\/div><\/div><div class=\"avila-event-item past-event\"><div class=\"event-date\">8.04<\/div><div class=\"event-content\"><div class=\"event-title\">Meditation Session - April<\/div><div class=\"event-location\">Parque das Na\u00e7\u00f5es<\/div><\/div><\/div><div class=\"avila-event-item past-event\"><div class=\"event-date\">9.04<\/div><div class=\"event-content\"><div class=\"event-title\">Happy Hour - April<\/div><div class=\"event-location\">Parque das Na\u00e7\u00f5es<\/div><\/div><\/div><div class=\"avila-event-item past-event\"><div class=\"event-date\">10.04<\/div><div class=\"event-content\"><div class=\"event-title\">Avila Sunset Golf at Jamor - V Edition<\/div><div class=\"event-location\">Atrium Saldanha<\/div><\/div><\/div><div class=\"avila-event-item past-event\"><div class=\"event-date\">13.04<\/div><div class=\"event-content\"><div class=\"event-title\">Monday Brunch - April<\/div><div class=\"event-location\">Parque das Na\u00e7\u00f5es<\/div><\/div><\/div><div class=\"avila-event-item past-event\"><div class=\"event-date\">14.04<\/div><div class=\"event-content\"><div class=\"event-title\">Meditation Session - April<\/div><div class=\"event-location\">Atrium Saldanha<\/div><\/div><\/div><div class=\"avila-event-item past-event\"><div class=\"event-date\">15.04<\/div><div class=\"event-content\"><div class=\"event-title\">Meditation Session - April<\/div><div class=\"event-location\">Parque das Na\u00e7\u00f5es<\/div><\/div><\/div><div class=\"avila-event-item past-event\"><div class=\"event-date\">16.04<\/div><div class=\"event-content\"><div class=\"event-title\">Happy Hour - April<\/div><div class=\"event-location\">Atrium Saldanha<\/div><\/div><\/div><div class=\"avila-event-item past-event\"><div class=\"event-date\">18.04<\/div><div class=\"event-content\"><div class=\"event-title\">Avila Grand Prix - Kart Racing<\/div><div class=\"event-location\">Atrium Saldanha<\/div><\/div><\/div><div class=\"avila-event-item past-event\"><div class=\"event-date\">20.04<\/div><div class=\"event-content\"><div class=\"event-title\">Monday Brunch - April<\/div><div class=\"event-location\">Atrium Saldanha<\/div><\/div><\/div><div class=\"avila-event-item past-event\"><div class=\"event-date\">22.04<\/div><div class=\"event-content\"><div class=\"event-title\">Meditation Session - April<\/div><div class=\"event-location\">Parque das Na\u00e7\u00f5es<\/div><\/div><\/div><div class=\"avila-event-item past-event\"><div class=\"event-date\">23.04<\/div><div class=\"event-content\"><div class=\"event-title\">Happy Hour - April<\/div><div class=\"event-location\">Parque das Na\u00e7\u00f5es<\/div><\/div><\/div><div class=\"avila-event-item past-event\"><div class=\"event-date\">24.04<\/div><div class=\"event-content\"><div class=\"event-title\">Avila Padel Match<\/div><div class=\"event-location\">Atrium Saldanha<\/div><\/div><\/div><div class=\"avila-event-item past-event\"><div class=\"event-date\">27.04<\/div><div class=\"event-content\"><div class=\"event-title\">Monday Brunch - April<\/div><div class=\"event-location\">Avenida da Rep\u00fablica<\/div><\/div><\/div><div class=\"avila-event-item past-event\"><div class=\"event-date\">28.04<\/div><div class=\"event-content\"><div class=\"event-title\">Meditation Session - April<\/div><div class=\"event-location\">Atrium Saldanha<\/div><\/div><\/div><div class=\"avila-event-item past-event\"><div class=\"event-date\">28.04<\/div><div class=\"event-content\"><div class=\"event-title\">How to become a Startup Investor in Lisbon | Avila Insight Talks<\/div><div class=\"event-location\">Atrium Saldanha<\/div><\/div><\/div><div class=\"avila-event-item past-event\"><div class=\"event-date\">29.04<\/div><div class=\"event-content\"><div class=\"event-title\">Meditation Session - April<\/div><div class=\"event-location\">Parque das Na\u00e7\u00f5es<\/div><\/div><\/div><\/div><\/div><\/div><\/div>\n\t\t\t\t\t\t<\/div>\n\t\t\t\t<div class=\"elementor-element elementor-element-4bbbcb5 elementor-widget elementor-widget-shortcode\" data-id=\"4bbbcb5\" data-element_type=\"widget\" data-e-type=\"widget\" data-widget_type=\"shortcode.default\">\n\t\t\t\t\t\t\t<div class=\"elementor-shortcode\"><div id=\"avila-calendar-wrapper\">\t\t<div class=\"divGeralCalendario eventsCalendar\">\n\t\t\t<div class=\"mesEventos\">\n\t\t\t\t<div class=\"mes\">April 2026<\/div>\n\t\t\t\t<div class=\"paginacao-calendario\">\n\t\t\t\t\t<div class=\"anterior\">\n\t\t\t\t\t\t<a href=\"javascript:loadCalendar('2026','03','en');\">&lt;<\/a>\n\t\t\t\t\t<\/div>\n\t\t\t\t\t<div class=\"seguinte\">\n\t\t\t\t\t\t<a href=\"javascript:loadCalendar('2026','05','en');\">&gt;<\/a>\n\t\t\t\t\t<\/div>\n\t\t\t\t<\/div>\n\t\t\t<\/div>\n\n\t\t\t<div class=\"calendario\">\n\t\t\t\t<div>\n\t\t\t\t\t<ul class=\"calendar-row\">\n\t\t\t\t\t\t<li class=\"calendar-day-head\"><span class=\"desktop\">Sun<\/span><\/li><li class=\"calendar-day-head\"><span class=\"desktop\">Mon<\/span><\/li><li class=\"calendar-day-head\"><span class=\"desktop\">Tue<\/span><\/li><li class=\"calendar-day-head\"><span class=\"desktop\">Wed<\/span><\/li><li class=\"calendar-day-head\"><span class=\"desktop\">Thu<\/span><\/li><li class=\"calendar-day-head\"><span class=\"desktop\">Fri<\/span><\/li><li class=\"calendar-day-head\"><span class=\"desktop\">Sat<\/span><\/li>\t\t\t\t\t<\/ul>\n\t\t\t\t\t<ul class=\"calendar-row\">\n\t\t\t\t\t\t<li class=\"calendar-day-np\"><div class=\"day-number outOfRange\">29<\/div><\/li><li class=\"calendar-day-np\"><div class=\"day-number outOfRange\">30<\/div><\/li><li class=\"calendar-day-np\"><div class=\"day-number outOfRange\">31<\/div><\/li><li class=\"calendar-day hasEvents past-day\"><div class=\"day-number past\">1<\/div><div \n\t\t\t\t\t\t\t\t\t\t\t class=\"event-block past-event\" \n\t\t\t\t\t\t\t\t\t\t\t style=\"height:100%; width:100%; background:#edf8f3\" \n\t\t\t\t\t\t\t\t\t\t\t title=\"Meditation Session - April\"><div class=\"event-time past\">12:30<\/div><div class=\"event-title past\">Meditation Session - April<\/div><\/div><\/li><li class=\"calendar-day hasEvents past-day\"><div class=\"day-number past\">2<\/div><div \n\t\t\t\t\t\t\t\t\t\t\t class=\"event-block past-event\" \n\t\t\t\t\t\t\t\t\t\t\t style=\"height:100%; width:100%; background:#FBA283\" \n\t\t\t\t\t\t\t\t\t\t\t title=\"Happy Hour - April\"><div class=\"event-time past\">17:00<\/div><div class=\"event-title past\">Happy Hour - April<\/div><\/div><\/li><li class=\"calendar-day past-day\"><div class=\"day-number past\">3<\/div><\/li><li class=\"calendar-day past-day\"><div class=\"day-number past\">4<\/div><\/li><\/ul><ul class=\"calendar-row\"><li class=\"calendar-day past-day\"><div class=\"day-number past\">5<\/div><\/li><li class=\"calendar-day hasEvents past-day\"><div class=\"day-number past\">6<\/div><div \n\t\t\t\t\t\t\t\t\t\t\t class=\"event-block past-event\" \n\t\t\t\t\t\t\t\t\t\t\t style=\"height:100%; width:100%; background:#DF805F\" \n\t\t\t\t\t\t\t\t\t\t\t title=\"Monday Brunch - April\"><div class=\"event-time past\">10:00<\/div><div class=\"event-title past\">Monday Brunch - April<\/div><\/div><\/li><li class=\"calendar-day hasEvents past-day\"><div class=\"day-number past\">7<\/div><div \n\t\t\t\t\t\t\t\t\t\t\t class=\"event-block past-event\" \n\t\t\t\t\t\t\t\t\t\t\t style=\"height:100%; width:100%; background:#FBA283\" \n\t\t\t\t\t\t\t\t\t\t\t title=\"Meditation Session - April\"><div class=\"event-time past\">12:30<\/div><div class=\"event-title past\">Meditation Session - April<\/div><\/div><\/li><li class=\"calendar-day hasEvents past-day\"><div class=\"day-number past\">8<\/div><div \n\t\t\t\t\t\t\t\t\t\t\t class=\"event-block past-event\" \n\t\t\t\t\t\t\t\t\t\t\t style=\"height:100%; width:100%; background:#edf8f3\" \n\t\t\t\t\t\t\t\t\t\t\t title=\"Meditation Session - April\"><div class=\"event-time past\">12:30<\/div><div class=\"event-title past\">Meditation Session - April<\/div><\/div><\/li><li class=\"calendar-day hasEvents past-day\"><div class=\"day-number past\">9<\/div><div \n\t\t\t\t\t\t\t\t\t\t\t class=\"event-block past-event\" \n\t\t\t\t\t\t\t\t\t\t\t style=\"height:100%; width:100%; background:#edf8f3\" \n\t\t\t\t\t\t\t\t\t\t\t title=\"Happy Hour - April\"><div class=\"event-time past\">16:00<\/div><div class=\"event-title past\">Happy Hour - April<\/div><\/div><\/li><li class=\"calendar-day hasEvents past-day\"><div class=\"day-number past\">10<\/div><div \n\t\t\t\t\t\t\t\t\t\t\t class=\"event-block past-event\" \n\t\t\t\t\t\t\t\t\t\t\t style=\"height:100%; width:100%; background:#FBA283\" \n\t\t\t\t\t\t\t\t\t\t\t title=\"Avila Sunset Golf at Jamor - V Edition\"><div class=\"event-time past\">14:00<\/div><div class=\"event-title past\">Avila Sunset Golf at Jamor - V Edition<\/div><\/div><\/li><li class=\"calendar-day past-day\"><div class=\"day-number past\">11<\/div><\/li><\/ul><ul class=\"calendar-row\"><li class=\"calendar-day past-day\"><div class=\"day-number past\">12<\/div><\/li><li class=\"calendar-day hasEvents past-day\"><div class=\"day-number past\">13<\/div><div \n\t\t\t\t\t\t\t\t\t\t\t class=\"event-block past-event\" \n\t\t\t\t\t\t\t\t\t\t\t style=\"height:100%; width:100%; background:#edf8f3\" \n\t\t\t\t\t\t\t\t\t\t\t title=\"Monday Brunch - April\"><div class=\"event-time past\">10:00<\/div><div class=\"event-title past\">Monday Brunch - April<\/div><\/div><\/li><li class=\"calendar-day hasEvents past-day\"><div class=\"day-number past\">14<\/div><div \n\t\t\t\t\t\t\t\t\t\t\t class=\"event-block past-event\" \n\t\t\t\t\t\t\t\t\t\t\t style=\"height:100%; width:100%; background:#FBA283\" \n\t\t\t\t\t\t\t\t\t\t\t title=\"Meditation Session - April\"><div class=\"event-time past\">12:30<\/div><div class=\"event-title past\">Meditation Session - April<\/div><\/div><\/li><li class=\"calendar-day hasEvents past-day\"><div class=\"day-number past\">15<\/div><div \n\t\t\t\t\t\t\t\t\t\t\t class=\"event-block past-event\" \n\t\t\t\t\t\t\t\t\t\t\t style=\"height:100%; width:100%; background:#edf8f3\" \n\t\t\t\t\t\t\t\t\t\t\t title=\"Meditation Session - April\"><div class=\"event-time past\">12:30<\/div><div class=\"event-title past\">Meditation Session - April<\/div><\/div><\/li><li class=\"calendar-day hasEvents past-day\"><div class=\"day-number past\">16<\/div><div \n\t\t\t\t\t\t\t\t\t\t\t class=\"event-block past-event\" \n\t\t\t\t\t\t\t\t\t\t\t style=\"height:100%; width:100%; background:#FBA283\" \n\t\t\t\t\t\t\t\t\t\t\t title=\"Happy Hour - April\"><div class=\"event-time past\">17:00<\/div><div class=\"event-title past\">Happy Hour - April<\/div><\/div><\/li><li class=\"calendar-day past-day\"><div class=\"day-number past\">17<\/div><\/li><li class=\"calendar-day hasEvents past-day\"><div class=\"day-number past\">18<\/div><div \n\t\t\t\t\t\t\t\t\t\t\t class=\"event-block past-event\" \n\t\t\t\t\t\t\t\t\t\t\t style=\"height:100%; width:100%; background:#FBA283\" \n\t\t\t\t\t\t\t\t\t\t\t title=\"Avila Grand Prix - Kart Racing\"><div class=\"event-time past\">09:30<\/div><div class=\"event-title past\">Avila Grand Prix - Kart Racing<\/div><\/div><\/li><\/ul><ul class=\"calendar-row\"><li class=\"calendar-day past-day\"><div class=\"day-number past\">19<\/div><\/li><li class=\"calendar-day hasEvents past-day\"><div class=\"day-number past\">20<\/div><div \n\t\t\t\t\t\t\t\t\t\t\t class=\"event-block past-event\" \n\t\t\t\t\t\t\t\t\t\t\t style=\"height:100%; width:100%; background:#FBA283\" \n\t\t\t\t\t\t\t\t\t\t\t title=\"Monday Brunch - April\"><div class=\"event-time past\">10:00<\/div><div class=\"event-title past\">Monday Brunch - April<\/div><\/div><\/li><li class=\"calendar-day past-day\"><div class=\"day-number past\">21<\/div><\/li><li class=\"calendar-day hasEvents past-day\"><div class=\"day-number past\">22<\/div><div \n\t\t\t\t\t\t\t\t\t\t\t class=\"event-block past-event\" \n\t\t\t\t\t\t\t\t\t\t\t style=\"height:100%; width:100%; background:#edf8f3\" \n\t\t\t\t\t\t\t\t\t\t\t title=\"Meditation Session - April\"><div class=\"event-time past\">12:30<\/div><div class=\"event-title past\">Meditation Session - April<\/div><\/div><\/li><li class=\"calendar-day hasEvents past-day\"><div class=\"day-number past\">23<\/div><div \n\t\t\t\t\t\t\t\t\t\t\t class=\"event-block past-event\" \n\t\t\t\t\t\t\t\t\t\t\t style=\"height:100%; width:100%; background:#edf8f3\" \n\t\t\t\t\t\t\t\t\t\t\t title=\"Happy Hour - April\"><div class=\"event-time past\">16:00<\/div><div class=\"event-title past\">Happy Hour - April<\/div><\/div><\/li><li class=\"calendar-day hasEvents past-day\"><div class=\"day-number past\">24<\/div><div \n\t\t\t\t\t\t\t\t\t\t\t class=\"event-block past-event\" \n\t\t\t\t\t\t\t\t\t\t\t style=\"height:100%; width:100%; background:#FBA283\" \n\t\t\t\t\t\t\t\t\t\t\t title=\"Avila Padel Match\"><div class=\"event-time past\">17:30<\/div><div class=\"event-title past\">Avila Padel Match<\/div><\/div><\/li><li class=\"calendar-day past-day\"><div class=\"day-number past\">25<\/div><\/li><\/ul><ul class=\"calendar-row\"><li class=\"calendar-day past-day\"><div class=\"day-number past\">26<\/div><\/li><li class=\"calendar-day hasEvents past-day\"><div class=\"day-number past\">27<\/div><div \n\t\t\t\t\t\t\t\t\t\t\t class=\"event-block past-event\" \n\t\t\t\t\t\t\t\t\t\t\t style=\"height:100%; width:100%; background:#DF805F\" \n\t\t\t\t\t\t\t\t\t\t\t title=\"Monday Brunch - April\"><div class=\"event-time past\">10:00<\/div><div class=\"event-title past\">Monday Brunch - April<\/div><\/div><\/li><li class=\"calendar-day hasEvents past-day\"><div class=\"day-number past\">28<\/div><div \n\t\t\t\t\t\t\t\t\t\t\t class=\"event-block past-event\" \n\t\t\t\t\t\t\t\t\t\t\t style=\"height:50%; width:100%; background:#FBA283\" \n\t\t\t\t\t\t\t\t\t\t\t title=\"Meditation Session - April\"><div class=\"event-time past\">12:30<\/div><div class=\"event-title past\">Meditation Session - April<\/div><\/div><div \n\t\t\t\t\t\t\t\t\t\t\t class=\"event-block past-event\" \n\t\t\t\t\t\t\t\t\t\t\t style=\"height:50%; width:100%; background:#FBA283\" \n\t\t\t\t\t\t\t\t\t\t\t title=\"How to become a Startup Investor in Lisbon | Avila Insight Talks\"><div class=\"event-time past\">17:00<\/div><div class=\"event-title past\">How to become a Startup Investor in Lisbon | Avila Insight Talks<\/div><\/div><\/li><li class=\"calendar-day hasEvents past-day\"><div class=\"day-number past\">29<\/div><div \n\t\t\t\t\t\t\t\t\t\t\t class=\"event-block past-event\" \n\t\t\t\t\t\t\t\t\t\t\t style=\"height:100%; width:100%; background:#edf8f3\" \n\t\t\t\t\t\t\t\t\t\t\t title=\"Meditation Session - April\"><div class=\"event-time past\">12:30<\/div><div class=\"event-title past\">Meditation Session - April<\/div><\/div><\/li><li class=\"calendar-day hasEvents\"><div class=\"day-number\">30<\/div><a href=\"https:\/\/avilaspaces.com\/pt\/events\/happy-hour-april\" \n\t\t\t\t\t\t\t\t\t\t\t class=\"event-block\" \n\t\t\t\t\t\t\t\t\t\t\t style=\"height:100%; width:100%; background:#FBA283\" \n\t\t\t\t\t\t\t\t\t\t\t title=\"Happy Hour - April\"><div class=\"event-time\">16:00<\/div><div class=\"event-title\">Happy Hour - April<\/div><\/a><\/li><li class=\"calendar-day-np\"><div class=\"day-number outOfRange\">1<\/div><\/li><li class=\"calendar-day-np\"><div class=\"day-number outOfRange\">2<\/div><\/li>\t\t\t\t\t<\/ul>\n\t\t\t\t<\/div>\n\t\t\t<\/div>\n\t\t<\/div>\n\n\t\t<\/div><\/div>\n\t\t\t\t\t\t<\/div>\n\t\t\t\t<\/div>\n\t\t\t\t\t<\/div>\n\t\t\t\t<\/div>\n\t\t\t\t<\/div>\n\t\t","protected":false},"excerpt":{"rendered":"<p>Eventos Organizamos eventos comunit\u00e1rios regulares \u2014 desde happy hours semanais e sess\u00f5es de medita\u00e7\u00e3o a almo\u00e7os comunit\u00e1rios e encontros sazonais \u2014 reunindo membros de todas as nossas localiza\u00e7\u00f5es em Lisboa para se conectarem, recarregarem as energias e fazerem networking. pr\u00f3ximos eventos<\/p>\n","protected":false},"author":1,"featured_media":0,"parent":0,"menu_order":0,"comment_status":"closed","ping_status":"closed","template":"elementor_theme","meta":{"_acf_changed":false,"inline_featured_image":false,"footnotes":""},"class_list":["post-4845","page","type-page","status-publish","hentry"],"acf":[],"_links":{"self":[{"href":"https:\/\/avilaspaces.com\/pt\/wp-json\/wp\/v2\/pages\/4845","targetHints":{"allow":["GET"]}}],"collection":[{"href":"https:\/\/avilaspaces.com\/pt\/wp-json\/wp\/v2\/pages"}],"about":[{"href":"https:\/\/avilaspaces.com\/pt\/wp-json\/wp\/v2\/types\/page"}],"author":[{"embeddable":true,"href":"https:\/\/avilaspaces.com\/pt\/wp-json\/wp\/v2\/users\/1"}],"replies":[{"embeddable":true,"href":"https:\/\/avilaspaces.com\/pt\/wp-json\/wp\/v2\/comments?post=4845"}],"version-history":[{"count":6,"href":"https:\/\/avilaspaces.com\/pt\/wp-json\/wp\/v2\/pages\/4845\/revisions"}],"predecessor-version":[{"id":17436,"href":"https:\/\/avilaspaces.com\/pt\/wp-json\/wp\/v2\/pages\/4845\/revisions\/17436"}],"wp:attachment":[{"href":"https:\/\/avilaspaces.com\/pt\/wp-json\/wp\/v2\/media?parent=4845"}],"curies":[{"name":"wp","href":"https:\/\/api.w.org\/{rel}","templated":true}]}}