{"id":5685,"date":"2026-02-04T13:47:43","date_gmt":"2026-02-04T13:47:43","guid":{"rendered":"https:\/\/avilaspaces.com\/privacy-policy\/"},"modified":"2026-02-04T14:16:41","modified_gmt":"2026-02-04T14:16:41","slug":"politica-de-privacidade","status":"publish","type":"page","link":"https:\/\/avilaspaces.com\/pt\/politica-de-privacidade\/","title":{"rendered":"Privacy Policy"},"content":{"rendered":"\t\t<div data-elementor-type=\"wp-page\" data-elementor-id=\"5685\" class=\"elementor elementor-5685 elementor-5679\" data-elementor-post-type=\"page\">\n\t\t\t\t<div class=\"elementor-element elementor-element-fe9df32 term-page e-flex e-con-boxed e-con e-parent\" data-id=\"fe9df32\" data-element_type=\"container\" data-e-type=\"container\">\n\t\t\t\t\t<div class=\"e-con-inner\">\n\t\t<div class=\"elementor-element elementor-element-3a75e21 e-con-full e-flex e-con e-child\" data-id=\"3a75e21\" data-element_type=\"container\" data-e-type=\"container\">\n\t\t\t\t<div class=\"elementor-element elementor-element-7a6dd77 elementor-widget__width-inherit elementor-widget elementor-widget-heading\" data-id=\"7a6dd77\" data-element_type=\"widget\" data-e-type=\"widget\" data-widget_type=\"heading.default\">\n\t\t\t\t\t<h1 class=\"elementor-heading-title elementor-size-default\">PRIVACY POLICY<\/h1>\t\t\t\t<\/div>\n\t\t\t\t<div class=\"elementor-element elementor-element-a186639 elementor-widget elementor-widget-heading\" data-id=\"a186639\" data-element_type=\"widget\" data-e-type=\"widget\" data-widget_type=\"heading.default\">\n\t\t\t\t\t<h3 class=\"elementor-heading-title elementor-size-default\">INTRODU\u00c7\u00c3O<\/h3>\t\t\t\t<\/div>\n\t\t\t\t<div class=\"elementor-element elementor-element-c648f54 elementor-widget__width-inherit elementor-widget elementor-widget-text-editor\" data-id=\"c648f54\" data-element_type=\"widget\" data-e-type=\"widget\" data-widget_type=\"text-editor.default\">\n\t\t\t\t\t\t\t\t\t<p class=\"font-claude-response-body break-words whitespace-normal leading-[1.7]\">A myOffice, propriet\u00e1ria da reconhecida marca de coworking AVILA SPACES e da p\u00e1gina web www.avilaspaces.com, compromete-se a proteger a privacidade dos seus clientes e utilizadores e leva a seguran\u00e7a das suas informa\u00e7\u00f5es pessoais muito a s\u00e9rio. Oferecemos procedimentos claros e transparentes relativamente \u00e0s informa\u00e7\u00f5es que podemos recolher e ao que faremos com as mesmas.<\/p><p class=\"font-claude-response-body break-words whitespace-normal leading-[1.7]\">Toda a informa\u00e7\u00e3o \u00e9 recolhida e processada ao abrigo da Legisla\u00e7\u00e3o de Prote\u00e7\u00e3o de Dados emitida pela Uni\u00e3o Europeia.<\/p>\t\t\t\t\t\t\t\t<\/div>\n\t\t\t\t<div class=\"elementor-element elementor-element-53b1f6f elementor-widget elementor-widget-heading\" data-id=\"53b1f6f\" data-element_type=\"widget\" data-e-type=\"widget\" data-widget_type=\"heading.default\">\n\t\t\t\t\t<h3 class=\"elementor-heading-title elementor-size-default\">RESPONS\u00c1VEL PELA RECOLHA E TRATAMENTO DE INFORMA\u00c7\u00d5ES PESSOAIS<\/h3>\t\t\t\t<\/div>\n\t\t\t\t<div class=\"elementor-element elementor-element-50ac505 elementor-widget__width-inherit elementor-widget elementor-widget-text-editor\" data-id=\"50ac505\" data-element_type=\"widget\" data-e-type=\"widget\" data-widget_type=\"text-editor.default\">\n\t\t\t\t\t\t\t\t\t<p>De acordo com esta pol\u00edtica de privacidade, myOffice refere-se \u00e0 myOffice &#8211; Consultoria em Projectos Unipessoal, Lda.<\/p><p>A myOffice \u00e9 a &#8220;respons\u00e1vel pelo tratamento de dados&#8221; de todas as informa\u00e7\u00f5es pessoais que recolhe no seu website e atrav\u00e9s dos formul\u00e1rios apropriados. Est\u00e1 registada em Portugal com o n\u00famero fiscal 507032268. A sua morada oficial \u00e9 Av. Jo\u00e3o Cris\u00f3stomo, 30, 5\u00ba andar, Lisboa.<\/p>\t\t\t\t\t\t\t\t<\/div>\n\t\t\t\t<div class=\"elementor-element elementor-element-231319b elementor-widget elementor-widget-heading\" data-id=\"231319b\" data-element_type=\"widget\" data-e-type=\"widget\" data-widget_type=\"heading.default\">\n\t\t\t\t\t<h3 class=\"elementor-heading-title elementor-size-default\">DADOS PESSOAIS QUE RECOLHEMOS<\/h3>\t\t\t\t<\/div>\n\t\t\t\t<div class=\"elementor-element elementor-element-67a1f7d elementor-widget__width-inherit elementor-widget elementor-widget-text-editor\" data-id=\"67a1f7d\" data-element_type=\"widget\" data-e-type=\"widget\" data-widget_type=\"text-editor.default\">\n\t\t\t\t\t\t\t\t\t<p>Os dados pessoais referem-se a qualquer informa\u00e7\u00e3o que possa identificar os nossos clientes\/utilizadores: nome pr\u00f3prio e apelido; endere\u00e7o de e-mail; n\u00famero de telefone; informa\u00e7\u00f5es de fatura\u00e7\u00e3o e quaisquer informa\u00e7\u00f5es de conta para aceder ao nosso website.<\/p><p>Podemos obter informa\u00e7\u00f5es pessoais dos clientes\/utilizadores quando subscrevem a nossa newsletter, solicitam um servi\u00e7o (seja diretamente ou indiretamente atrav\u00e9s dos nossos parceiros afiliados), participam em quaisquer eventos, respondem a um inqu\u00e9rito ou participam num concurso, e sempre que nos contactam atrav\u00e9s de formul\u00e1rios ou contactos por n\u00f3s disponibilizados para esse efeito.<\/p><p>Especificamente, podemos recolher as seguintes categorias de informa\u00e7\u00e3o:<\/p><ul><li>Dados de identifica\u00e7\u00e3o: nome, morada, endere\u00e7o de e-mail e n\u00famero de telefone,<\/li><li>Dados financeiros e de pagamento: nome, morada, n\u00famero fiscal,<\/li><li>Informa\u00e7\u00e3o sobre a utiliza\u00e7\u00e3o do nosso website pelos clientes\/utilizadores<\/li><\/ul>\t\t\t\t\t\t\t\t<\/div>\n\t\t\t\t<div class=\"elementor-element elementor-element-f015b36 elementor-widget elementor-widget-heading\" data-id=\"f015b36\" data-element_type=\"widget\" data-e-type=\"widget\" data-widget_type=\"heading.default\">\n\t\t\t\t\t<h3 class=\"elementor-heading-title elementor-size-default\">PARA QUE FINALIDADES UTILIZAMOS OS DADOS PESSOAIS, PORQU\u00ca E POR QUANTO TEMPO<\/h3>\t\t\t\t<\/div>\n\t\t\t\t<div class=\"elementor-element elementor-element-a85a6e2 elementor-widget__width-inherit elementor-widget elementor-widget-text-editor\" data-id=\"a85a6e2\" data-element_type=\"widget\" data-e-type=\"widget\" data-widget_type=\"text-editor.default\">\n\t\t\t\t\t\t\t\t\t<p>Os dados pessoais dos clientes\/utilizadores s\u00e3o importantes porque nos permitem prestar servi\u00e7os no decurso da sua atividade profissional e cumprir obriga\u00e7\u00f5es legais e contratuais; fornecer servi\u00e7os de apoio empresarial aos utilizadores, bem como processar a inscri\u00e7\u00e3o num evento; notific\u00e1-los sobre as atividades organizadas pela myOffice ou sobre quaisquer altera\u00e7\u00f5es relevantes; realizar inqu\u00e9ritos e obter informa\u00e7\u00f5es para fins anal\u00edticos internos.<\/p><p>Podemos tamb\u00e9m, e periodicamente, enviar-lhe mensagens de e-mail sobre os nossos produtos e servi\u00e7os, campanhas, promo\u00e7\u00f5es, ofertas especiais e quaisquer comunica\u00e7\u00f5es dos nossos servi\u00e7os, caso tenhamos obtido o seu consentimento.<\/p><p>N\u00e3o retemos quaisquer dados pessoais quando esta informa\u00e7\u00e3o j\u00e1 n\u00e3o \u00e9 necess\u00e1ria para os fins para os quais foi processada. Ao determinar o per\u00edodo de reten\u00e7\u00e3o apropriado, consideramos v\u00e1rios crit\u00e9rios: a quantidade, a natureza da rela\u00e7\u00e3o com os clientes\/utilizadores, a sensibilidade da informa\u00e7\u00e3o, os fins de processamento destes dados e se podemos alcan\u00e7ar esses fins por outros meios.<\/p><p>Quando j\u00e1 n\u00e3o necessitarmos das informa\u00e7\u00f5es dos clientes\/utilizadores, iremos elimin\u00e1-las ou apag\u00e1-las de forma segura.<\/p><p>Se os clientes\/utilizadores n\u00e3o desejarem ser contactados para estes fins, podem cancelar a subscri\u00e7\u00e3o de qualquer newsletter ou podem contactar-nos por e-mail atrav\u00e9s do endere\u00e7o <a href=\"mailto:info@avilaspaces.com\">info@avilaspaces.com<\/a>.<\/p><p>A myOffice compromete-se a proteger as informa\u00e7\u00f5es dos clientes e estas nunca ser\u00e3o disponibilizadas a terceiros.<\/p>\t\t\t\t\t\t\t\t<\/div>\n\t\t\t\t<div class=\"elementor-element elementor-element-8b90fc9 elementor-widget elementor-widget-heading\" data-id=\"8b90fc9\" data-element_type=\"widget\" data-e-type=\"widget\" data-widget_type=\"heading.default\">\n\t\t\t\t\t<h3 class=\"elementor-heading-title elementor-size-default\">PROTE\u00c7\u00c3O DE DADOS PESSOAIS<\/h3>\t\t\t\t<\/div>\n\t\t\t\t<div class=\"elementor-element elementor-element-c5e1c00 elementor-widget__width-inherit elementor-widget elementor-widget-text-editor\" data-id=\"c5e1c00\" data-element_type=\"widget\" data-e-type=\"widget\" data-widget_type=\"text-editor.default\">\n\t\t\t\t\t\t\t\t\t<p>Seguimos procedimentos de seguran\u00e7a rigorosos relativamente ao armazenamento e divulga\u00e7\u00e3o de informa\u00e7\u00f5es pessoais de clientes e utilizadores, e implement\u00e1mos procedimentos de seguran\u00e7a administrativos, t\u00e9cnicos e f\u00edsicos apropriados para ajudar a proteg\u00ea-las contra danos, perda ou destrui\u00e7\u00e3o.<\/p>\t\t\t\t\t\t\t\t<\/div>\n\t\t\t\t<div class=\"elementor-element elementor-element-fba4e49 elementor-widget elementor-widget-heading\" data-id=\"fba4e49\" data-element_type=\"widget\" data-e-type=\"widget\" data-widget_type=\"heading.default\">\n\t\t\t\t\t<h3 class=\"elementor-heading-title elementor-size-default\">DIREITOS DOS CLIENTES EM MAT\u00c9RIA DE PROTE\u00c7\u00c3O DE DADOS<\/h3>\t\t\t\t<\/div>\n\t\t\t\t<div class=\"elementor-element elementor-element-a48d96f elementor-widget__width-inherit elementor-widget elementor-widget-text-editor\" data-id=\"a48d96f\" data-element_type=\"widget\" data-e-type=\"widget\" data-widget_type=\"text-editor.default\">\n\t\t\t\t\t\t\t\t\t<p>Em determinadas circunst\u00e2ncias, e conforme exigido por lei, os clientes ou utilizadores t\u00eam o direito de:<\/p><ul><li>solicitar se detemos alguma informa\u00e7\u00e3o pessoal sobre si e, em caso afirmativo, que tipo de informa\u00e7\u00e3o \u00e9 essa e para que a detemos ou utilizamos<\/li><li>solicitar acesso aos seus dados pessoais. Isto permitir-lhe-\u00e1 receber uma c\u00f3pia das informa\u00e7\u00f5es pessoais que detemos sobre si e verificar se as estamos a processar de acordo com as pol\u00edticas legais de privacidade aplic\u00e1veis<\/li><li>solicitar-nos que atualizemos ou corrijamos imprecis\u00f5es: isto permitir-lhe-\u00e1 corrigir qualquer informa\u00e7\u00e3o incompleta ou imprecisa que detenhamos sobre si<\/li><li>solicitar a elimina\u00e7\u00e3o dos seus dados pessoais<\/li><li>apresentar qualquer obje\u00e7\u00e3o legal ao tratamento dos seus dados pessoais<\/li><li>solicitar a portabilidade dos dados para os reutilizar para os seus pr\u00f3prios fins ou entre diferentes servi\u00e7os (este direito permite aos titulares transferir, copiar ou partilhar facilmente dados pessoais de um ambiente de software para outro sem obst\u00e1culos).<\/li><\/ul><p>Em caso de qualquer utiliza\u00e7\u00e3o n\u00e3o autorizada de dados pessoais, o cliente ou utilizador tem igualmente o direito de ser notificado.<\/p>\t\t\t\t\t\t\t\t<\/div>\n\t\t\t\t<div class=\"elementor-element elementor-element-f9ee0f8 elementor-widget elementor-widget-heading\" data-id=\"f9ee0f8\" data-element_type=\"widget\" data-e-type=\"widget\" data-widget_type=\"heading.default\">\n\t\t\t\t\t<h3 class=\"elementor-heading-title elementor-size-default\">RETIRAR O SEU CONSENTIMENTO<\/h3>\t\t\t\t<\/div>\n\t\t\t\t<div class=\"elementor-element elementor-element-70e817e elementor-widget__width-inherit elementor-widget elementor-widget-text-editor\" data-id=\"70e817e\" data-element_type=\"widget\" data-e-type=\"widget\" data-widget_type=\"text-editor.default\">\n\t\t\t\t\t\t\t\t\t<p>Caso tenha dado o seu consentimento relativamente \u00e0 recolha, tratamento e transfer\u00eancia dos seus dados pessoais para uma finalidade espec\u00edfica, tem o direito de o retirar a qualquer momento.<\/p><p>Se pretender exercer qualquer um destes direitos, por favor contacte-nos atrav\u00e9s do endere\u00e7o <a href=\"mailto:info@avilaspaces.com\">info@avilaspaces.com<\/a>.<\/p><p>Poderemos necessitar de lhe solicitar algumas informa\u00e7\u00f5es espec\u00edficas para nos ajudar a confirmar a sua identidade, bem como para assegurar o seu direito de acesso aos seus dados pessoais (ou exercer qualquer um dos outros direitos).<\/p><p>Esta \u00e9 mais uma medida de seguran\u00e7a apropriada para assegurar que os dados pessoais n\u00e3o sejam divulgados a pessoas n\u00e3o autorizadas que n\u00e3o tenham o direito de os receber.<\/p>\t\t\t\t\t\t\t\t<\/div>\n\t\t\t\t<div class=\"elementor-element elementor-element-2271b98 elementor-widget elementor-widget-heading\" data-id=\"2271b98\" data-element_type=\"widget\" data-e-type=\"widget\" data-widget_type=\"heading.default\">\n\t\t\t\t\t<h3 class=\"elementor-heading-title elementor-size-default\">EXCE\u00c7\u00d5ES<\/h3>\t\t\t\t<\/div>\n\t\t\t\t<div class=\"elementor-element elementor-element-9ef888a elementor-widget__width-inherit elementor-widget elementor-widget-text-editor\" data-id=\"9ef888a\" data-element_type=\"widget\" data-e-type=\"widget\" data-widget_type=\"text-editor.default\">\n\t\t\t\t\t\t\t\t\t<p>A myOffice pode divulgar dados pessoais a entidades legalmente competentes se estas o exigirem, por lei, em resposta a quaisquer investiga\u00e7\u00f5es ou processos legais relacionados com atividades ilegais, ao abrigo dos termos legais aplic\u00e1veis.<\/p>\t\t\t\t\t\t\t\t<\/div>\n\t\t\t\t<div class=\"elementor-element elementor-element-70eb8e9 elementor-widget elementor-widget-heading\" data-id=\"70eb8e9\" data-element_type=\"widget\" data-e-type=\"widget\" data-widget_type=\"heading.default\">\n\t\t\t\t\t<h3 class=\"elementor-heading-title elementor-size-default\">ALTERA\u00c7\u00d5ES \u00c0 POL\u00cdTICA DE PRIVACIDADE<\/h3>\t\t\t\t<\/div>\n\t\t\t\t<div class=\"elementor-element elementor-element-1d1c566 elementor-widget__width-inherit elementor-widget elementor-widget-text-editor\" data-id=\"1d1c566\" data-element_type=\"widget\" data-e-type=\"widget\" data-widget_type=\"text-editor.default\">\n\t\t\t\t\t\t\t\t\t<p>A nossa Pol\u00edtica de Privacidade pode ser alterada a qualquer momento, pelo que recomendamos aos nossos utilizadores que a leiam regularmente no exerc\u00edcio dos seus direitos.<\/p>\t\t\t\t\t\t\t\t<\/div>\n\t\t\t\t<\/div>\n\t\t\t\t\t<\/div>\n\t\t\t\t<\/div>\n\t\t\t\t<\/div>\n\t\t","protected":false},"excerpt":{"rendered":"<p>PRIVACY POLICY INTRODU\u00c7\u00c3O A myOffice, propriet\u00e1ria da reconhecida marca de coworking AVILA SPACES e da p\u00e1gina web www.avilaspaces.com, compromete-se a proteger a privacidade dos seus clientes e utilizadores e leva a seguran\u00e7a das suas informa\u00e7\u00f5es pessoais muito a s\u00e9rio. Oferecemos procedimentos claros e transparentes relativamente \u00e0s informa\u00e7\u00f5es que podemos recolher e ao que faremos com [&hellip;]<\/p>\n","protected":false},"author":4,"featured_media":0,"parent":0,"menu_order":0,"comment_status":"closed","ping_status":"closed","template":"elementor_header_footer","meta":{"_acf_changed":false,"inline_featured_image":false,"footnotes":""},"class_list":["post-5685","page","type-page","status-publish","hentry"],"acf":[],"_links":{"self":[{"href":"https:\/\/avilaspaces.com\/pt\/wp-json\/wp\/v2\/pages\/5685","targetHints":{"allow":["GET"]}}],"collection":[{"href":"https:\/\/avilaspaces.com\/pt\/wp-json\/wp\/v2\/pages"}],"about":[{"href":"https:\/\/avilaspaces.com\/pt\/wp-json\/wp\/v2\/types\/page"}],"author":[{"embeddable":true,"href":"https:\/\/avilaspaces.com\/pt\/wp-json\/wp\/v2\/users\/4"}],"replies":[{"embeddable":true,"href":"https:\/\/avilaspaces.com\/pt\/wp-json\/wp\/v2\/comments?post=5685"}],"version-history":[{"count":11,"href":"https:\/\/avilaspaces.com\/pt\/wp-json\/wp\/v2\/pages\/5685\/revisions"}],"predecessor-version":[{"id":5703,"href":"https:\/\/avilaspaces.com\/pt\/wp-json\/wp\/v2\/pages\/5685\/revisions\/5703"}],"wp:attachment":[{"href":"https:\/\/avilaspaces.com\/pt\/wp-json\/wp\/v2\/media?parent=5685"}],"curies":[{"name":"wp","href":"https:\/\/api.w.org\/{rel}","templated":true}]}}